{"id":225039,"date":"2020-01-22T19:02:32","date_gmt":"2020-01-22T22:02:32","guid":{"rendered":"https:\/\/triciclo.eco.br\/?page_id=225039"},"modified":"2025-06-05T14:16:25","modified_gmt":"2025-06-05T17:16:25","slug":"na-midia","status":"publish","type":"page","link":"https:\/\/triciclo.eco.br\/en\/na-midia\/","title":{"rendered":"In the Media"},"content":{"rendered":"<p>[et_pb_section fb_built=&#8221;1&#8243; _builder_version=&#8221;4.16&#8243; background_enable_image=&#8221;off&#8221; background_size=&#8221;contain&#8221; custom_padding=&#8221;40px||40px||true|false&#8221; global_colors_info=&#8221;{}&#8221;][et_pb_row _builder_version=&#8221;4.16&#8243; global_colors_info=&#8221;{}&#8221;][et_pb_column type=&#8221;4_4&#8243; _builder_version=&#8221;4.16&#8243; global_colors_info=&#8221;{}&#8221;][et_pb_text _builder_version=&#8221;4.16&#8243; text_text_color=&#8221;#2D2D2D&#8221; text_font_size=&#8221;17px&#8221; header_font=&#8221;Montserrat|300|||||||&#8221; header_text_align=&#8221;center&#8221; header_text_color=&#8221;#C1D32A&#8221; header_font_size=&#8221;42px&#8221; header_line_height=&#8221;1.2em&#8221; custom_margin=&#8221;-20px||||false|false&#8221; custom_padding=&#8221;0px||0px||false|false&#8221; global_colors_info=&#8221;{}&#8221;]<\/p>\n<h1><strong>Na M\u00eddia<\/strong><\/h1>\n<p>[\/et_pb_text][et_pb_text _builder_version=&#8221;4.16&#8243; text_font=&#8221;Lato|300|||||||&#8221; text_text_color=&#8221;#2D2D2D&#8221; text_font_size=&#8221;17px&#8221; text_line_height=&#8221;1.5em&#8221; custom_margin=&#8221;-20px||||false|false&#8221; custom_padding=&#8221;||1px|||&#8221; global_colors_info=&#8221;{}&#8221;]<\/p>\n<p style=\"text-align: center;\"><span style=\"font-size: large;\">Confira o que falam sobre a Triciclo nos meios de Comunica\u00e7\u00e3o!<\/span><\/p>\n<p>[\/et_pb_text][\/et_pb_column][\/et_pb_row][\/et_pb_section][et_pb_section fb_built=&#8221;1&#8243; _builder_version=&#8221;4.16&#8243; custom_padding=&#8221;0px|||||&#8221; global_colors_info=&#8221;{}&#8221;][et_pb_row _builder_version=&#8221;4.20.2&#8243; hover_enabled=&#8221;0&#8243; global_colors_info=&#8221;{}&#8221; sticky_enabled=&#8221;0&#8243;][et_pb_column type=&#8221;4_4&#8243; admin_label=&#8221;Neoenergia DF no Ar&#8221; _builder_version=&#8221;4.20.2&#8243; _module_preset=&#8221;default&#8221; hover_enabled=&#8221;0&#8243; global_colors_info=&#8221;{}&#8221; sticky_enabled=&#8221;0&#8243;][et_pb_text _builder_version=&#8221;4.20.2&#8243; text_font=&#8221;Lato|700|||||||&#8221; text_text_color=&#8221;#2D2D2D&#8221; text_font_size=&#8221;18px&#8221; text_line_height=&#8221;1.5em&#8221; custom_margin=&#8221;-20px||||false|false&#8221; hover_enabled=&#8221;0&#8243; global_colors_info=&#8221;{}&#8221; sticky_enabled=&#8221;0&#8243;]<\/p>\n<p>Mat\u00e9ria sobre Retorna Machine Equatorial em Pelotas<\/p>\n<p>[\/et_pb_text][et_pb_text _builder_version=&#8221;4.20.2&#8243; text_font=&#8221;Lato||||||||&#8221; text_text_color=&#8221;#2D2D2D&#8221; text_font_size=&#8221;11px&#8221; text_line_height=&#8221;1.5em&#8221; custom_margin=&#8221;-20px||24px||false|false&#8221; hover_enabled=&#8221;0&#8243; global_colors_info=&#8221;{}&#8221; sticky_enabled=&#8221;0&#8243;]<\/p>\n<p>RBS TV &#8211; Bom Dia Rio Grande &#8211; 05\/06\/2025<\/p>\n<p>[\/et_pb_text][et_pb_video src=&#8221;https:\/\/youtu.be\/Ob-aG5Iz0EM&#8221; admin_label=&#8221;Bom Dia Amazonas &#8211; Parintins&#8221; _builder_version=&#8221;4.20.2&#8243; _module_preset=&#8221;default&#8221; hover_enabled=&#8221;0&#8243; global_colors_info=&#8221;{}&#8221; sticky_enabled=&#8221;0&#8243;][\/et_pb_video][\/et_pb_column][\/et_pb_row][et_pb_row column_structure=&#8221;1_2,1_2&#8243; _builder_version=&#8221;4.20.2&#8243; global_colors_info=&#8221;{}&#8221;][et_pb_column type=&#8221;1_2&#8243; admin_label=&#8221;Neoenergia DF no Ar&#8221; _builder_version=&#8221;4.20.2&#8243; _module_preset=&#8221;default&#8221; global_colors_info=&#8221;{}&#8221;][et_pb_text _builder_version=&#8221;4.20.2&#8243; text_font=&#8221;Lato|700|||||||&#8221; text_text_color=&#8221;#2D2D2D&#8221; text_font_size=&#8221;18px&#8221; text_line_height=&#8221;1.5em&#8221; custom_margin=&#8221;-20px||||false|false&#8221; global_colors_info=&#8221;{}&#8221;]<\/p>\n<p>Mat\u00e9ria sobre Retorna Machine Neoenergia<\/p>\n<p>[\/et_pb_text][et_pb_text _builder_version=&#8221;4.20.2&#8243; text_font=&#8221;Lato||||||||&#8221; text_text_color=&#8221;#2D2D2D&#8221; text_font_size=&#8221;11px&#8221; text_line_height=&#8221;1.5em&#8221; custom_margin=&#8221;-20px||24px||false|false&#8221; global_colors_info=&#8221;{}&#8221;]<\/p>\n<p>Record &#8211; DF no Ar &#8211; 04\/06\/2025<\/p>\n<p>[\/et_pb_text][et_pb_video src=&#8221;https:\/\/youtu.be\/iHwDHg27GCw&#8221; admin_label=&#8221;Bom Dia Amazonas &#8211; Parintins&#8221; _builder_version=&#8221;4.20.2&#8243; _module_preset=&#8221;default&#8221; global_colors_info=&#8221;{}&#8221;][\/et_pb_video][\/et_pb_column][et_pb_column type=&#8221;1_2&#8243; admin_label=&#8221;Neoenergia EPTV1&#8243; _builder_version=&#8221;4.20.2&#8243; _module_preset=&#8221;default&#8221; global_colors_info=&#8221;{}&#8221;][et_pb_text _builder_version=&#8221;4.20.2&#8243; text_font=&#8221;Lato|700|||||||&#8221; text_text_color=&#8221;#2D2D2D&#8221; text_font_size=&#8221;18px&#8221; text_line_height=&#8221;1.5em&#8221; custom_margin=&#8221;-20px||||false|false&#8221; global_colors_info=&#8221;{}&#8221;]<\/p>\n<p>Mat\u00e9ria sobre Retorna Machine Neoenergia<\/p>\n<p>[\/et_pb_text][et_pb_text _builder_version=&#8221;4.20.2&#8243; text_font=&#8221;Lato||||||||&#8221; text_text_color=&#8221;#2D2D2D&#8221; text_font_size=&#8221;11px&#8221; text_line_height=&#8221;1.5em&#8221; custom_margin=&#8221;-20px||24px||false|false&#8221; global_colors_info=&#8221;{}&#8221;]<\/p>\n<p>TV Globo &#8211; EPTV1 &#8211; 03\/06\/2025<\/p>\n<p>[\/et_pb_text][et_pb_video src=&#8221;https:\/\/www.youtube.com\/watch?v=PNyfN0yRtNA&#8221; admin_label=&#8221;Bom Dia Amazonas &#8211; Parintins&#8221; _builder_version=&#8221;4.20.2&#8243; _module_preset=&#8221;default&#8221; global_colors_info=&#8221;{}&#8221;][\/et_pb_video][\/et_pb_column][\/et_pb_row][et_pb_row _builder_version=&#8221;4.20.2&#8243; _module_preset=&#8221;default&#8221; global_colors_info=&#8221;{}&#8221;][et_pb_column type=&#8221;4_4&#8243; _builder_version=&#8221;4.20.2&#8243; _module_preset=&#8221;default&#8221; global_colors_info=&#8221;{}&#8221;][et_pb_divider _builder_version=&#8221;4.20.2&#8243; _module_preset=&#8221;default&#8221; global_colors_info=&#8221;{}&#8221;][\/et_pb_divider][\/et_pb_column][\/et_pb_row][et_pb_row column_structure=&#8221;1_2,1_2&#8243; _builder_version=&#8221;4.20.2&#8243; global_colors_info=&#8221;{}&#8221;][et_pb_column type=&#8221;1_2&#8243; admin_label=&#8221;Marquise&#8221; _builder_version=&#8221;4.20.2&#8243; _module_preset=&#8221;default&#8221; global_colors_info=&#8221;{}&#8221;][et_pb_text _builder_version=&#8221;4.20.2&#8243; text_font=&#8221;Lato|700|||||||&#8221; text_text_color=&#8221;#2D2D2D&#8221; text_font_size=&#8221;18px&#8221; text_line_height=&#8221;1.5em&#8221; custom_margin=&#8221;-20px||||false|false&#8221; global_colors_info=&#8221;{}&#8221;]<\/p>\n<p>Mat\u00e9ria sobre Retornas Machine Banestes<\/p>\n<p>[\/et_pb_text][et_pb_text _builder_version=&#8221;4.20.2&#8243; text_font=&#8221;Lato||||||||&#8221; text_text_color=&#8221;#2D2D2D&#8221; text_font_size=&#8221;11px&#8221; text_line_height=&#8221;1.5em&#8221; custom_margin=&#8221;-20px||24px||false|false&#8221; global_colors_info=&#8221;{}&#8221;]<\/p>\n<p>TV Sim &#8211; Record News ES &#8211; 22\/08\/2024<\/p>\n<p>[\/et_pb_text][et_pb_video src=&#8221;https:\/\/youtu.be\/aGHsblAMsw4&#8243; admin_label=&#8221;Bom Dia Amazonas &#8211; Parintins&#8221; _builder_version=&#8221;4.20.2&#8243; _module_preset=&#8221;default&#8221; global_colors_info=&#8221;{}&#8221;][\/et_pb_video][\/et_pb_column][et_pb_column type=&#8221;1_2&#8243; admin_label=&#8221;Parintins&#8221; _builder_version=&#8221;4.20.2&#8243; _module_preset=&#8221;default&#8221; global_colors_info=&#8221;{}&#8221;][et_pb_text _builder_version=&#8221;4.20.2&#8243; text_font=&#8221;Lato|700|||||||&#8221; text_text_color=&#8221;#2D2D2D&#8221; text_font_size=&#8221;18px&#8221; text_line_height=&#8221;1.5em&#8221; custom_margin=&#8221;-20px||||false|false&#8221; global_colors_info=&#8221;{}&#8221;]<\/p>\n<p>Mat\u00e9ria sobre as Retorna Machines Equatorial Piau\u00ed<\/p>\n<p>[\/et_pb_text][et_pb_text _builder_version=&#8221;4.20.2&#8243; text_font=&#8221;Lato||||||||&#8221; text_text_color=&#8221;#2D2D2D&#8221; text_font_size=&#8221;11px&#8221; text_line_height=&#8221;1.5em&#8221; custom_margin=&#8221;-20px||24px||false|false&#8221; global_colors_info=&#8221;{}&#8221;]<\/p>\n<p>TV Cidade Verde\u00a0 &#8211;\u00a0 09\/09\/2024<\/p>\n<p>[\/et_pb_text][et_pb_video src=&#8221;https:\/\/youtu.be\/3YEs_elEdxo&#8221; admin_label=&#8221;Bom Dia Amazonas &#8211; Parintins&#8221; _builder_version=&#8221;4.20.2&#8243; _module_preset=&#8221;default&#8221; global_colors_info=&#8221;{}&#8221;][\/et_pb_video][\/et_pb_column][\/et_pb_row][et_pb_row _builder_version=&#8221;4.20.2&#8243; _module_preset=&#8221;default&#8221; global_colors_info=&#8221;{}&#8221;][et_pb_column type=&#8221;4_4&#8243; _builder_version=&#8221;4.20.2&#8243; _module_preset=&#8221;default&#8221; global_colors_info=&#8221;{}&#8221;][et_pb_divider _builder_version=&#8221;4.20.2&#8243; _module_preset=&#8221;default&#8221; global_colors_info=&#8221;{}&#8221;][\/et_pb_divider][\/et_pb_column][\/et_pb_row][et_pb_row column_structure=&#8221;1_2,1_2&#8243; _builder_version=&#8221;4.20.2&#8243; global_colors_info=&#8221;{}&#8221;][et_pb_column type=&#8221;1_2&#8243; admin_label=&#8221;Marquise&#8221; _builder_version=&#8221;4.20.2&#8243; _module_preset=&#8221;default&#8221; global_colors_info=&#8221;{}&#8221;][et_pb_text _builder_version=&#8221;4.20.2&#8243; text_font=&#8221;Lato|700|||||||&#8221; text_text_color=&#8221;#2D2D2D&#8221; text_font_size=&#8221;18px&#8221; text_line_height=&#8221;1.5em&#8221; custom_margin=&#8221;-20px||||false|false&#8221; global_colors_info=&#8221;{}&#8221;]<\/p>\n<p>Mat\u00e9ria sobre Retorna Machine Marquise Ecofor<\/p>\n<p>[\/et_pb_text][et_pb_text _builder_version=&#8221;4.20.2&#8243; text_font=&#8221;Lato||||||||&#8221; text_text_color=&#8221;#2D2D2D&#8221; text_font_size=&#8221;11px&#8221; text_line_height=&#8221;1.5em&#8221; custom_margin=&#8221;-20px||24px||false|false&#8221; global_colors_info=&#8221;{}&#8221;]<\/p>\n<p>Se Liga VM &#8211; TV Globo &#8211; 25\/07\/2024<\/p>\n<p>[\/et_pb_text][et_pb_video src=&#8221;https:\/\/youtu.be\/2WSQY6KGTss&#8221; admin_label=&#8221;Bom Dia Amazonas &#8211; Parintins&#8221; _builder_version=&#8221;4.20.2&#8243; _module_preset=&#8221;default&#8221; global_colors_info=&#8221;{}&#8221;][\/et_pb_video][\/et_pb_column][et_pb_column type=&#8221;1_2&#8243; admin_label=&#8221;Parintins&#8221; _builder_version=&#8221;4.20.2&#8243; _module_preset=&#8221;default&#8221; global_colors_info=&#8221;{}&#8221;][et_pb_text _builder_version=&#8221;4.20.2&#8243; text_font=&#8221;Lato|700|||||||&#8221; text_text_color=&#8221;#2D2D2D&#8221; text_font_size=&#8221;18px&#8221; text_line_height=&#8221;1.5em&#8221; custom_margin=&#8221;-20px||||false|false&#8221; global_colors_info=&#8221;{}&#8221;]<\/p>\n<p>Mat\u00e9ria sobre Retorna Machine em Parintins<\/p>\n<p>[\/et_pb_text][et_pb_text _builder_version=&#8221;4.20.2&#8243; text_font=&#8221;Lato||||||||&#8221; text_text_color=&#8221;#2D2D2D&#8221; text_font_size=&#8221;11px&#8221; text_line_height=&#8221;1.5em&#8221; custom_margin=&#8221;-20px||24px||false|false&#8221; global_colors_info=&#8221;{}&#8221;]<\/p>\n<p>Bom Dia Amazonas\u00a0 &#8211;\u00a0 08\/06\/2024<\/p>\n<p>[\/et_pb_text][et_pb_video src=&#8221;https:\/\/youtu.be\/g1e_XbGV4Dw&#8221; admin_label=&#8221;Bom Dia Amazonas &#8211; Parintins&#8221; _builder_version=&#8221;4.20.2&#8243; _module_preset=&#8221;default&#8221; global_colors_info=&#8221;{}&#8221;][\/et_pb_video][\/et_pb_column][\/et_pb_row][et_pb_row _builder_version=&#8221;4.20.2&#8243; _module_preset=&#8221;default&#8221; global_colors_info=&#8221;{}&#8221;][et_pb_column type=&#8221;4_4&#8243; _builder_version=&#8221;4.20.2&#8243; _module_preset=&#8221;default&#8221; global_colors_info=&#8221;{}&#8221;][et_pb_divider _builder_version=&#8221;4.20.2&#8243; _module_preset=&#8221;default&#8221; global_colors_info=&#8221;{}&#8221;][\/et_pb_divider][\/et_pb_column][\/et_pb_row][et_pb_row column_structure=&#8221;1_2,1_2&#8243; _builder_version=&#8221;4.20.2&#8243; global_colors_info=&#8221;{}&#8221;][et_pb_column type=&#8221;1_2&#8243; admin_label=&#8221;Rio TV C\u00e2mara&#8221; _builder_version=&#8221;4.20.2&#8243; _module_preset=&#8221;default&#8221; global_colors_info=&#8221;{}&#8221;][et_pb_text _builder_version=&#8221;4.20.2&#8243; text_font=&#8221;Lato|700|||||||&#8221; text_text_color=&#8221;#2D2D2D&#8221; text_font_size=&#8221;18px&#8221; text_line_height=&#8221;1.5em&#8221; custom_margin=&#8221;-20px||||false|false&#8221; global_colors_info=&#8221;{}&#8221;]<\/p>\n<p>Mat\u00e9ria sobre Retorna Machine da IFeS<\/p>\n<p>[\/et_pb_text][et_pb_text _builder_version=&#8221;4.20.2&#8243; text_font=&#8221;Lato||||||||&#8221; text_text_color=&#8221;#2D2D2D&#8221; text_font_size=&#8221;11px&#8221; text_line_height=&#8221;1.5em&#8221; custom_margin=&#8221;-20px||24px||false|false&#8221; global_colors_info=&#8221;{}&#8221;]<\/p>\n<p>Rio TV C\u00e2mara\u00a0 &#8211;\u00a0 01\/05\/2024<\/p>\n<p>[\/et_pb_text][et_pb_video src=&#8221;https:\/\/youtu.be\/Wg8-IWtZPmc&#8221; admin_label=&#8221;RM Itu &#8211; BG &#8211; Rede Record&#8221; _builder_version=&#8221;4.20.2&#8243; _module_preset=&#8221;default&#8221; global_colors_info=&#8221;{}&#8221;][\/et_pb_video][\/et_pb_column][et_pb_column type=&#8221;1_2&#8243; admin_label=&#8221;BG &#8211; Rede Record &#8211; Itu&#8221; _builder_version=&#8221;4.20.2&#8243; _module_preset=&#8221;default&#8221; global_colors_info=&#8221;{}&#8221;][et_pb_text _builder_version=&#8221;4.20.2&#8243; text_font=&#8221;Lato|700|||||||&#8221; text_text_color=&#8221;#2D2D2D&#8221; text_font_size=&#8221;18px&#8221; text_line_height=&#8221;1.5em&#8221; custom_margin=&#8221;-20px||||false|false&#8221; global_colors_info=&#8221;{}&#8221;]<\/p>\n<p>Mat\u00e9ria sobre Retorna Machine da Prefeitura de Itu<\/p>\n<p>[\/et_pb_text][et_pb_text _builder_version=&#8221;4.20.2&#8243; text_font=&#8221;Lato||||||||&#8221; text_text_color=&#8221;#2D2D2D&#8221; text_font_size=&#8221;11px&#8221; text_line_height=&#8221;1.5em&#8221; custom_margin=&#8221;-20px||24px||false|false&#8221; global_colors_info=&#8221;{}&#8221;]<\/p>\n<p>Balan\u00e7o Geral &#8211; Record Paulista\u00a0 &#8211;\u00a0 18\/04\/2024<\/p>\n<p>[\/et_pb_text][et_pb_video src=&#8221;https:\/\/youtu.be\/OROYtZtRlog&#8221; admin_label=&#8221;RM Itu &#8211; BG &#8211; Rede Record&#8221; _builder_version=&#8221;4.20.2&#8243; _module_preset=&#8221;default&#8221; global_colors_info=&#8221;{}&#8221;][\/et_pb_video][\/et_pb_column][\/et_pb_row][et_pb_row _builder_version=&#8221;4.20.2&#8243; _module_preset=&#8221;default&#8221; global_colors_info=&#8221;{}&#8221;][et_pb_column type=&#8221;4_4&#8243; _builder_version=&#8221;4.20.2&#8243; _module_preset=&#8221;default&#8221; global_colors_info=&#8221;{}&#8221;][et_pb_divider _builder_version=&#8221;4.20.2&#8243; _module_preset=&#8221;default&#8221; global_colors_info=&#8221;{}&#8221;][\/et_pb_divider][\/et_pb_column][\/et_pb_row][et_pb_row column_structure=&#8221;1_2,1_2&#8243; _builder_version=&#8221;4.20.2&#8243; global_colors_info=&#8221;{}&#8221;][et_pb_column type=&#8221;1_2&#8243; _builder_version=&#8221;4.20.2&#8243; _module_preset=&#8221;default&#8221; global_colors_info=&#8221;{}&#8221;][et_pb_text _builder_version=&#8221;4.20.2&#8243; text_font=&#8221;Lato|700|||||||&#8221; text_text_color=&#8221;#2D2D2D&#8221; text_font_size=&#8221;18px&#8221; text_line_height=&#8221;1.5em&#8221; custom_margin=&#8221;-20px||||false|false&#8221; global_colors_info=&#8221;{}&#8221;]<\/p>\n<p>Mat\u00e9ria sobre o projeto Vale Luz e Retorna Machines<\/p>\n<p>[\/et_pb_text][et_pb_text _builder_version=&#8221;4.20.2&#8243; text_font=&#8221;Lato||||||||&#8221; text_text_color=&#8221;#2D2D2D&#8221; text_font_size=&#8221;11px&#8221; text_line_height=&#8221;1.5em&#8221; custom_margin=&#8221;-20px||24px||false|false&#8221; global_colors_info=&#8221;{}&#8221;]<\/p>\n<p>NE1 &#8211; TV Globo\u00a0 &#8211;\u00a0 10\/04\/2024<\/p>\n<p>[\/et_pb_text][et_pb_video src=&#8221;https:\/\/youtu.be\/Woi-d5sGggs&#8221; _builder_version=&#8221;4.20.2&#8243; _module_preset=&#8221;default&#8221; global_colors_info=&#8221;{}&#8221;][\/et_pb_video][\/et_pb_column][et_pb_column type=&#8221;1_2&#8243; _builder_version=&#8221;4.20.2&#8243; _module_preset=&#8221;default&#8221; global_colors_info=&#8221;{}&#8221;][et_pb_text _builder_version=&#8221;4.20.2&#8243; text_font=&#8221;Lato|700|||||||&#8221; text_text_color=&#8221;#2D2D2D&#8221; text_font_size=&#8221;18px&#8221; text_line_height=&#8221;1.5em&#8221; custom_margin=&#8221;-20px||||false|false&#8221; global_colors_info=&#8221;{}&#8221;]<\/p>\n<p>Mat\u00e9ria sobre a Retorna Machine Canarval Amaz\u00f4nico<\/p>\n<p>[\/et_pb_text][et_pb_text _builder_version=&#8221;4.20.2&#8243; text_font=&#8221;Lato||||||||&#8221; text_text_color=&#8221;#2D2D2D&#8221; text_font_size=&#8221;11px&#8221; text_line_height=&#8221;1.5em&#8221; custom_margin=&#8221;-20px||24px||false|false&#8221; global_colors_info=&#8221;{}&#8221;]<\/p>\n<p>JAM 2\u00aa Edi\u00e7\u00e3o &#8211; TV Globo\u00a0 &#8211;\u00a0 21\/02\/2024<\/p>\n<p>[\/et_pb_text][et_pb_video src=&#8221;https:\/\/www.youtube.com\/watch?v=gy6Q3CoFIjE&#8221; _builder_version=&#8221;4.20.2&#8243; _module_preset=&#8221;default&#8221; global_colors_info=&#8221;{}&#8221;][\/et_pb_video][\/et_pb_column][\/et_pb_row][et_pb_row _builder_version=&#8221;4.20.2&#8243; _module_preset=&#8221;default&#8221; global_colors_info=&#8221;{}&#8221;][et_pb_column type=&#8221;4_4&#8243; _builder_version=&#8221;4.20.2&#8243; _module_preset=&#8221;default&#8221; global_colors_info=&#8221;{}&#8221;][et_pb_divider _builder_version=&#8221;4.20.2&#8243; _module_preset=&#8221;default&#8221; global_colors_info=&#8221;{}&#8221;][\/et_pb_divider][\/et_pb_column][\/et_pb_row][et_pb_row column_structure=&#8221;1_2,1_2&#8243; _builder_version=&#8221;4.20.2&#8243; global_colors_info=&#8221;{}&#8221;][et_pb_column type=&#8221;1_2&#8243; _builder_version=&#8221;4.20.2&#8243; _module_preset=&#8221;default&#8221; global_colors_info=&#8221;{}&#8221;][et_pb_text _builder_version=&#8221;4.20.2&#8243; text_font=&#8221;Lato|700|||||||&#8221; text_text_color=&#8221;#2D2D2D&#8221; text_font_size=&#8221;18px&#8221; text_line_height=&#8221;1.5em&#8221; custom_margin=&#8221;-20px||||false|false&#8221; global_colors_info=&#8221;{}&#8221;]<\/p>\n<p>Mat\u00e9ria sobre a Retorna Machine Neoenergia em Rio Claro<\/p>\n<p>[\/et_pb_text][et_pb_text _builder_version=&#8221;4.20.2&#8243; text_font=&#8221;Lato||||||||&#8221; text_text_color=&#8221;#2D2D2D&#8221; text_font_size=&#8221;11px&#8221; text_line_height=&#8221;1.5em&#8221; custom_margin=&#8221;-20px||24px||false|false&#8221; global_colors_info=&#8221;{}&#8221;]<\/p>\n<p>Jornal da EPTV &#8211; TV Globo\u00a0 &#8211;\u00a0 08\/02\/2024<\/p>\n<p>[\/et_pb_text][et_pb_video src=&#8221;https:\/\/youtu.be\/9uelvkzDsOk&#8221; _builder_version=&#8221;4.20.2&#8243; _module_preset=&#8221;default&#8221; global_colors_info=&#8221;{}&#8221;][\/et_pb_video][\/et_pb_column][et_pb_column type=&#8221;1_2&#8243; _builder_version=&#8221;4.20.2&#8243; _module_preset=&#8221;default&#8221; global_colors_info=&#8221;{}&#8221;][et_pb_text _builder_version=&#8221;4.20.2&#8243; text_font=&#8221;Lato|700|||||||&#8221; text_text_color=&#8221;#2D2D2D&#8221; text_font_size=&#8221;18px&#8221; text_line_height=&#8221;1.5em&#8221; custom_margin=&#8221;-20px||||false|false&#8221; global_colors_info=&#8221;{}&#8221;]<\/p>\n<p>Mat\u00e9ria sobre a Retorna Machine Neoenergia em Bras\u00edlia<\/p>\n<p>[\/et_pb_text][et_pb_text _builder_version=&#8221;4.20.2&#8243; text_font=&#8221;Lato||||||||&#8221; text_text_color=&#8221;#2D2D2D&#8221; text_font_size=&#8221;11px&#8221; text_line_height=&#8221;1.5em&#8221; custom_margin=&#8221;-20px||24px||false|false&#8221; global_colors_info=&#8221;{}&#8221;]<\/p>\n<p>Bom dia DF &#8211; TV Globo\u00a0 &#8211;\u00a0 19\/01\/2024<\/p>\n<p>[\/et_pb_text][et_pb_video src=&#8221;https:\/\/youtu.be\/-WFDwrkKTzc&#8221; _builder_version=&#8221;4.20.2&#8243; _module_preset=&#8221;default&#8221; global_colors_info=&#8221;{}&#8221;][\/et_pb_video][\/et_pb_column][\/et_pb_row][et_pb_row _builder_version=&#8221;4.20.2&#8243; _module_preset=&#8221;default&#8221; global_colors_info=&#8221;{}&#8221;][et_pb_column type=&#8221;4_4&#8243; _builder_version=&#8221;4.20.2&#8243; _module_preset=&#8221;default&#8221; global_colors_info=&#8221;{}&#8221;][et_pb_divider _builder_version=&#8221;4.20.2&#8243; _module_preset=&#8221;default&#8221; global_colors_info=&#8221;{}&#8221;][\/et_pb_divider][\/et_pb_column][\/et_pb_row][et_pb_row column_structure=&#8221;1_2,1_2&#8243; _builder_version=&#8221;4.20.2&#8243; global_colors_info=&#8221;{}&#8221;][et_pb_column type=&#8221;1_2&#8243; _builder_version=&#8221;4.20.2&#8243; _module_preset=&#8221;default&#8221; global_colors_info=&#8221;{}&#8221;][et_pb_text _builder_version=&#8221;4.20.2&#8243; text_font=&#8221;Lato|700|||||||&#8221; text_text_color=&#8221;#2D2D2D&#8221; text_font_size=&#8221;18px&#8221; text_line_height=&#8221;1.5em&#8221; custom_margin=&#8221;-20px||||false|false&#8221; global_colors_info=&#8221;{}&#8221;]<\/p>\n<p>Mat\u00e9ria sobre a Retorna Machine<\/p>\n<p>[\/et_pb_text][et_pb_text _builder_version=&#8221;4.20.2&#8243; text_font=&#8221;Lato||||||||&#8221; text_text_color=&#8221;#2D2D2D&#8221; text_font_size=&#8221;11px&#8221; text_line_height=&#8221;1.5em&#8221; custom_margin=&#8221;-20px||24px||false|false&#8221; global_colors_info=&#8221;{}&#8221;]<\/p>\n<p>SBT News &#8211; SBT Brasil\u00a0 &#8211;\u00a0 11\/12\/2023<\/p>\n<p>[\/et_pb_text][et_pb_video src=&#8221;https:\/\/www.youtube.com\/watch?v=j7BUmp9cIj4&#8243; _builder_version=&#8221;4.20.2&#8243; _module_preset=&#8221;default&#8221; global_colors_info=&#8221;{}&#8221;][\/et_pb_video][\/et_pb_column][et_pb_column type=&#8221;1_2&#8243; _builder_version=&#8221;4.20.2&#8243; _module_preset=&#8221;default&#8221; global_colors_info=&#8221;{}&#8221;][et_pb_text _builder_version=&#8221;4.20.2&#8243; text_font=&#8221;Lato|700|||||||&#8221; text_text_color=&#8221;#2D2D2D&#8221; text_font_size=&#8221;18px&#8221; text_line_height=&#8221;1.5em&#8221; custom_margin=&#8221;-20px||||false|false&#8221; global_colors_info=&#8221;{}&#8221;]<\/p>\n<p>Mat\u00e9ria sobre a Retorna Machine em Itu<\/p>\n<p>[\/et_pb_text][et_pb_text _builder_version=&#8221;4.20.2&#8243; text_font=&#8221;Lato||||||||&#8221; text_text_color=&#8221;#2D2D2D&#8221; text_font_size=&#8221;11px&#8221; text_line_height=&#8221;1.5em&#8221; custom_margin=&#8221;-20px||24px||false|false&#8221; global_colors_info=&#8221;{}&#8221;]<\/p>\n<p>Bom Dia Cidade &#8211; TV Globo\u00a0 &#8211;\u00a0 07\/12\/2023<\/p>\n<p>[\/et_pb_text][et_pb_video src=&#8221;https:\/\/youtu.be\/AwHCz6SMXFw&#8221; admin_label=&#8221;Mat\u00e9ria Jornal EPT TV 2\u00aa Edi\u00e7\u00e3o&#8221; _builder_version=&#8221;4.20.2&#8243; _module_preset=&#8221;default&#8221; global_colors_info=&#8221;{}&#8221;][\/et_pb_video][\/et_pb_column][\/et_pb_row][et_pb_row _builder_version=&#8221;4.20.2&#8243; _module_preset=&#8221;default&#8221; global_colors_info=&#8221;{}&#8221;][et_pb_column type=&#8221;4_4&#8243; _builder_version=&#8221;4.20.2&#8243; _module_preset=&#8221;default&#8221; global_colors_info=&#8221;{}&#8221;][et_pb_divider _builder_version=&#8221;4.20.2&#8243; _module_preset=&#8221;default&#8221; global_colors_info=&#8221;{}&#8221;][\/et_pb_divider][\/et_pb_column][\/et_pb_row][et_pb_row column_structure=&#8221;1_2,1_2&#8243; _builder_version=&#8221;4.20.2&#8243; global_colors_info=&#8221;{}&#8221;][et_pb_column type=&#8221;1_2&#8243; _builder_version=&#8221;4.20.2&#8243; _module_preset=&#8221;default&#8221; global_colors_info=&#8221;{}&#8221;][et_pb_text _builder_version=&#8221;4.20.2&#8243; text_font=&#8221;Lato|700|||||||&#8221; text_text_color=&#8221;#2D2D2D&#8221; text_font_size=&#8221;18px&#8221; text_line_height=&#8221;1.5em&#8221; custom_margin=&#8221;-20px||||false|false&#8221; global_colors_info=&#8221;{}&#8221;]<\/p>\n<p>Mat\u00e9ria sobre a Retorna Machine em Itu<\/p>\n<p>[\/et_pb_text][et_pb_text _builder_version=&#8221;4.20.2&#8243; text_font=&#8221;Lato||||||||&#8221; text_text_color=&#8221;#2D2D2D&#8221; text_font_size=&#8221;11px&#8221; text_line_height=&#8221;1.5em&#8221; custom_margin=&#8221;-20px||24px||false|false&#8221; global_colors_info=&#8221;{}&#8221;]<\/p>\n<p>TV Sorocaba SBT\u00a0 &#8211;\u00a0 04\/12\/2023<\/p>\n<p>[\/et_pb_text][et_pb_video src=&#8221;https:\/\/youtu.be\/6jBTB8Es1aY&#8221; admin_label=&#8221;Mat\u00e9ria Jornal EPT TV 2\u00aa Edi\u00e7\u00e3o&#8221; _builder_version=&#8221;4.20.2&#8243; _module_preset=&#8221;default&#8221; global_colors_info=&#8221;{}&#8221;][\/et_pb_video][\/et_pb_column][et_pb_column type=&#8221;1_2&#8243; _builder_version=&#8221;4.20.2&#8243; _module_preset=&#8221;default&#8221; global_colors_info=&#8221;{}&#8221;][et_pb_text _builder_version=&#8221;4.20.2&#8243; text_font=&#8221;Lato|700|||||||&#8221; text_text_color=&#8221;#2D2D2D&#8221; text_font_size=&#8221;18px&#8221; text_line_height=&#8221;1.5em&#8221; custom_margin=&#8221;-20px||||false|false&#8221; global_colors_info=&#8221;{}&#8221;]<\/p>\n<p>Mat\u00e9ria sobre a Retorna Machine no Rio de Janeiro<\/p>\n<p>[\/et_pb_text][et_pb_text _builder_version=&#8221;4.20.2&#8243; text_font=&#8221;Lato||||||||&#8221; text_text_color=&#8221;#2D2D2D&#8221; text_font_size=&#8221;11px&#8221; text_line_height=&#8221;1.5em&#8221; custom_margin=&#8221;-20px||24px||false|false&#8221; global_colors_info=&#8221;{}&#8221;]<\/p>\n<p>Jornal da Band &#8211; Band Jornalismo\u00a0 &#8211;\u00a0 28\/09\/2023<\/p>\n<p>[\/et_pb_text][et_pb_video src=&#8221;https:\/\/youtu.be\/BxUEiPfdrtQ&#8221; admin_label=&#8221;Mat\u00e9ria Jornal EPT TV 2\u00aa Edi\u00e7\u00e3o&#8221; _builder_version=&#8221;4.20.2&#8243; _module_preset=&#8221;default&#8221; global_colors_info=&#8221;{}&#8221;][\/et_pb_video][\/et_pb_column][\/et_pb_row][et_pb_row _builder_version=&#8221;4.20.2&#8243; _module_preset=&#8221;default&#8221; global_colors_info=&#8221;{}&#8221;][et_pb_column type=&#8221;4_4&#8243; _builder_version=&#8221;4.20.2&#8243; _module_preset=&#8221;default&#8221; global_colors_info=&#8221;{}&#8221;][et_pb_divider _builder_version=&#8221;4.20.2&#8243; _module_preset=&#8221;default&#8221; global_colors_info=&#8221;{}&#8221;][\/et_pb_divider][\/et_pb_column][\/et_pb_row][et_pb_row column_structure=&#8221;1_2,1_2&#8243; _builder_version=&#8221;4.20.2&#8243; global_colors_info=&#8221;{}&#8221;][et_pb_column type=&#8221;1_2&#8243; _builder_version=&#8221;4.20.2&#8243; _module_preset=&#8221;default&#8221; global_colors_info=&#8221;{}&#8221;][et_pb_text _builder_version=&#8221;4.20.2&#8243; text_font=&#8221;Lato|700|||||||&#8221; text_text_color=&#8221;#2D2D2D&#8221; text_font_size=&#8221;18px&#8221; text_line_height=&#8221;1.5em&#8221; custom_margin=&#8221;-20px||||false|false&#8221; global_colors_info=&#8221;{}&#8221;]<\/p>\n<p>Mat\u00e9ria sobre a Retorna Machine em Belo Horizonte<\/p>\n<p>[\/et_pb_text][et_pb_text _builder_version=&#8221;4.20.2&#8243; text_font=&#8221;Lato||||||||&#8221; text_text_color=&#8221;#2D2D2D&#8221; text_font_size=&#8221;11px&#8221; text_line_height=&#8221;1.5em&#8221; custom_margin=&#8221;-20px||24px||false|false&#8221; global_colors_info=&#8221;{}&#8221;]<\/p>\n<p>TV Band Minas &#8211; Jornal Band Minas\u00a0 &#8211;\u00a0 21\/09\/2023<\/p>\n<p>[\/et_pb_text][et_pb_video src=&#8221;https:\/\/youtu.be\/3bfMMshXs0M&#8221; admin_label=&#8221;Mat\u00e9ria Jornal EPT TV 2\u00aa Edi\u00e7\u00e3o&#8221; _builder_version=&#8221;4.20.2&#8243; _module_preset=&#8221;default&#8221; global_colors_info=&#8221;{}&#8221;][\/et_pb_video][\/et_pb_column][et_pb_column type=&#8221;1_2&#8243; _builder_version=&#8221;4.20.2&#8243; _module_preset=&#8221;default&#8221; global_colors_info=&#8221;{}&#8221;][et_pb_text _builder_version=&#8221;4.20.2&#8243; text_font=&#8221;Lato|700|||||||&#8221; text_text_color=&#8221;#2D2D2D&#8221; text_font_size=&#8221;18px&#8221; text_line_height=&#8221;1.5em&#8221; custom_margin=&#8221;-20px||||false|false&#8221; global_colors_info=&#8221;{}&#8221;]<\/p>\n<p>Mat\u00e9ria sobre a Retorna Machine em Manaus<\/p>\n<p>[\/et_pb_text][et_pb_text _builder_version=&#8221;4.20.2&#8243; text_font=&#8221;Lato||||||||&#8221; text_text_color=&#8221;#2D2D2D&#8221; text_font_size=&#8221;11px&#8221; text_line_height=&#8221;1.5em&#8221; custom_margin=&#8221;-20px||24px||false|false&#8221; global_colors_info=&#8221;{}&#8221;]<\/p>\n<p>TV Globo &#8211; Jornal do Amazonas &#8211; 1\u00aa Edi\u00e7\u00e3o\u00a0 &#8211;\u00a0 05\/06\/2023<\/p>\n<p>[\/et_pb_text][et_pb_video src=&#8221;https:\/\/youtu.be\/UVxMZNXr_6o&#8221; admin_label=&#8221;Mat\u00e9ria Jornal EPT TV 2\u00aa Edi\u00e7\u00e3o&#8221; _builder_version=&#8221;4.20.2&#8243; _module_preset=&#8221;default&#8221; global_colors_info=&#8221;{}&#8221;][\/et_pb_video][\/et_pb_column][\/et_pb_row][et_pb_row _builder_version=&#8221;4.20.2&#8243; _module_preset=&#8221;default&#8221; global_colors_info=&#8221;{}&#8221;][et_pb_column type=&#8221;4_4&#8243; _builder_version=&#8221;4.20.2&#8243; _module_preset=&#8221;default&#8221; global_colors_info=&#8221;{}&#8221;][et_pb_divider _builder_version=&#8221;4.20.2&#8243; _module_preset=&#8221;default&#8221; global_colors_info=&#8221;{}&#8221;][\/et_pb_divider][\/et_pb_column][\/et_pb_row][et_pb_row column_structure=&#8221;1_2,1_2&#8243; _builder_version=&#8221;4.20.2&#8243; global_colors_info=&#8221;{}&#8221;][et_pb_column type=&#8221;1_2&#8243; _builder_version=&#8221;4.20.2&#8243; _module_preset=&#8221;default&#8221; global_colors_info=&#8221;{}&#8221;][et_pb_text _builder_version=&#8221;4.20.2&#8243; text_font=&#8221;Lato|700|||||||&#8221; text_text_color=&#8221;#2D2D2D&#8221; text_font_size=&#8221;18px&#8221; text_line_height=&#8221;1.5em&#8221; custom_margin=&#8221;-20px||||false|false&#8221; global_colors_info=&#8221;{}&#8221;]<\/p>\n<p>Mat\u00e9ria sobre a Retorna Machine iFood em parceria com a Prefeitura de Fortaleza<\/p>\n<p>[\/et_pb_text][et_pb_text _builder_version=&#8221;4.20.2&#8243; text_font=&#8221;Lato||||||||&#8221; text_text_color=&#8221;#2D2D2D&#8221; text_font_size=&#8221;11px&#8221; text_line_height=&#8221;1.5em&#8221; custom_margin=&#8221;-20px||24px||false|false&#8221; global_colors_info=&#8221;{}&#8221;]<\/p>\n<p>TV Terra do Sol &#8211; Giro Fortaleza &#8211; Edi\u00e7\u00e3o Tarde\u00a0 &#8211;\u00a0 25\/05\/2023<\/p>\n<p>[\/et_pb_text][et_pb_video src=&#8221;https:\/\/youtu.be\/8anw_4qlBrI&#8221; admin_label=&#8221;Mat\u00e9ria Jornal EPT TV 2\u00aa Edi\u00e7\u00e3o&#8221; _builder_version=&#8221;4.20.2&#8243; _module_preset=&#8221;default&#8221; global_colors_info=&#8221;{}&#8221;][\/et_pb_video][\/et_pb_column][et_pb_column type=&#8221;1_2&#8243; _builder_version=&#8221;4.20.2&#8243; _module_preset=&#8221;default&#8221; global_colors_info=&#8221;{}&#8221;][et_pb_text _builder_version=&#8221;4.20.2&#8243; text_font=&#8221;Lato|700|||||||&#8221; text_text_color=&#8221;#2D2D2D&#8221; text_font_size=&#8221;18px&#8221; text_line_height=&#8221;1.5em&#8221; custom_margin=&#8221;-20px||||false|false&#8221; global_colors_info=&#8221;{}&#8221;]<\/p>\n<p>Mat\u00e9ria sobre a Retorna Machine iFood em parceria com a Prefeitura de Fortaleza<\/p>\n<p>[\/et_pb_text][et_pb_text _builder_version=&#8221;4.20.2&#8243; text_font=&#8221;Lato||||||||&#8221; text_text_color=&#8221;#2D2D2D&#8221; text_font_size=&#8221;11px&#8221; text_line_height=&#8221;1.5em&#8221; custom_margin=&#8221;-20px||24px||false|false&#8221; global_colors_info=&#8221;{}&#8221;]<\/p>\n<p><span>TV Cidade Fortaleza &#8211; GCMAIS &#8211; 26\/05\/2023<\/span><\/p>\n<p>[\/et_pb_text][et_pb_video src=&#8221;https:\/\/youtu.be\/fm_9HhhaR1E&#8221; admin_label=&#8221;Mat\u00e9ria Jornal EPT TV 2\u00aa Edi\u00e7\u00e3o&#8221; _builder_version=&#8221;4.20.2&#8243; _module_preset=&#8221;default&#8221; global_colors_info=&#8221;{}&#8221;][\/et_pb_video][\/et_pb_column][\/et_pb_row][et_pb_row _builder_version=&#8221;4.20.2&#8243; _module_preset=&#8221;default&#8221; global_colors_info=&#8221;{}&#8221;][et_pb_column type=&#8221;4_4&#8243; _builder_version=&#8221;4.20.2&#8243; _module_preset=&#8221;default&#8221; global_colors_info=&#8221;{}&#8221;][et_pb_divider _builder_version=&#8221;4.20.2&#8243; _module_preset=&#8221;default&#8221; global_colors_info=&#8221;{}&#8221;][\/et_pb_divider][\/et_pb_column][\/et_pb_row][et_pb_row column_structure=&#8221;1_2,1_2&#8243; _builder_version=&#8221;4.20.2&#8243; global_colors_info=&#8221;{}&#8221;][et_pb_column type=&#8221;1_2&#8243; _builder_version=&#8221;4.20.2&#8243; _module_preset=&#8221;default&#8221; global_colors_info=&#8221;{}&#8221;][et_pb_text _builder_version=&#8221;4.20.2&#8243; text_font=&#8221;Lato|700|||||||&#8221; text_text_color=&#8221;#2D2D2D&#8221; text_font_size=&#8221;18px&#8221; text_line_height=&#8221;1.5em&#8221; custom_margin=&#8221;-20px||||false|false&#8221; global_colors_info=&#8221;{}&#8221;]<\/p>\n<p>Mat\u00e9ria sobre a Retorna Machine e benef\u00edcios de desconto na conta e luz Neoenergia<\/p>\n<p>[\/et_pb_text][et_pb_text _builder_version=&#8221;4.20.2&#8243; text_font=&#8221;Lato||||||||&#8221; text_text_color=&#8221;#2D2D2D&#8221; text_font_size=&#8221;11px&#8221; text_line_height=&#8221;1.5em&#8221; custom_margin=&#8221;-20px||24px||false|false&#8221; global_colors_info=&#8221;{}&#8221;]<\/p>\n<p>Jornal Nacional &#8211; Programa de 22\/04\/2023<\/p>\n<p>[\/et_pb_text][et_pb_video src=&#8221;https:\/\/youtu.be\/DzBfT-gBWEI&#8221; admin_label=&#8221;Mat\u00e9ria Jornal EPT TV 2\u00aa Edi\u00e7\u00e3o&#8221; _builder_version=&#8221;4.20.2&#8243; _module_preset=&#8221;default&#8221; global_colors_info=&#8221;{}&#8221;][\/et_pb_video][\/et_pb_column][et_pb_column type=&#8221;1_2&#8243; _builder_version=&#8221;4.20.2&#8243; _module_preset=&#8221;default&#8221; global_colors_info=&#8221;{}&#8221;][et_pb_text _builder_version=&#8221;4.20.2&#8243; text_font=&#8221;Lato|700|||||||&#8221; text_text_color=&#8221;#2D2D2D&#8221; text_font_size=&#8221;18px&#8221; text_line_height=&#8221;1.5em&#8221; custom_margin=&#8221;-20px||||false|false&#8221; global_colors_info=&#8221;{}&#8221;]<\/p>\n<p>Mat\u00e9ria sobre a Retorna Machine iFood em parceria com a Prefeitura de Fortaleza<\/p>\n<p>[\/et_pb_text][et_pb_text _builder_version=&#8221;4.20.2&#8243; text_font=&#8221;Lato||||||||&#8221; text_text_color=&#8221;#2D2D2D&#8221; text_font_size=&#8221;11px&#8221; text_line_height=&#8221;1.5em&#8221; custom_margin=&#8221;-20px||24px||false|false&#8221; global_colors_info=&#8221;{}&#8221;]<\/p>\n<p>TV C\u00e2mara Municipal de Fortaleza &#8211; Direto da Reda\u00e7\u00e3o &#8211;\u00a0 25\/05\/2023<\/p>\n<p>[\/et_pb_text][et_pb_video src=&#8221;https:\/\/youtu.be\/O_wtmumTEUw&#8221; admin_label=&#8221;Mat\u00e9ria Jornal EPT TV 2\u00aa Edi\u00e7\u00e3o&#8221; _builder_version=&#8221;4.20.2&#8243; _module_preset=&#8221;default&#8221; global_colors_info=&#8221;{}&#8221;][\/et_pb_video][\/et_pb_column][\/et_pb_row][et_pb_row _builder_version=&#8221;4.20.2&#8243; _module_preset=&#8221;default&#8221; global_colors_info=&#8221;{}&#8221;][et_pb_column type=&#8221;4_4&#8243; _builder_version=&#8221;4.20.2&#8243; _module_preset=&#8221;default&#8221; global_colors_info=&#8221;{}&#8221;][et_pb_divider _builder_version=&#8221;4.20.2&#8243; _module_preset=&#8221;default&#8221; global_colors_info=&#8221;{}&#8221;][\/et_pb_divider][\/et_pb_column][\/et_pb_row][et_pb_row column_structure=&#8221;1_2,1_2&#8243; _builder_version=&#8221;4.20.2&#8243; global_colors_info=&#8221;{}&#8221;][et_pb_column type=&#8221;1_2&#8243; _builder_version=&#8221;4.20.2&#8243; _module_preset=&#8221;default&#8221; global_colors_info=&#8221;{}&#8221;][et_pb_text _builder_version=&#8221;4.20.2&#8243; text_font=&#8221;Lato|700|||||||&#8221; text_text_color=&#8221;#2D2D2D&#8221; text_font_size=&#8221;18px&#8221; text_line_height=&#8221;1.5em&#8221; custom_margin=&#8221;-20px||||false|false&#8221; global_colors_info=&#8221;{}&#8221;]<\/p>\n<p>Mat\u00e9ria sobre a Retorna Machine Neoenergia em Mogi Gua\u00e7u<\/p>\n<p>[\/et_pb_text][et_pb_text _builder_version=&#8221;4.20.2&#8243; text_font=&#8221;Lato||||||||&#8221; text_text_color=&#8221;#2D2D2D&#8221; text_font_size=&#8221;11px&#8221; text_line_height=&#8221;1.5em&#8221; custom_margin=&#8221;-20px||24px||false|false&#8221; global_colors_info=&#8221;{}&#8221;]<\/p>\n<p>Jornal EPTV -2\u00aa Edi\u00e7\u00e3o &#8211; 22\/04\/2023<\/p>\n<p>[\/et_pb_text][et_pb_video src=&#8221;https:\/\/youtu.be\/2sJBJ7R8LiA&#8221; admin_label=&#8221;Mat\u00e9ria Jornal EPT TV 2\u00aa Edi\u00e7\u00e3o&#8221; _builder_version=&#8221;4.20.2&#8243; _module_preset=&#8221;default&#8221; global_colors_info=&#8221;{}&#8221;][\/et_pb_video][\/et_pb_column][et_pb_column type=&#8221;1_2&#8243; _builder_version=&#8221;4.20.2&#8243; _module_preset=&#8221;default&#8221; global_colors_info=&#8221;{}&#8221;][et_pb_text _builder_version=&#8221;4.20.2&#8243; text_font=&#8221;Lato|700|||||||&#8221; text_text_color=&#8221;#2D2D2D&#8221; text_font_size=&#8221;18px&#8221; text_line_height=&#8221;1.5em&#8221; custom_margin=&#8221;-20px||||false|false&#8221; global_colors_info=&#8221;{}&#8221;]<\/p>\n<p>Mat\u00e9ria sobre a Retorna Machine Neoenergia em Bras\u00edlia<\/p>\n<p>[\/et_pb_text][et_pb_text _builder_version=&#8221;4.20.2&#8243; text_font=&#8221;Lato||||||||&#8221; text_text_color=&#8221;#2D2D2D&#8221; text_font_size=&#8221;11px&#8221; text_line_height=&#8221;1.5em&#8221; custom_margin=&#8221;-20px||14px||false|false&#8221; global_colors_info=&#8221;{}&#8221;]<\/p>\n<p>Bom Dia DF &#8211; 04\/04\/2023<\/p>\n<p>[\/et_pb_text][et_pb_video src=&#8221;https:\/\/youtu.be\/_FDHSqmv_5U&#8221; _builder_version=&#8221;4.20.2&#8243; _module_preset=&#8221;default&#8221; custom_margin=&#8221;24px||||false|false&#8221; custom_padding=&#8221;||||false|false&#8221; global_colors_info=&#8221;{}&#8221;][\/et_pb_video][\/et_pb_column][\/et_pb_row][et_pb_row _builder_version=&#8221;4.20.2&#8243; _module_preset=&#8221;default&#8221; global_colors_info=&#8221;{}&#8221;][et_pb_column type=&#8221;4_4&#8243; _builder_version=&#8221;4.20.2&#8243; _module_preset=&#8221;default&#8221; global_colors_info=&#8221;{}&#8221;][et_pb_divider _builder_version=&#8221;4.20.2&#8243; _module_preset=&#8221;default&#8221; global_colors_info=&#8221;{}&#8221;][\/et_pb_divider][\/et_pb_column][\/et_pb_row][et_pb_row column_structure=&#8221;1_2,1_2&#8243; _builder_version=&#8221;4.17.3&#8243; global_colors_info=&#8221;{}&#8221;][et_pb_column type=&#8221;1_2&#8243; _builder_version=&#8221;4.17.3&#8243; _module_preset=&#8221;default&#8221; global_colors_info=&#8221;{}&#8221;][et_pb_text _builder_version=&#8221;4.17.3&#8243; text_font=&#8221;Lato|700|||||||&#8221; text_text_color=&#8221;#2D2D2D&#8221; text_font_size=&#8221;18px&#8221; text_line_height=&#8221;1.5em&#8221; custom_margin=&#8221;-20px||||false|false&#8221; global_colors_info=&#8221;{}&#8221;]<\/p>\n<p>\u00a0Mat\u00e9ria sobre o Deixaki Sabesp &#8211; Tv C\u00e2mara Guarulhos<\/p>\n<p>[\/et_pb_text][et_pb_text _builder_version=&#8221;4.17.3&#8243; text_font=&#8221;Lato||||||||&#8221; text_text_color=&#8221;#2D2D2D&#8221; text_font_size=&#8221;11px&#8221; text_line_height=&#8221;1.5em&#8221; custom_margin=&#8221;-20px||||false|false&#8221; global_colors_info=&#8221;{}&#8221;]<\/p>\n<p>Tv C\u00e2mara Guarulhos &#8211; 07\/10\/2022<\/p>\n<p>[\/et_pb_text][et_pb_video src=&#8221;https:\/\/youtu.be\/P8q28X8QZU8&#8243; _builder_version=&#8221;4.17.3&#8243; _module_preset=&#8221;default&#8221; custom_margin=&#8221;28px||||false|false&#8221; custom_padding=&#8221;||||false|false&#8221; global_colors_info=&#8221;{}&#8221;][\/et_pb_video][\/et_pb_column][et_pb_column type=&#8221;1_2&#8243; _builder_version=&#8221;4.16&#8243; global_colors_info=&#8221;{}&#8221;][et_pb_text _builder_version=&#8221;4.17.3&#8243; text_font=&#8221;Lato|700|||||||&#8221; text_text_color=&#8221;#2D2D2D&#8221; text_font_size=&#8221;18px&#8221; text_line_height=&#8221;1.5em&#8221; custom_margin=&#8221;-20px||||false|false&#8221; global_colors_info=&#8221;{}&#8221;]<\/p>\n<p>Mat\u00e9ria sobre a Retorna Machine no Metr\u00f4 Rio &#8211; Jornal do Rio (TV Band Rio)<\/p>\n<p>[\/et_pb_text][et_pb_text _builder_version=&#8221;4.17.3&#8243; text_font=&#8221;Lato||||||||&#8221; text_text_color=&#8221;#2D2D2D&#8221; text_font_size=&#8221;11px&#8221; text_line_height=&#8221;1.5em&#8221; custom_margin=&#8221;-20px||||false|false&#8221; global_colors_info=&#8221;{}&#8221;]<\/p>\n<p>Jornal do Rio &#8211; TV Band Rio &#8211; 01\/09\/2022<\/p>\n<p>[\/et_pb_text][et_pb_video src=&#8221;https:\/\/youtu.be\/hV21a8UxwM8&#8243; _builder_version=&#8221;4.17.3&#8243; global_colors_info=&#8221;{}&#8221;][\/et_pb_video][\/et_pb_column][\/et_pb_row][et_pb_row _builder_version=&#8221;4.20.2&#8243; _module_preset=&#8221;default&#8221; global_colors_info=&#8221;{}&#8221;][et_pb_column type=&#8221;4_4&#8243; _builder_version=&#8221;4.20.2&#8243; _module_preset=&#8221;default&#8221; global_colors_info=&#8221;{}&#8221;][et_pb_divider _builder_version=&#8221;4.20.2&#8243; _module_preset=&#8221;default&#8221; global_colors_info=&#8221;{}&#8221;][\/et_pb_divider][\/et_pb_column][\/et_pb_row][et_pb_row column_structure=&#8221;1_2,1_2&#8243; _builder_version=&#8221;4.17.3&#8243; global_colors_info=&#8221;{}&#8221;][et_pb_column type=&#8221;1_2&#8243; _builder_version=&#8221;4.16&#8243; global_colors_info=&#8221;{}&#8221;][et_pb_text _builder_version=&#8221;4.16&#8243; text_font=&#8221;Lato|700|||||||&#8221; text_text_color=&#8221;#2D2D2D&#8221; text_font_size=&#8221;18px&#8221; text_line_height=&#8221;1.5em&#8221; custom_margin=&#8221;-20px||||false|false&#8221; global_colors_info=&#8221;{}&#8221;]<\/p>\n<p>Mat\u00e9ria sobre a Retorna Machine Ambev &#8211;\u00a0 Bora SP (Band Jornalismo) com Jornal Metro<\/p>\n<p>[\/et_pb_text][et_pb_text _builder_version=&#8221;4.16&#8243; text_font=&#8221;Lato||||||||&#8221; text_text_color=&#8221;#2D2D2D&#8221; text_font_size=&#8221;11px&#8221; text_line_height=&#8221;1.5em&#8221; custom_margin=&#8221;-20px||||false|false&#8221; global_colors_info=&#8221;{}&#8221;]<\/p>\n<p>Bora SP &#8211; Band Jornalismo &#8211; 24\/01\/2022<\/p>\n<p>[\/et_pb_text][et_pb_video src=&#8221;https:\/\/youtu.be\/AbAHzFMNfjk&#8221; _builder_version=&#8221;4.16&#8243; global_colors_info=&#8221;{}&#8221;][\/et_pb_video][\/et_pb_column][et_pb_column type=&#8221;1_2&#8243; _builder_version=&#8221;4.16&#8243; global_colors_info=&#8221;{}&#8221;][et_pb_text _builder_version=&#8221;4.16&#8243; text_font=&#8221;Lato|700|||||||&#8221; text_text_color=&#8221;#2D2D2D&#8221; text_font_size=&#8221;18px&#8221; text_line_height=&#8221;1.5em&#8221; custom_margin=&#8221;-20px||||false|false&#8221; global_colors_info=&#8221;{}&#8221;]<\/p>\n<p>Mat\u00e9ria sobre a Retorna Machine Bramil &#8211; Programa Empreender no RJ1 &#8211; TV Globo<\/p>\n<p>[\/et_pb_text][et_pb_text _builder_version=&#8221;4.16&#8243; text_font=&#8221;Lato||||||||&#8221; text_text_color=&#8221;#2D2D2D&#8221; text_font_size=&#8221;11px&#8221; text_line_height=&#8221;1.5em&#8221; custom_margin=&#8221;-20px||||false|false&#8221; global_colors_info=&#8221;{}&#8221;]<\/p>\n<p>Empreender no RJ1 &#8211; 31\/08\/2021<\/p>\n<p>[\/et_pb_text][et_pb_video src=&#8221;https:\/\/www.youtube.com\/watch?v=Nvqc_1Jppp0&#8243; _builder_version=&#8221;4.16&#8243; global_colors_info=&#8221;{}&#8221;][\/et_pb_video][\/et_pb_column][\/et_pb_row][et_pb_row column_structure=&#8221;1_2,1_2&#8243; _builder_version=&#8221;4.16&#8243; global_colors_info=&#8221;{}&#8221;][et_pb_column type=&#8221;1_2&#8243; _builder_version=&#8221;4.16&#8243; global_colors_info=&#8221;{}&#8221;][et_pb_text _builder_version=&#8221;4.16&#8243; text_font=&#8221;Lato|700|||||||&#8221; text_text_color=&#8221;#2D2D2D&#8221; text_font_size=&#8221;18px&#8221; text_line_height=&#8221;1.5em&#8221; custom_margin=&#8221;-20px||||false|false&#8221; global_colors_info=&#8221;{}&#8221;]<\/p>\n<p>Mat\u00e9ria sobre o Programa Cuiab\u00e1 Recicla &#8211; MTTV 2\u00aa edi\u00e7\u00e3o &#8211; TV Globo<\/p>\n<p>[\/et_pb_text][et_pb_text _builder_version=&#8221;4.16&#8243; text_font=&#8221;Lato||||||||&#8221; text_text_color=&#8221;#2D2D2D&#8221; text_font_size=&#8221;11px&#8221; text_line_height=&#8221;1.5em&#8221; custom_margin=&#8221;-20px||||false|false&#8221; global_colors_info=&#8221;{}&#8221;]<\/p>\n<p>MTTV &#8211; 2\u00aa Edi\u00e7\u00e3o \u201321\/01\/2020<\/p>\n<p>[\/et_pb_text][et_pb_video src=&#8221;https:\/\/www.youtube.com\/watch?v=jCuY4I8qkI0&#8243; _builder_version=&#8221;4.16&#8243; global_colors_info=&#8221;{}&#8221;][\/et_pb_video][\/et_pb_column][et_pb_column type=&#8221;1_2&#8243; _builder_version=&#8221;4.16&#8243; global_colors_info=&#8221;{}&#8221;][et_pb_text _builder_version=&#8221;4.16&#8243; text_font=&#8221;Lato|700|||||||&#8221; text_text_color=&#8221;#2D2D2D&#8221; text_font_size=&#8221;18px&#8221; text_line_height=&#8221;1.5em&#8221; custom_margin=&#8221;-20px||||false|false&#8221; global_colors_info=&#8221;{}&#8221;]<\/p>\n<p>Estreia da Retorna Machine no programa Cuiab\u00e1 Recicla &#8211; SBT Cuiab\u00e1<\/p>\n<p>[\/et_pb_text][et_pb_text _builder_version=&#8221;4.16&#8243; text_font=&#8221;Lato||||||||&#8221; text_text_color=&#8221;#2D2D2D&#8221; text_font_size=&#8221;11px&#8221; text_line_height=&#8221;1.5em&#8221; custom_margin=&#8221;-20px||||false|false&#8221; global_colors_info=&#8221;{}&#8221;]<\/p>\n<p>SBT Cuiab\u00e1 \u2013 17\/02\/2020<\/p>\n<p>[\/et_pb_text][et_pb_video src=&#8221;https:\/\/www.youtube.com\/watch?v=f2J6kaMZCGY&#8221; _builder_version=&#8221;4.16&#8243; global_colors_info=&#8221;{}&#8221;][\/et_pb_video][\/et_pb_column][\/et_pb_row][et_pb_row column_structure=&#8221;1_2,1_2&#8243; _builder_version=&#8221;4.16&#8243; global_colors_info=&#8221;{}&#8221;][et_pb_column type=&#8221;1_2&#8243; _builder_version=&#8221;4.16&#8243; global_colors_info=&#8221;{}&#8221;][et_pb_text _builder_version=&#8221;4.16&#8243; text_font=&#8221;Lato|700|||||||&#8221; text_text_color=&#8221;#2D2D2D&#8221; text_font_size=&#8221;18px&#8221; text_line_height=&#8221;1.5em&#8221; custom_margin=&#8221;-20px||||false|false&#8221; global_colors_info=&#8221;{}&#8221;]<\/p>\n<p>Mat\u00e9ria sobre a Retorna Machine em Manaus- Jornal do Amazonas &#8211; TV Globo<\/p>\n<p>[\/et_pb_text][et_pb_text _builder_version=&#8221;4.16&#8243; text_font=&#8221;Lato||||||||&#8221; text_text_color=&#8221;#2D2D2D&#8221; text_font_size=&#8221;11px&#8221; text_line_height=&#8221;1.5em&#8221; custom_margin=&#8221;-20px||||false|false&#8221; global_colors_info=&#8221;{}&#8221;]<\/p>\n<p>Jornal do Amazonas \u2013 06\/07\/2019<\/p>\n<p>[\/et_pb_text][et_pb_video src=&#8221;https:\/\/www.youtube.com\/watch?v=WnlA9wR0f04&#038;t=2s&#8221; _builder_version=&#8221;4.16&#8243; global_colors_info=&#8221;{}&#8221;][\/et_pb_video][\/et_pb_column][et_pb_column type=&#8221;1_2&#8243; _builder_version=&#8221;4.16&#8243; global_colors_info=&#8221;{}&#8221;][et_pb_text _builder_version=&#8221;4.16&#8243; text_font=&#8221;Lato|700|||||||&#8221; text_text_color=&#8221;#2D2D2D&#8221; text_font_size=&#8221;18px&#8221; text_line_height=&#8221;1.5em&#8221; custom_margin=&#8221;-20px||||false|false&#8221; global_colors_info=&#8221;{}&#8221;]Mat\u00e9ria sobre a Retorna Machine \u2013 Programa Meio Ambiente \u2013 TV ALESP[\/et_pb_text][et_pb_text _builder_version=&#8221;4.16&#8243; text_font=&#8221;Lato||||||||&#8221; text_text_color=&#8221;#2D2D2D&#8221; text_font_size=&#8221;11px&#8221; text_line_height=&#8221;1.5em&#8221; custom_margin=&#8221;-20px||||false|false&#8221; global_colors_info=&#8221;{}&#8221;]<\/p>\n<p>Programa Meio Ambiente \u2013 14\/10\/2019<\/p>\n<p>[\/et_pb_text][et_pb_video src=&#8221;https:\/\/www.youtube.com\/watch?v=dYfiSuuHySI&#038;t=67s&#8221; _builder_version=&#8221;4.16&#8243; global_colors_info=&#8221;{}&#8221;][\/et_pb_video][\/et_pb_column][\/et_pb_row][et_pb_row column_structure=&#8221;1_2,1_2&#8243; _builder_version=&#8221;4.16&#8243; global_colors_info=&#8221;{}&#8221;][et_pb_column type=&#8221;1_2&#8243; _builder_version=&#8221;4.16&#8243; global_colors_info=&#8221;{}&#8221;][et_pb_text _builder_version=&#8221;4.16&#8243; text_font=&#8221;Lato|700|||||||&#8221; text_text_color=&#8221;#2D2D2D&#8221; text_font_size=&#8221;18px&#8221; text_line_height=&#8221;1.5em&#8221; custom_margin=&#8221;-20px||||false|false&#8221; global_colors_info=&#8221;{}&#8221;]<\/p>\n<p>Mat\u00e9ria sobre a Triciclo e o Projeto Retorna Machine \u2013 Record News<\/p>\n<p>[\/et_pb_text][et_pb_text _builder_version=&#8221;4.16&#8243; text_font=&#8221;Lato||||||||&#8221; text_text_color=&#8221;#2D2D2D&#8221; text_font_size=&#8221;11px&#8221; text_line_height=&#8221;1.5em&#8221; custom_margin=&#8221;-20px||||false|false&#8221; global_colors_info=&#8221;{}&#8221;]<\/p>\n<p>Foco e Gest\u00e3o \u2013 20\/10\/2018<\/p>\n<p>[\/et_pb_text][et_pb_video src=&#8221;https:\/\/www.youtube.com\/watch?v=XD9UJFUNYNU&#038;t=1s&#8221; _builder_version=&#8221;4.16&#8243; global_colors_info=&#8221;{}&#8221;][\/et_pb_video][\/et_pb_column][et_pb_column type=&#8221;1_2&#8243; _builder_version=&#8221;4.16&#8243; global_colors_info=&#8221;{}&#8221;][et_pb_text _builder_version=&#8221;4.16&#8243; text_font=&#8221;Lato|700|||||||&#8221; text_text_color=&#8221;#2D2D2D&#8221; text_font_size=&#8221;18px&#8221; text_line_height=&#8221;1.5em&#8221; custom_margin=&#8221;-20px||||false|false&#8221; global_colors_info=&#8221;{}&#8221;]<\/p>\n<p>Mat\u00e9ria sobre o Projeto Retorna Machine &#8211; Jornal da Record &#8211; TV Record<\/p>\n<p>[\/et_pb_text][et_pb_text _builder_version=&#8221;4.16&#8243; text_font=&#8221;Lato||||||||&#8221; text_text_color=&#8221;#2D2D2D&#8221; text_font_size=&#8221;11px&#8221; text_line_height=&#8221;1.5em&#8221; custom_margin=&#8221;-20px||||false|false&#8221; global_colors_info=&#8221;{}&#8221;]<\/p>\n<p>Jornal da Record \u2013 29\/07\/2019<\/p>\n<p>[\/et_pb_text][et_pb_video src=&#8221;https:\/\/www.youtube.com\/watch?v=Hw5G5skKekk&#038;t=12s&#8221; _builder_version=&#8221;4.16&#8243; global_colors_info=&#8221;{}&#8221;][\/et_pb_video][\/et_pb_column][\/et_pb_row][et_pb_row column_structure=&#8221;1_2,1_2&#8243; _builder_version=&#8221;4.16&#8243; global_colors_info=&#8221;{}&#8221;][et_pb_column type=&#8221;1_2&#8243; _builder_version=&#8221;4.16&#8243; global_colors_info=&#8221;{}&#8221;][et_pb_text _builder_version=&#8221;4.16&#8243; text_font=&#8221;Lato|700|||||||&#8221; text_text_color=&#8221;#2D2D2D&#8221; text_font_size=&#8221;18px&#8221; text_line_height=&#8221;1.5em&#8221; custom_margin=&#8221;-20px||||false|false&#8221; global_colors_info=&#8221;{}&#8221;]<\/p>\n<p>Mat\u00e9ria sobre a Triciclo e a Retorna Machine \u2013<br \/> TV Globo<\/p>\n<p>[\/et_pb_text][et_pb_text _builder_version=&#8221;4.16&#8243; text_font=&#8221;Lato||||||||&#8221; text_text_color=&#8221;#2D2D2D&#8221; text_font_size=&#8221;11px&#8221; text_line_height=&#8221;1.5em&#8221; custom_margin=&#8221;-20px||||false|false&#8221; global_colors_info=&#8221;{}&#8221;]<\/p>\n<p>Programa Pequenas Empresas &amp; Grandes Neg\u00f3cios \u2013 30\/10\/2016<\/p>\n<p>[\/et_pb_text][et_pb_video src=&#8221;https:\/\/www.youtube.com\/watch?v=JbfWuYElAEs&#038;t=15s&#8221; _builder_version=&#8221;4.16&#8243; global_colors_info=&#8221;{}&#8221;][\/et_pb_video][\/et_pb_column][et_pb_column type=&#8221;1_2&#8243; _builder_version=&#8221;4.16&#8243; global_colors_info=&#8221;{}&#8221;][et_pb_text _builder_version=&#8221;4.16&#8243; text_font=&#8221;Lato|700|||||||&#8221; text_text_color=&#8221;#2D2D2D&#8221; text_font_size=&#8221;18px&#8221; text_line_height=&#8221;1.5em&#8221; custom_margin=&#8221;-20px||||false|false&#8221; global_colors_info=&#8221;{}&#8221;]<\/p>\n<p>\u00a0Mat\u00e9ria sobre a parceria Triciclo e CBF na Copa Verde 2.018 \u2013 TV Globo<\/p>\n<p>[\/et_pb_text][et_pb_text _builder_version=&#8221;4.16&#8243; text_font=&#8221;Lato||||||||&#8221; text_text_color=&#8221;#2D2D2D&#8221; text_font_size=&#8221;11px&#8221; text_line_height=&#8221;1.5em&#8221; custom_margin=&#8221;-20px||||false|false&#8221; global_colors_info=&#8221;{}&#8221;]<\/p>\n<p>Globo Esporte \u2013 07\/03\/2018<\/p>\n<p>[\/et_pb_text][et_pb_video src=&#8221;https:\/\/www.youtube.com\/watch?v=Vyiyr2LOvDQ&#038;t=8s&#8221; _builder_version=&#8221;4.16&#8243; global_colors_info=&#8221;{}&#8221;][\/et_pb_video][\/et_pb_column][\/et_pb_row][et_pb_row column_structure=&#8221;1_2,1_2&#8243; _builder_version=&#8221;4.16&#8243; global_colors_info=&#8221;{}&#8221;][et_pb_column type=&#8221;1_2&#8243; _builder_version=&#8221;4.16&#8243; global_colors_info=&#8221;{}&#8221;][et_pb_text _builder_version=&#8221;4.16&#8243; text_font=&#8221;Lato|700|||||||&#8221; text_text_color=&#8221;#2D2D2D&#8221; text_font_size=&#8221;18px&#8221; text_line_height=&#8221;1.5em&#8221; custom_margin=&#8221;-20px||||false|false&#8221; global_colors_info=&#8221;{}&#8221;]<\/p>\n<p>Mat\u00e9ria sobre a Triciclo no Canal Recicla Sampa<\/p>\n<p>[\/et_pb_text][et_pb_text _builder_version=&#8221;4.16&#8243; text_font=&#8221;Lato||||||||&#8221; text_text_color=&#8221;#2D2D2D&#8221; text_font_size=&#8221;11px&#8221; text_line_height=&#8221;1.5em&#8221; custom_margin=&#8221;-20px||||false|false&#8221; global_colors_info=&#8221;{}&#8221;]<\/p>\n<p>Plataforma Recicla Sampa \u2013 13\/02\/2019<\/p>\n<p>[\/et_pb_text][et_pb_video src=&#8221;https:\/\/youtu.be\/7BYFY4Oh7Yo&#8221; _builder_version=&#8221;4.16&#8243; global_colors_info=&#8221;{}&#8221;][\/et_pb_video][\/et_pb_column][et_pb_column type=&#8221;1_2&#8243; _builder_version=&#8221;4.16&#8243; global_colors_info=&#8221;{}&#8221;][et_pb_text _builder_version=&#8221;4.16&#8243; text_font=&#8221;Lato|700|||||||&#8221; text_text_color=&#8221;#2D2D2D&#8221; text_font_size=&#8221;18px&#8221; text_line_height=&#8221;1.5em&#8221; custom_margin=&#8221;-20px||||false|false&#8221; global_colors_info=&#8221;{}&#8221;]<\/p>\n<p>Retorna Machine na Esta\u00e7\u00e3o Rep\u00fablica \u2013 RedeVida<\/p>\n<p>[\/et_pb_text][et_pb_text _builder_version=&#8221;4.16&#8243; text_font=&#8221;Lato||||||||&#8221; text_text_color=&#8221;#2D2D2D&#8221; text_font_size=&#8221;11px&#8221; text_line_height=&#8221;1.5em&#8221; custom_margin=&#8221;-20px||||false|false&#8221; global_colors_info=&#8221;{}&#8221;]<\/p>\n<p>Programa Jornal da Vida\u00a0 \u2013 09\/03\/2020<\/p>\n<p>[\/et_pb_text][et_pb_video src=&#8221;https:\/\/www.youtube.com\/watch?v=awB8_CWzPwY&#038;t=1s&#8221; _builder_version=&#8221;4.16&#8243; global_colors_info=&#8221;{}&#8221;][\/et_pb_video][\/et_pb_column][\/et_pb_row][et_pb_row column_structure=&#8221;1_2,1_2&#8243; _builder_version=&#8221;4.16&#8243; global_colors_info=&#8221;{}&#8221;][et_pb_column type=&#8221;1_2&#8243; _builder_version=&#8221;4.16&#8243; global_colors_info=&#8221;{}&#8221;][et_pb_text _builder_version=&#8221;4.16&#8243; text_font=&#8221;Lato|700|||||||&#8221; text_text_color=&#8221;#2D2D2D&#8221; text_font_size=&#8221;18px&#8221; text_line_height=&#8221;1.5em&#8221; custom_margin=&#8221;-20px||||false|false&#8221; global_colors_info=&#8221;{}&#8221;]<\/p>\n<p>Mat\u00e9ria sobre a parceria Triciclo e CBF na Copa Verde 2.018 \u2013 TV BAND<\/p>\n<p>[\/et_pb_text][et_pb_text _builder_version=&#8221;4.16&#8243; text_font=&#8221;Lato||||||||&#8221; text_text_color=&#8221;#2D2D2D&#8221; text_font_size=&#8221;11px&#8221; text_line_height=&#8221;1.5em&#8221; custom_margin=&#8221;-20px||||false|false&#8221; global_colors_info=&#8221;{}&#8221;]<\/p>\n<p>Jogo Aberto\/ES \u2013 11\/04\/2018<\/p>\n<p>[\/et_pb_text][et_pb_video src=&#8221;https:\/\/www.youtube.com\/watch?v=_kAeGL3BrrI&#038;t=3s&#8221; _builder_version=&#8221;4.16&#8243; global_colors_info=&#8221;{}&#8221;][\/et_pb_video][\/et_pb_column][et_pb_column type=&#8221;1_2&#8243; _builder_version=&#8221;4.16&#8243; global_colors_info=&#8221;{}&#8221;][et_pb_text _builder_version=&#8221;4.16&#8243; text_font=&#8221;Lato|700|||||||&#8221; text_text_color=&#8221;#2D2D2D&#8221; text_font_size=&#8221;18px&#8221; text_line_height=&#8221;1.5em&#8221; custom_margin=&#8221;-20px||||false|false&#8221; global_colors_info=&#8221;{}&#8221;]<\/p>\n<p>Mat\u00e9ria sobre a parceria Triciclo e CBF na Copa Verde 2.018 \u2013 TV Cultura<\/p>\n<p>[\/et_pb_text][et_pb_text _builder_version=&#8221;4.16&#8243; text_font=&#8221;Lato||||||||&#8221; text_text_color=&#8221;#2D2D2D&#8221; text_font_size=&#8221;11px&#8221; text_line_height=&#8221;1.5em&#8221; custom_margin=&#8221;-20px||||false|false&#8221; global_colors_info=&#8221;{}&#8221;]<\/p>\n<p>Jornal Panorama\/ES \u2013 24\/04\/2018<\/p>\n<p>[\/et_pb_text][et_pb_video src=&#8221;https:\/\/www.youtube.com\/watch?v=nNpXJE-EkLc&#038;t=9s&#8221; _builder_version=&#8221;4.16&#8243; global_colors_info=&#8221;{}&#8221;][\/et_pb_video][\/et_pb_column][\/et_pb_row][et_pb_row column_structure=&#8221;1_2,1_2&#8243; _builder_version=&#8221;4.16&#8243; global_colors_info=&#8221;{}&#8221;][et_pb_column type=&#8221;1_2&#8243; _builder_version=&#8221;4.16&#8243; global_colors_info=&#8221;{}&#8221;][et_pb_text _builder_version=&#8221;4.16&#8243; text_font=&#8221;Lato|700|||||||&#8221; text_text_color=&#8221;#2D2D2D&#8221; text_font_size=&#8221;18px&#8221; text_line_height=&#8221;1.5em&#8221; custom_margin=&#8221;-20px||||false|false&#8221; global_colors_info=&#8221;{}&#8221;]<\/p>\n<p>Mat\u00e9ria sobre a parceria Triciclo e CBF na Copa Verde \u2013 <br \/>SporTV<\/p>\n<p>[\/et_pb_text][et_pb_text _builder_version=&#8221;4.16&#8243; text_font=&#8221;Lato||||||||&#8221; text_text_color=&#8221;#2D2D2D&#8221; text_font_size=&#8221;11px&#8221; text_line_height=&#8221;1.5em&#8221; custom_margin=&#8221;-20px||||false|false&#8221; global_colors_info=&#8221;{}&#8221;]<\/p>\n<p>Reda\u00e7\u00e3o SporTV \u2013 15\/04\/2016<\/p>\n<p>[\/et_pb_text][et_pb_video src=&#8221;https:\/\/youtu.be\/byWxZ1164K0&#8243; _builder_version=&#8221;4.16&#8243; global_colors_info=&#8221;{}&#8221;][\/et_pb_video][\/et_pb_column][et_pb_column type=&#8221;1_2&#8243; _builder_version=&#8221;4.16&#8243; global_colors_info=&#8221;{}&#8221;][et_pb_text _builder_version=&#8221;4.16&#8243; text_font=&#8221;Lato|700|||||||&#8221; text_text_color=&#8221;#2D2D2D&#8221; text_font_size=&#8221;18px&#8221; text_line_height=&#8221;1.5em&#8221; custom_margin=&#8221;-20px||||false|false&#8221; global_colors_info=&#8221;{}&#8221;]<\/p>\n<p>Mat\u00e9ria sobre a Triciclo e a Retorna Machine na Webs\u00e9rie Caminhos da Inova\u00e7\u00e3o<\/p>\n<p>[\/et_pb_text][et_pb_text _builder_version=&#8221;4.16&#8243; text_font=&#8221;Lato||||||||&#8221; text_text_color=&#8221;#2D2D2D&#8221; text_font_size=&#8221;11px&#8221; text_line_height=&#8221;1.5em&#8221; custom_margin=&#8221;-20px||||false|false&#8221; global_colors_info=&#8221;{}&#8221;]<\/p>\n<p>5\u00ba Epis\u00f3dio \u2013 Solu\u00e7\u00f5es Sustent\u00e1veis para um Mundo Melhor<\/p>\n<p>[\/et_pb_text][et_pb_video src=&#8221;https:\/\/www.youtube.com\/watch?v=1DCfMVSTxsQ&#8221; _builder_version=&#8221;4.16&#8243; global_colors_info=&#8221;{}&#8221;][\/et_pb_video][\/et_pb_column][\/et_pb_row][et_pb_row column_structure=&#8221;1_2,1_2&#8243; _builder_version=&#8221;4.16&#8243; global_colors_info=&#8221;{}&#8221;][et_pb_column type=&#8221;1_2&#8243; _builder_version=&#8221;4.16&#8243; global_colors_info=&#8221;{}&#8221;][et_pb_text _builder_version=&#8221;4.16&#8243; text_font=&#8221;Lato|700|||||||&#8221; text_text_color=&#8221;#2D2D2D&#8221; text_font_size=&#8221;18px&#8221; text_line_height=&#8221;1.5em&#8221; custom_margin=&#8221;-20px||||false|false&#8221; global_colors_info=&#8221;{}&#8221;]<\/p>\n<p>Mat\u00e9ria sobre a Triciclo e a Retorna Machine \u2013<br \/>TV Cultura<\/p>\n<p>[\/et_pb_text][et_pb_text _builder_version=&#8221;4.16&#8243; text_font=&#8221;Lato||||||||&#8221; text_text_color=&#8221;#2D2D2D&#8221; text_font_size=&#8221;11px&#8221; text_line_height=&#8221;1.5em&#8221; custom_margin=&#8221;-20px||||false|false&#8221; global_colors_info=&#8221;{}&#8221;]<\/p>\n<p>Reporter Eco \u2013 14\/02\/2016<\/p>\n<p>[\/et_pb_text][et_pb_video src=&#8221;https:\/\/www.youtube.com\/watch?v=Q0zOgd_oHHg&#8221; _builder_version=&#8221;4.16&#8243; global_colors_info=&#8221;{}&#8221;][\/et_pb_video][\/et_pb_column][et_pb_column type=&#8221;1_2&#8243; _builder_version=&#8221;4.16&#8243; global_colors_info=&#8221;{}&#8221;][et_pb_text _builder_version=&#8221;4.16&#8243; text_font=&#8221;Lato|700|||||||&#8221; text_text_color=&#8221;#2D2D2D&#8221; text_font_size=&#8221;18px&#8221; text_line_height=&#8221;1.5em&#8221; custom_margin=&#8221;-20px||||false|false&#8221; global_colors_info=&#8221;{}&#8221;]<\/p>\n<p>Mat\u00e9ria sobre a parceria Triciclo e CBF na Copa Verde \u2013 GAZETA<\/p>\n<p>[\/et_pb_text][et_pb_text _builder_version=&#8221;4.16&#8243; text_font=&#8221;Lato||||||||&#8221; text_text_color=&#8221;#2D2D2D&#8221; text_font_size=&#8221;11px&#8221; text_line_height=&#8221;1.5em&#8221; custom_margin=&#8221;-20px||||false|false&#8221; global_colors_info=&#8221;{}&#8221;]<\/p>\n<p>A Gazeta \u2013 12\/04\/2016<\/p>\n<p>[\/et_pb_text][et_pb_video src=&#8221;https:\/\/www.youtube.com\/watch?v=QP8Qr7fb86M&#038;t=4s&#8221; _builder_version=&#8221;4.16&#8243; global_colors_info=&#8221;{}&#8221;][\/et_pb_video][\/et_pb_column][\/et_pb_row][et_pb_row column_structure=&#8221;1_2,1_2&#8243; _builder_version=&#8221;4.16&#8243; global_colors_info=&#8221;{}&#8221;][et_pb_column type=&#8221;1_2&#8243; _builder_version=&#8221;4.16&#8243; global_colors_info=&#8221;{}&#8221;][et_pb_text _builder_version=&#8221;4.16&#8243; text_font=&#8221;Lato|700|||||||&#8221; text_text_color=&#8221;#2D2D2D&#8221; text_font_size=&#8221;18px&#8221; text_line_height=&#8221;1.5em&#8221; custom_margin=&#8221;-20px||||false|false&#8221; global_colors_info=&#8221;{}&#8221;]<\/p>\n<p>Mat\u00e9ria sobre a Triciclo no Programa Hoje em dia &#8211; TV Record<\/p>\n<p>[\/et_pb_text][et_pb_text _builder_version=&#8221;4.16&#8243; text_font=&#8221;Lato||||||||&#8221; text_text_color=&#8221;#2D2D2D&#8221; text_font_size=&#8221;11px&#8221; text_line_height=&#8221;1.5em&#8221; custom_margin=&#8221;-20px||||false|false&#8221; global_colors_info=&#8221;{}&#8221;]<\/p>\n<p>Programa Hoje em Dia \u2013 11\/12\/2015<\/p>\n<p>[\/et_pb_text][et_pb_video src=&#8221;https:\/\/www.youtube.com\/watch?v=w_TnDcWkoVI&#8221; _builder_version=&#8221;4.16&#8243; global_colors_info=&#8221;{}&#8221;][\/et_pb_video][\/et_pb_column][et_pb_column type=&#8221;1_2&#8243; _builder_version=&#8221;4.16&#8243; global_colors_info=&#8221;{}&#8221;][et_pb_text _builder_version=&#8221;4.16&#8243; text_font=&#8221;Lato|700|||||||&#8221; text_text_color=&#8221;#2D2D2D&#8221; text_font_size=&#8221;18px&#8221; text_line_height=&#8221;1.5em&#8221; custom_margin=&#8221;-20px||||false|false&#8221; global_colors_info=&#8221;{}&#8221;]<\/p>\n<p>Mat\u00e9ria sobre a Triciclo e a Retorna Machine \u2013 TV Record<\/p>\n<p>[\/et_pb_text][et_pb_text _builder_version=&#8221;4.16&#8243; text_font=&#8221;Lato||||||||&#8221; text_text_color=&#8221;#2D2D2D&#8221; text_font_size=&#8221;11px&#8221; text_line_height=&#8221;1.5em&#8221; custom_margin=&#8221;-20px||||false|false&#8221; global_colors_info=&#8221;{}&#8221;]<\/p>\n<p>Programa Balan\u00e7a Geral \u2013 Edi\u00e7\u00e3o Manh\u00e3 \u2013 05\/10\/15 <\/p>\n<p>[\/et_pb_text][et_pb_video src=&#8221;https:\/\/www.youtube.com\/watch?v=4qrq_bhHogg&#8221; _builder_version=&#8221;4.16&#8243; global_colors_info=&#8221;{}&#8221;][\/et_pb_video][\/et_pb_column][\/et_pb_row][et_pb_row column_structure=&#8221;1_2,1_2&#8243; _builder_version=&#8221;4.16&#8243; global_colors_info=&#8221;{}&#8221;][et_pb_column type=&#8221;1_2&#8243; _builder_version=&#8221;4.16&#8243; global_colors_info=&#8221;{}&#8221;][et_pb_text _builder_version=&#8221;4.16&#8243; text_font=&#8221;Lato|700|||||||&#8221; text_text_color=&#8221;#2D2D2D&#8221; text_font_size=&#8221;18px&#8221; text_line_height=&#8221;1.5em&#8221; custom_margin=&#8221;-20px||||false|false&#8221; global_colors_info=&#8221;{}&#8221;]<\/p>\n<p>Mat\u00e9ria sobre a Triciclo e a Retorna Machine \u2013 TV Cultura<\/p>\n<p>[\/et_pb_text][et_pb_text _builder_version=&#8221;4.16&#8243; text_font=&#8221;Lato||||||||&#8221; text_text_color=&#8221;#2D2D2D&#8221; text_font_size=&#8221;11px&#8221; text_line_height=&#8221;1.5em&#8221; custom_margin=&#8221;-20px||||false|false&#8221; global_colors_info=&#8221;{}&#8221;]<\/p>\n<p>Jornal da Cultura 1\u00aa Edi\u00e7\u00e3o 15\/01\/2016 &#8211; Ao Vivo<\/p>\n<p>[\/et_pb_text][et_pb_video src=&#8221;https:\/\/www.youtube.com\/watch?v=q482QbU6cpc&#8221; _builder_version=&#8221;4.16&#8243; global_colors_info=&#8221;{}&#8221;][\/et_pb_video][\/et_pb_column][et_pb_column type=&#8221;1_2&#8243; _builder_version=&#8221;4.16&#8243; global_colors_info=&#8221;{}&#8221;][et_pb_text _builder_version=&#8221;4.16&#8243; text_font=&#8221;Lato|700|||||||&#8221; text_text_color=&#8221;#2D2D2D&#8221; text_font_size=&#8221;18px&#8221; text_line_height=&#8221;1.5em&#8221; custom_margin=&#8221;-20px||||false|false&#8221; global_colors_info=&#8221;{}&#8221;]<\/p>\n<p>Mat\u00e9ria sobre a Triciclo e a Retorna Machine \u2013 TV Globo<\/p>\n<p>[\/et_pb_text][et_pb_text _builder_version=&#8221;4.16&#8243; text_font=&#8221;Lato||||||||&#8221; text_text_color=&#8221;#2D2D2D&#8221; text_font_size=&#8221;11px&#8221; text_line_height=&#8221;1.5em&#8221; custom_margin=&#8221;-20px||||false|false&#8221; global_colors_info=&#8221;{}&#8221;]<\/p>\n<p>Programa Jornal Hoje \u2013 29.09.2015<\/p>\n<p>[\/et_pb_text][et_pb_video src=&#8221;https:\/\/vimeo.com\/143396937&#8243; _builder_version=&#8221;4.16&#8243; global_colors_info=&#8221;{}&#8221;][\/et_pb_video][\/et_pb_column][\/et_pb_row][et_pb_row column_structure=&#8221;1_2,1_2&#8243; _builder_version=&#8221;4.16&#8243; global_colors_info=&#8221;{}&#8221;][et_pb_column type=&#8221;1_2&#8243; _builder_version=&#8221;4.16&#8243; global_colors_info=&#8221;{}&#8221;][et_pb_text _builder_version=&#8221;4.16&#8243; text_font=&#8221;Lato|700|||||||&#8221; text_text_color=&#8221;#2D2D2D&#8221; text_font_size=&#8221;18px&#8221; text_line_height=&#8221;1.5em&#8221; custom_margin=&#8221;-20px||||false|false&#8221; global_colors_info=&#8221;{}&#8221;]<\/p>\n<p>Mat\u00e9ria sobre a Triciclo e a Retorna Machine \u2013 TV Globo<\/p>\n<p>[\/et_pb_text][et_pb_text _builder_version=&#8221;4.16&#8243; text_font=&#8221;Lato||||||||&#8221; text_text_color=&#8221;#2D2D2D&#8221; text_font_size=&#8221;11px&#8221; text_line_height=&#8221;1.5em&#8221; custom_margin=&#8221;-20px||||false|false&#8221; global_colors_info=&#8221;{}&#8221;]<\/p>\n<p>Programa SPTV \u2013 1\u00aa Edi\u00e7\u00e3o \u2013 24\/09\/2015<\/p>\n<p>[\/et_pb_text][et_pb_video src=&#8221;https:\/\/www.youtube.com\/watch?v=rPXlgi8jWaM&#8221; _builder_version=&#8221;4.16&#8243; global_colors_info=&#8221;{}&#8221;][\/et_pb_video][\/et_pb_column][et_pb_column type=&#8221;1_2&#8243; _builder_version=&#8221;4.16&#8243; global_colors_info=&#8221;{}&#8221;][et_pb_text _builder_version=&#8221;4.16&#8243; text_font=&#8221;Lato|700|||||||&#8221; text_text_color=&#8221;#2D2D2D&#8221; text_font_size=&#8221;18px&#8221; text_line_height=&#8221;1.5em&#8221; custom_margin=&#8221;-20px||||false|false&#8221; global_colors_info=&#8221;{}&#8221;]<\/p>\n<p>Mat\u00e9ria sobre a Triciclo e a Retorna Machine \u2013 TV Cultura<\/p>\n<p>[\/et_pb_text][et_pb_text _builder_version=&#8221;4.16&#8243; text_font=&#8221;Lato||||||||&#8221; text_text_color=&#8221;#2D2D2D&#8221; text_font_size=&#8221;11px&#8221; text_line_height=&#8221;1.5em&#8221; custom_margin=&#8221;-20px||||false|false&#8221; global_colors_info=&#8221;{}&#8221;]<\/p>\n<p>Programa Jornal da Cultura \u2013 1\u00aa Edi\u00e7\u00e3o \u2013 24\/09\/2015<\/p>\n<p>[\/et_pb_text][et_pb_video src=&#8221;https:\/\/www.youtube.com\/watch?v=API4uCRCblI&#8221; _builder_version=&#8221;4.16&#8243; global_colors_info=&#8221;{}&#8221;][\/et_pb_video][\/et_pb_column][\/et_pb_row][et_pb_row column_structure=&#8221;1_2,1_2&#8243; _builder_version=&#8221;4.16&#8243; global_colors_info=&#8221;{}&#8221;][et_pb_column type=&#8221;1_2&#8243; _builder_version=&#8221;4.16&#8243; global_colors_info=&#8221;{}&#8221;][et_pb_text _builder_version=&#8221;4.16&#8243; text_font=&#8221;Lato|700|||||||&#8221; text_text_color=&#8221;#2D2D2D&#8221; text_font_size=&#8221;18px&#8221; text_line_height=&#8221;1.5em&#8221; custom_margin=&#8221;-20px||||false|false&#8221; global_colors_info=&#8221;{}&#8221;]<\/p>\n<p>Mat\u00e9ria sobre a Triciclo e a Retorna Machine \u2013 TV Brasil<\/p>\n<p>[\/et_pb_text][et_pb_text _builder_version=&#8221;4.16&#8243; text_font=&#8221;Lato||||||||&#8221; text_text_color=&#8221;#2D2D2D&#8221; text_font_size=&#8221;11px&#8221; text_line_height=&#8221;1.5em&#8221; custom_margin=&#8221;-20px||||false|false&#8221; global_colors_info=&#8221;{}&#8221;]<\/p>\n<p>Jornal TV Brasil \u2013 16\/06\/2016<\/p>\n<p>[\/et_pb_text][et_pb_video src=&#8221;https:\/\/www.youtube.com\/watch?v=Jlggi0GZLqA&#038;list=PLrFHVPQDUIsyllDe5M8Shi1cqnA0wG1SL&#038;index=16&#038;t=57s&#8221; _builder_version=&#8221;4.16&#8243; global_colors_info=&#8221;{}&#8221;][\/et_pb_video][\/et_pb_column][et_pb_column type=&#8221;1_2&#8243; _builder_version=&#8221;4.16&#8243; global_colors_info=&#8221;{}&#8221;][et_pb_text _builder_version=&#8221;4.16&#8243; text_font=&#8221;Lato|700|||||||&#8221; text_text_color=&#8221;#2D2D2D&#8221; text_font_size=&#8221;18px&#8221; text_line_height=&#8221;1.5em&#8221; custom_margin=&#8221;-20px||||false|false&#8221; global_colors_info=&#8221;{}&#8221;]<\/p>\n<p>Mat\u00e9ria sobre a Triciclo e a Retorna Machine \u2013 TV C\u00e2mara SP<\/p>\n<p>[\/et_pb_text][et_pb_text _builder_version=&#8221;4.16&#8243; text_font=&#8221;Lato||||||||&#8221; text_text_color=&#8221;#2D2D2D&#8221; text_font_size=&#8221;11px&#8221; text_line_height=&#8221;1.5em&#8221; custom_margin=&#8221;-20px||||false|false&#8221; global_colors_info=&#8221;{}&#8221;]<\/p>\n<p>Jornal da C\u00e2mara \u2013 02\/10\/2020<\/p>\n<p>[\/et_pb_text][et_pb_video src=&#8221;https:\/\/www.youtube.com\/watch?v=9bp45LPDbD0&#038;feature=youtu.be&#8221; _builder_version=&#8221;4.16&#8243; global_colors_info=&#8221;{}&#8221;][\/et_pb_video][\/et_pb_column][\/et_pb_row][\/et_pb_section][et_pb_section fb_built=&#8221;1&#8243; fullwidth=&#8221;on&#8221; _builder_version=&#8221;4.20.2&#8243; _module_preset=&#8221;default&#8221; global_colors_info=&#8221;{}&#8221;][et_pb_fullwidth_code _builder_version=&#8221;4.20.2&#8243; _module_preset=&#8221;default&#8221; global_colors_info=&#8221;{}&#8221;]<script type=\"text\/javascript\">var mdChatClient=\"4C5BCE1231974166AEFC7496119BDCCD\";<\/script><!-- [et_pb_line_break_holder] --><script src=\"https:\/\/chat.movidesk.com\/Scripts\/chat-widget.min.js\"><\/script>[\/et_pb_fullwidth_code][\/et_pb_section]<\/p>\n","protected":false},"excerpt":{"rendered":"<p>Na M\u00eddiaConfira o que falam sobre a Triciclo nos meios de Comunica\u00e7\u00e3o!Mat\u00e9ria sobre Retorna Machine Equatorial em PelotasRBS TV &#8211; Bom Dia Rio Grande &#8211; 05\/06\/2025Mat\u00e9ria sobre Retorna Machine NeoenergiaRecord &#8211; DF no Ar &#8211; 04\/06\/2025Mat\u00e9ria sobre Retorna Machine NeoenergiaTV Globo &#8211; EPTV1 &#8211; 03\/06\/2025Mat\u00e9ria sobre Retornas Machine BanestesTV Sim &#8211; Record News ES &#8211; [&hellip;]<\/p>\n","protected":false},"author":6,"featured_media":0,"parent":0,"menu_order":0,"comment_status":"closed","ping_status":"closed","template":"","meta":{"_et_pb_use_builder":"on","_et_pb_old_content":"","_et_gb_content_width":"","footnotes":""},"class_list":["post-225039","page","type-page","status-publish","hentry"],"aioseo_notices":[],"jetpack_sharing_enabled":true,"_links":{"self":[{"href":"https:\/\/triciclo.eco.br\/en\/wp-json\/wp\/v2\/pages\/225039","targetHints":{"allow":["GET"]}}],"collection":[{"href":"https:\/\/triciclo.eco.br\/en\/wp-json\/wp\/v2\/pages"}],"about":[{"href":"https:\/\/triciclo.eco.br\/en\/wp-json\/wp\/v2\/types\/page"}],"author":[{"embeddable":true,"href":"https:\/\/triciclo.eco.br\/en\/wp-json\/wp\/v2\/users\/6"}],"replies":[{"embeddable":true,"href":"https:\/\/triciclo.eco.br\/en\/wp-json\/wp\/v2\/comments?post=225039"}],"version-history":[{"count":63,"href":"https:\/\/triciclo.eco.br\/en\/wp-json\/wp\/v2\/pages\/225039\/revisions"}],"predecessor-version":[{"id":232742,"href":"https:\/\/triciclo.eco.br\/en\/wp-json\/wp\/v2\/pages\/225039\/revisions\/232742"}],"wp:attachment":[{"href":"https:\/\/triciclo.eco.br\/en\/wp-json\/wp\/v2\/media?parent=225039"}],"curies":[{"name":"wp","href":"https:\/\/api.w.org\/{rel}","templated":true}]}}