{"id":228208,"date":"2021-11-30T17:00:30","date_gmt":"2021-11-30T20:00:30","guid":{"rendered":"https:\/\/triciclo.eco.br\/?post_type=project&#038;p=228208"},"modified":"2021-11-30T14:07:23","modified_gmt":"2021-11-30T17:07:23","slug":"fada-manaus-entra-para-o-quadro-da-triciclo-de-instituicoes-filantropicas-para-doacoes","status":"publish","type":"project","link":"https:\/\/triciclo.eco.br\/en\/project\/fada-manaus-entra-para-o-quadro-da-triciclo-de-instituicoes-filantropicas-para-doacoes\/","title":{"rendered":"FADA Manaus entra para o quadro da Triciclo de institui\u00e7\u00f5es filantr\u00f3picas para doa\u00e7\u00f5es"},"content":{"rendered":"<p>[et_pb_section fb_built=&#8221;1&#8243; _builder_version=&#8221;3.22&#8243;][et_pb_row _builder_version=&#8221;4.3.2&#8243;][et_pb_column type=&#8221;4_4&#8243; _builder_version=&#8221;4.3.2&#8243;][et_pb_text _builder_version=&#8221;4.3.2&#8243; text_font=&#8221;Montserrat|800|||||||&#8221; text_text_color=&#8221;#c1d32a&#8221; text_font_size=&#8221;35px&#8221; custom_margin=&#8221;||50px|||&#8221;]<\/p>\n<p style=\"text-align: center; line-height: 1.5em;\">FADA MANAUS ENTRA PARA O QUADRO DA TRICICLO DE INSTITUI\u00c7\u00d5ES FILANTR\u00d3PICAS PARA DOA\u00c7\u00d5ES<\/p>\n<p>[\/et_pb_text][et_pb_image src=&#8221;http:\/\/triciclo.eco.br\/wp-content\/uploads\/2021\/11\/MicrosoftTeams-image-7.jpg&#8221; _builder_version=&#8221;4.3.2&#8243; width=&#8221;60{2c2d5fb6f19daef84974ddd85b232ffdc793e482bc6aaa1c91c74bf4c228ce43}&#8221; module_alignment=&#8221;center&#8221; hover_enabled=&#8221;0&#8243; max_width=&#8221;100{2c2d5fb6f19daef84974ddd85b232ffdc793e482bc6aaa1c91c74bf4c228ce43}&#8221;][\/et_pb_image][\/et_pb_column][\/et_pb_row][et_pb_row _builder_version=&#8221;3.25&#8243; background_size=&#8221;initial&#8221; background_position=&#8221;top_left&#8221; background_repeat=&#8221;repeat&#8221;][et_pb_column type=&#8221;4_4&#8243; _builder_version=&#8221;3.25&#8243; custom_padding=&#8221;|||&#8221; custom_padding__hover=&#8221;|||&#8221;][et_pb_text _builder_version=&#8221;3.27.4&#8243; background_size=&#8221;initial&#8221; background_position=&#8221;top_left&#8221; background_repeat=&#8221;repeat&#8221;]<\/p>\n<p>Atualmente existem 6 institui\u00e7\u00f5es filantr\u00f3picas no quadro de doa\u00e7\u00f5es da Triciclo e agora, uma nova institui\u00e7\u00e3o foi inclu\u00edda em resultado \u00e0 parceria com a Prefeitura de Manaus. A FADA, Funda\u00e7\u00e3o de apoio \u00e0 pessoas com defici\u00eancia, oferece servi\u00e7os gratuitos de sa\u00fade e de acompanhamento \u00e0s pessoas com defici\u00eancia e suas fam\u00edlias.<\/p>\n<p>[\/et_pb_text][\/et_pb_column][\/et_pb_row][et_pb_row _builder_version=&#8221;4.3.2&#8243;][et_pb_column type=&#8221;4_4&#8243; _builder_version=&#8221;4.3.2&#8243;][et_pb_button button_url=&#8221;http:\/\/triciclo.eco.br\/cases\/&#8221; button_text=&#8221;VER MAIS CASES&#8221; button_alignment=&#8221;center&#8221; _builder_version=&#8221;4.3.2&#8243; custom_button=&#8221;on&#8221; button_text_size=&#8221;18px&#8221; button_text_color=&#8221;#ffffff&#8221; button_bg_color=&#8221;#c1d32a&#8221; button_border_radius=&#8221;52px&#8221; button_font=&#8221;Montserrat|700|||||||&#8221; button_icon=&#8221;{2c2d5fb6f19daef84974ddd85b232ffdc793e482bc6aaa1c91c74bf4c228ce43}{2c2d5fb6f19daef84974ddd85b232ffdc793e482bc6aaa1c91c74bf4c228ce43}20{2c2d5fb6f19daef84974ddd85b232ffdc793e482bc6aaa1c91c74bf4c228ce43}{2c2d5fb6f19daef84974ddd85b232ffdc793e482bc6aaa1c91c74bf4c228ce43}&#8221; button_text_size__hover_enabled=&#8221;on|hover&#8221;][\/et_pb_button][\/et_pb_column][\/et_pb_row][\/et_pb_section]<\/p>\n","protected":false},"excerpt":{"rendered":"<p>FADA MANAUS ENTRA PARA O QUADRO DA TRICICLO DE INSTITUI\u00c7\u00d5ES FILANTR\u00d3PICAS PARA DOA\u00c7\u00d5ESAtualmente existem 6 institui\u00e7\u00f5es filantr\u00f3picas no quadro de doa\u00e7\u00f5es da Triciclo e agora, uma nova institui\u00e7\u00e3o foi inclu\u00edda em resultado \u00e0 parceria com a Prefeitura de Manaus. A FADA, Funda\u00e7\u00e3o de apoio \u00e0 pessoas com defici\u00eancia, oferece servi\u00e7os gratuitos de sa\u00fade e de [&hellip;]<\/p>\n","protected":false},"author":2,"featured_media":228215,"comment_status":"open","ping_status":"closed","template":"","meta":{"_et_pb_use_builder":"on","_et_pb_old_content":"","_et_gb_content_width":"","footnotes":""},"project_category":[128],"project_tag":[],"class_list":["post-228208","project","type-project","status-publish","has-post-thumbnail","hentry","project_category-doacao"],"aioseo_notices":[],"aioseo_head":"\n\t\t<!-- All in One SEO 5.0.0.1 - aioseo.com -->\n\t<meta name=\"description\" content=\"FADA MANAUS ENTRA PARA O QUADRO DA TRICICLO DE INSTITUI\u00c7\u00d5ES FILANTR\u00d3PICAS PARA DOA\u00c7\u00d5ES Atualmente existem 6 institui\u00e7\u00f5es filantr\u00f3picas no quadro de doa\u00e7\u00f5es da Triciclo e agora, uma nova institui\u00e7\u00e3o foi inclu\u00edda em resultado \u00e0 parceria com a Prefeitura de Manaus. A FADA, Funda\u00e7\u00e3o de apoio \u00e0 pessoas com defici\u00eancia, oferece servi\u00e7os gratuitos de sa\u00fade e\" \/>\n\t<meta name=\"robots\" content=\"max-image-preview:large\" \/>\n\t<meta name=\"author\" content=\"Triciclo\"\/>\n\t<link rel=\"canonical\" href=\"https:\/\/triciclo.eco.br\/en\/project\/fada-manaus-entra-para-o-quadro-da-triciclo-de-instituicoes-filantropicas-para-doacoes\/\" \/>\n\t<meta name=\"generator\" content=\"All in One SEO (AIOSEO) 5.0.0.1\" \/>\n\t\t<meta property=\"og:locale\" content=\"en_US\" \/>\n\t\t<meta property=\"og:site_name\" content=\"Ambipar Triciclo - Solu\u00e7\u00f5es Sustent\u00e1veis\" \/>\n\t\t<meta property=\"og:type\" content=\"article\" \/>\n\t\t<meta property=\"og:title\" content=\"FADA Manaus entra para o quadro da Triciclo de institui\u00e7\u00f5es filantr\u00f3picas para doa\u00e7\u00f5es - Ambipar Triciclo\" \/>\n\t\t<meta property=\"og:description\" content=\"FADA MANAUS ENTRA PARA O QUADRO DA TRICICLO DE INSTITUI\u00c7\u00d5ES FILANTR\u00d3PICAS PARA DOA\u00c7\u00d5ES Atualmente existem 6 institui\u00e7\u00f5es filantr\u00f3picas no quadro de doa\u00e7\u00f5es da Triciclo e agora, uma nova institui\u00e7\u00e3o foi inclu\u00edda em resultado \u00e0 parceria com a Prefeitura de Manaus. A FADA, Funda\u00e7\u00e3o de apoio \u00e0 pessoas com defici\u00eancia, oferece servi\u00e7os gratuitos de sa\u00fade e\" \/>\n\t\t<meta property=\"og:url\" content=\"https:\/\/triciclo.eco.br\/en\/project\/fada-manaus-entra-para-o-quadro-da-triciclo-de-instituicoes-filantropicas-para-doacoes\/\" \/>\n\t\t<meta property=\"og:image\" content=\"https:\/\/triciclo.eco.br\/wp-content\/uploads\/2023\/08\/triciclo-logo-1.png\" \/>\n\t\t<meta property=\"og:image:secure_url\" content=\"https:\/\/triciclo.eco.br\/wp-content\/uploads\/2023\/08\/triciclo-logo-1.png\" \/>\n\t\t<meta property=\"og:image:width\" content=\"200\" \/>\n\t\t<meta property=\"og:image:height\" content=\"200\" \/>\n\t\t<meta property=\"article:published_time\" content=\"2021-11-30T20:00:30+00:00\" \/>\n\t\t<meta property=\"article:modified_time\" content=\"2021-11-30T17:07:23+00:00\" \/>\n\t\t<meta property=\"article:publisher\" content=\"https:\/\/www.facebook.com\/ambipar.triciclo\" \/>\n\t\t<meta name=\"twitter:card\" content=\"summary_large_image\" \/>\n\t\t<meta name=\"twitter:site\" content=\"@AmbiparTriciclo\" \/>\n\t\t<meta name=\"twitter:title\" content=\"FADA Manaus entra para o quadro da Triciclo de institui\u00e7\u00f5es filantr\u00f3picas para doa\u00e7\u00f5es - Ambipar Triciclo\" \/>\n\t\t<meta name=\"twitter:description\" content=\"FADA MANAUS ENTRA PARA O QUADRO DA TRICICLO DE INSTITUI\u00c7\u00d5ES FILANTR\u00d3PICAS PARA DOA\u00c7\u00d5ES Atualmente existem 6 institui\u00e7\u00f5es filantr\u00f3picas no quadro de doa\u00e7\u00f5es da Triciclo e agora, uma nova institui\u00e7\u00e3o foi inclu\u00edda em resultado \u00e0 parceria com a Prefeitura de Manaus. A FADA, Funda\u00e7\u00e3o de apoio \u00e0 pessoas com defici\u00eancia, oferece servi\u00e7os gratuitos de sa\u00fade e\" \/>\n\t\t<meta name=\"twitter:creator\" content=\"@AmbiparTriciclo\" \/>\n\t\t<meta name=\"twitter:image\" content=\"https:\/\/triciclo.eco.br\/wp-content\/uploads\/2023\/08\/Triciclo.jpg\" \/>\n\t\t<script type=\"application\/ld+json\" class=\"aioseo-schema\">\n\t\t\t{\"@context\":\"https:\\\/\\\/schema.org\",\"@graph\":[{\"@type\":\"BreadcrumbList\",\"@id\":\"https:\\\/\\\/triciclo.eco.br\\\/en\\\/project\\\/fada-manaus-entra-para-o-quadro-da-triciclo-de-instituicoes-filantropicas-para-doacoes\\\/#breadcrumblist\",\"itemListElement\":[{\"@type\":\"ListItem\",\"@id\":\"https:\\\/\\\/triciclo.eco.br\\\/en#listItem\",\"position\":1,\"name\":\"In\\u00edcio\",\"item\":\"https:\\\/\\\/triciclo.eco.br\\\/en\",\"nextItem\":{\"@type\":\"ListItem\",\"@id\":\"https:\\\/\\\/triciclo.eco.br\\\/en\\\/project\\\/#listItem\",\"name\":\"Projects\"}},{\"@type\":\"ListItem\",\"@id\":\"https:\\\/\\\/triciclo.eco.br\\\/en\\\/project\\\/#listItem\",\"position\":2,\"name\":\"Projects\",\"item\":\"https:\\\/\\\/triciclo.eco.br\\\/en\\\/project\\\/\",\"nextItem\":{\"@type\":\"ListItem\",\"@id\":\"https:\\\/\\\/triciclo.eco.br\\\/en\\\/project_category\\\/doacao\\\/#listItem\",\"name\":\"Doa\\u00e7\\u00e3o\"},\"previousItem\":{\"@type\":\"ListItem\",\"@id\":\"https:\\\/\\\/triciclo.eco.br\\\/en#listItem\",\"name\":\"In\\u00edcio\"}},{\"@type\":\"ListItem\",\"@id\":\"https:\\\/\\\/triciclo.eco.br\\\/en\\\/project_category\\\/doacao\\\/#listItem\",\"position\":3,\"name\":\"Doa\\u00e7\\u00e3o\",\"item\":\"https:\\\/\\\/triciclo.eco.br\\\/en\\\/project_category\\\/doacao\\\/\",\"nextItem\":{\"@type\":\"ListItem\",\"@id\":\"https:\\\/\\\/triciclo.eco.br\\\/en\\\/project\\\/fada-manaus-entra-para-o-quadro-da-triciclo-de-instituicoes-filantropicas-para-doacoes\\\/#listItem\",\"name\":\"FADA Manaus entra para o quadro da Triciclo de institui\\u00e7\\u00f5es filantr\\u00f3picas para doa\\u00e7\\u00f5es\"},\"previousItem\":{\"@type\":\"ListItem\",\"@id\":\"https:\\\/\\\/triciclo.eco.br\\\/en\\\/project\\\/#listItem\",\"name\":\"Projects\"}},{\"@type\":\"ListItem\",\"@id\":\"https:\\\/\\\/triciclo.eco.br\\\/en\\\/project\\\/fada-manaus-entra-para-o-quadro-da-triciclo-de-instituicoes-filantropicas-para-doacoes\\\/#listItem\",\"position\":4,\"name\":\"FADA Manaus entra para o quadro da Triciclo de institui\\u00e7\\u00f5es filantr\\u00f3picas para doa\\u00e7\\u00f5es\",\"previousItem\":{\"@type\":\"ListItem\",\"@id\":\"https:\\\/\\\/triciclo.eco.br\\\/en\\\/project_category\\\/doacao\\\/#listItem\",\"name\":\"Doa\\u00e7\\u00e3o\"}}]},{\"@type\":\"Organization\",\"@id\":\"https:\\\/\\\/triciclo.eco.br\\\/en\\\/#organization\",\"name\":\"Ambipar Triciclo Solu\\u00e7\\u00f5es Sustent\\u00e1veis\",\"description\":\"Solu\\u00e7\\u00f5es Sustent\\u00e1veis\",\"url\":\"https:\\\/\\\/triciclo.eco.br\\\/en\\\/\",\"telephone\":\"+551134295050\",\"logo\":{\"@type\":\"ImageObject\",\"url\":\"https:\\\/\\\/triciclo.eco.br\\\/wp-content\\\/uploads\\\/2023\\\/08\\\/Triciclo.jpg\",\"@id\":\"https:\\\/\\\/triciclo.eco.br\\\/en\\\/project\\\/fada-manaus-entra-para-o-quadro-da-triciclo-de-instituicoes-filantropicas-para-doacoes\\\/#organizationLogo\",\"width\":113,\"height\":113},\"image\":{\"@id\":\"https:\\\/\\\/triciclo.eco.br\\\/en\\\/project\\\/fada-manaus-entra-para-o-quadro-da-triciclo-de-instituicoes-filantropicas-para-doacoes\\\/#organizationLogo\"},\"sameAs\":[\"https:\\\/\\\/www.facebook.com\\\/ambipar.triciclo\",\"https:\\\/\\\/twitter.com\\\/AmbiparTriciclo\",\"https:\\\/\\\/www.instagram.com\\\/triciclo_retornamachine\\\/\",\"https:\\\/\\\/www.youtube.com\\\/@TricicloSolucoesSustentaveis\",\"https:\\\/\\\/www.linkedin.com\\\/company\\\/triciclo-solues-sustentveis\\\/\"]},{\"@type\":\"Person\",\"@id\":\"https:\\\/\\\/triciclo.eco.br\\\/en\\\/author\\\/triciclo\\\/#author\",\"url\":\"https:\\\/\\\/triciclo.eco.br\\\/en\\\/author\\\/triciclo\\\/\",\"name\":\"Triciclo\",\"image\":{\"@type\":\"ImageObject\",\"@id\":\"https:\\\/\\\/triciclo.eco.br\\\/en\\\/project\\\/fada-manaus-entra-para-o-quadro-da-triciclo-de-instituicoes-filantropicas-para-doacoes\\\/#authorImage\",\"url\":\"https:\\\/\\\/secure.gravatar.com\\\/avatar\\\/8031027e39acb0f958577a55663464ac1cd1ffb991a23bf69b3ffbe38b0ecfbf?s=96&d=mm&r=g\",\"width\":96,\"height\":96,\"caption\":\"Triciclo\"}},{\"@type\":\"WebPage\",\"@id\":\"https:\\\/\\\/triciclo.eco.br\\\/en\\\/project\\\/fada-manaus-entra-para-o-quadro-da-triciclo-de-instituicoes-filantropicas-para-doacoes\\\/#webpage\",\"url\":\"https:\\\/\\\/triciclo.eco.br\\\/en\\\/project\\\/fada-manaus-entra-para-o-quadro-da-triciclo-de-instituicoes-filantropicas-para-doacoes\\\/\",\"name\":\"FADA Manaus entra para o quadro da Triciclo de institui\\u00e7\\u00f5es filantr\\u00f3picas para doa\\u00e7\\u00f5es - Ambipar Triciclo\",\"description\":\"FADA MANAUS ENTRA PARA O QUADRO DA TRICICLO DE INSTITUI\\u00c7\\u00d5ES FILANTR\\u00d3PICAS PARA DOA\\u00c7\\u00d5ES Atualmente existem 6 institui\\u00e7\\u00f5es filantr\\u00f3picas no quadro de doa\\u00e7\\u00f5es da Triciclo e agora, uma nova institui\\u00e7\\u00e3o foi inclu\\u00edda em resultado \\u00e0 parceria com a Prefeitura de Manaus. A FADA, Funda\\u00e7\\u00e3o de apoio \\u00e0 pessoas com defici\\u00eancia, oferece servi\\u00e7os gratuitos de sa\\u00fade e\",\"inLanguage\":\"en-US\",\"isPartOf\":{\"@id\":\"https:\\\/\\\/triciclo.eco.br\\\/en\\\/#website\"},\"breadcrumb\":{\"@id\":\"https:\\\/\\\/triciclo.eco.br\\\/en\\\/project\\\/fada-manaus-entra-para-o-quadro-da-triciclo-de-instituicoes-filantropicas-para-doacoes\\\/#breadcrumblist\"},\"author\":{\"@id\":\"https:\\\/\\\/triciclo.eco.br\\\/en\\\/author\\\/triciclo\\\/#author\"},\"creator\":{\"@id\":\"https:\\\/\\\/triciclo.eco.br\\\/en\\\/author\\\/triciclo\\\/#author\"},\"image\":{\"@type\":\"ImageObject\",\"url\":\"https:\\\/\\\/triciclo.eco.br\\\/wp-content\\\/uploads\\\/2021\\\/11\\\/MicrosoftTeams-image-7.jpg\",\"@id\":\"https:\\\/\\\/triciclo.eco.br\\\/en\\\/project\\\/fada-manaus-entra-para-o-quadro-da-triciclo-de-instituicoes-filantropicas-para-doacoes\\\/#mainImage\",\"width\":1675,\"height\":1260},\"primaryImageOfPage\":{\"@id\":\"https:\\\/\\\/triciclo.eco.br\\\/en\\\/project\\\/fada-manaus-entra-para-o-quadro-da-triciclo-de-instituicoes-filantropicas-para-doacoes\\\/#mainImage\"},\"datePublished\":\"2021-11-30T17:00:30-03:00\",\"dateModified\":\"2021-11-30T14:07:23-03:00\"},{\"@type\":\"WebSite\",\"@id\":\"https:\\\/\\\/triciclo.eco.br\\\/en\\\/#website\",\"url\":\"https:\\\/\\\/triciclo.eco.br\\\/en\\\/\",\"name\":\"Ambipar Triciclo\",\"alternateName\":\"Triciclo\",\"description\":\"Solu\\u00e7\\u00f5es Sustent\\u00e1veis\",\"inLanguage\":\"en-US\",\"publisher\":{\"@id\":\"https:\\\/\\\/triciclo.eco.br\\\/en\\\/#organization\"}}]}\n\t\t<\/script>\n\t\t<!-- All in One SEO -->\n\n","aioseo_head_json":{"title":"FADA Manaus entra para o quadro da Triciclo de institui\u00e7\u00f5es filantr\u00f3picas para doa\u00e7\u00f5es - Ambipar Triciclo","description":"FADA MANAUS ENTRA PARA O QUADRO DA TRICICLO DE INSTITUI\u00c7\u00d5ES FILANTR\u00d3PICAS PARA DOA\u00c7\u00d5ES Atualmente existem 6 institui\u00e7\u00f5es filantr\u00f3picas no quadro de doa\u00e7\u00f5es da Triciclo e agora, uma nova institui\u00e7\u00e3o foi inclu\u00edda em resultado \u00e0 parceria com a Prefeitura de Manaus. A FADA, Funda\u00e7\u00e3o de apoio \u00e0 pessoas com defici\u00eancia, oferece servi\u00e7os gratuitos de sa\u00fade e","canonical_url":"https:\/\/triciclo.eco.br\/en\/project\/fada-manaus-entra-para-o-quadro-da-triciclo-de-instituicoes-filantropicas-para-doacoes\/","robots":"max-image-preview:large","keywords":"","webmasterTools":{"miscellaneous":""},"schema":{"@context":"https:\/\/schema.org","@graph":[{"@type":"BreadcrumbList","@id":"https:\/\/triciclo.eco.br\/en\/project\/fada-manaus-entra-para-o-quadro-da-triciclo-de-instituicoes-filantropicas-para-doacoes\/#breadcrumblist","itemListElement":[{"@type":"ListItem","@id":"https:\/\/triciclo.eco.br\/en#listItem","position":1,"name":"In\u00edcio","item":"https:\/\/triciclo.eco.br\/en","nextItem":{"@type":"ListItem","@id":"https:\/\/triciclo.eco.br\/en\/project\/#listItem","name":"Projects"}},{"@type":"ListItem","@id":"https:\/\/triciclo.eco.br\/en\/project\/#listItem","position":2,"name":"Projects","item":"https:\/\/triciclo.eco.br\/en\/project\/","nextItem":{"@type":"ListItem","@id":"https:\/\/triciclo.eco.br\/en\/project_category\/doacao\/#listItem","name":"Doa\u00e7\u00e3o"},"previousItem":{"@type":"ListItem","@id":"https:\/\/triciclo.eco.br\/en#listItem","name":"In\u00edcio"}},{"@type":"ListItem","@id":"https:\/\/triciclo.eco.br\/en\/project_category\/doacao\/#listItem","position":3,"name":"Doa\u00e7\u00e3o","item":"https:\/\/triciclo.eco.br\/en\/project_category\/doacao\/","nextItem":{"@type":"ListItem","@id":"https:\/\/triciclo.eco.br\/en\/project\/fada-manaus-entra-para-o-quadro-da-triciclo-de-instituicoes-filantropicas-para-doacoes\/#listItem","name":"FADA Manaus entra para o quadro da Triciclo de institui\u00e7\u00f5es filantr\u00f3picas para doa\u00e7\u00f5es"},"previousItem":{"@type":"ListItem","@id":"https:\/\/triciclo.eco.br\/en\/project\/#listItem","name":"Projects"}},{"@type":"ListItem","@id":"https:\/\/triciclo.eco.br\/en\/project\/fada-manaus-entra-para-o-quadro-da-triciclo-de-instituicoes-filantropicas-para-doacoes\/#listItem","position":4,"name":"FADA Manaus entra para o quadro da Triciclo de institui\u00e7\u00f5es filantr\u00f3picas para doa\u00e7\u00f5es","previousItem":{"@type":"ListItem","@id":"https:\/\/triciclo.eco.br\/en\/project_category\/doacao\/#listItem","name":"Doa\u00e7\u00e3o"}}]},{"@type":"Organization","@id":"https:\/\/triciclo.eco.br\/en\/#organization","name":"Ambipar Triciclo Solu\u00e7\u00f5es Sustent\u00e1veis","description":"Solu\u00e7\u00f5es Sustent\u00e1veis","url":"https:\/\/triciclo.eco.br\/en\/","telephone":"+551134295050","logo":{"@type":"ImageObject","url":"https:\/\/triciclo.eco.br\/wp-content\/uploads\/2023\/08\/Triciclo.jpg","@id":"https:\/\/triciclo.eco.br\/en\/project\/fada-manaus-entra-para-o-quadro-da-triciclo-de-instituicoes-filantropicas-para-doacoes\/#organizationLogo","width":113,"height":113},"image":{"@id":"https:\/\/triciclo.eco.br\/en\/project\/fada-manaus-entra-para-o-quadro-da-triciclo-de-instituicoes-filantropicas-para-doacoes\/#organizationLogo"},"sameAs":["https:\/\/www.facebook.com\/ambipar.triciclo","https:\/\/twitter.com\/AmbiparTriciclo","https:\/\/www.instagram.com\/triciclo_retornamachine\/","https:\/\/www.youtube.com\/@TricicloSolucoesSustentaveis","https:\/\/www.linkedin.com\/company\/triciclo-solues-sustentveis\/"]},{"@type":"Person","@id":"https:\/\/triciclo.eco.br\/en\/author\/triciclo\/#author","url":"https:\/\/triciclo.eco.br\/en\/author\/triciclo\/","name":"Triciclo","image":{"@type":"ImageObject","@id":"https:\/\/triciclo.eco.br\/en\/project\/fada-manaus-entra-para-o-quadro-da-triciclo-de-instituicoes-filantropicas-para-doacoes\/#authorImage","url":"https:\/\/secure.gravatar.com\/avatar\/8031027e39acb0f958577a55663464ac1cd1ffb991a23bf69b3ffbe38b0ecfbf?s=96&d=mm&r=g","width":96,"height":96,"caption":"Triciclo"}},{"@type":"WebPage","@id":"https:\/\/triciclo.eco.br\/en\/project\/fada-manaus-entra-para-o-quadro-da-triciclo-de-instituicoes-filantropicas-para-doacoes\/#webpage","url":"https:\/\/triciclo.eco.br\/en\/project\/fada-manaus-entra-para-o-quadro-da-triciclo-de-instituicoes-filantropicas-para-doacoes\/","name":"FADA Manaus entra para o quadro da Triciclo de institui\u00e7\u00f5es filantr\u00f3picas para doa\u00e7\u00f5es - Ambipar Triciclo","description":"FADA MANAUS ENTRA PARA O QUADRO DA TRICICLO DE INSTITUI\u00c7\u00d5ES FILANTR\u00d3PICAS PARA DOA\u00c7\u00d5ES Atualmente existem 6 institui\u00e7\u00f5es filantr\u00f3picas no quadro de doa\u00e7\u00f5es da Triciclo e agora, uma nova institui\u00e7\u00e3o foi inclu\u00edda em resultado \u00e0 parceria com a Prefeitura de Manaus. A FADA, Funda\u00e7\u00e3o de apoio \u00e0 pessoas com defici\u00eancia, oferece servi\u00e7os gratuitos de sa\u00fade e","inLanguage":"en-US","isPartOf":{"@id":"https:\/\/triciclo.eco.br\/en\/#website"},"breadcrumb":{"@id":"https:\/\/triciclo.eco.br\/en\/project\/fada-manaus-entra-para-o-quadro-da-triciclo-de-instituicoes-filantropicas-para-doacoes\/#breadcrumblist"},"author":{"@id":"https:\/\/triciclo.eco.br\/en\/author\/triciclo\/#author"},"creator":{"@id":"https:\/\/triciclo.eco.br\/en\/author\/triciclo\/#author"},"image":{"@type":"ImageObject","url":"https:\/\/triciclo.eco.br\/wp-content\/uploads\/2021\/11\/MicrosoftTeams-image-7.jpg","@id":"https:\/\/triciclo.eco.br\/en\/project\/fada-manaus-entra-para-o-quadro-da-triciclo-de-instituicoes-filantropicas-para-doacoes\/#mainImage","width":1675,"height":1260},"primaryImageOfPage":{"@id":"https:\/\/triciclo.eco.br\/en\/project\/fada-manaus-entra-para-o-quadro-da-triciclo-de-instituicoes-filantropicas-para-doacoes\/#mainImage"},"datePublished":"2021-11-30T17:00:30-03:00","dateModified":"2021-11-30T14:07:23-03:00"},{"@type":"WebSite","@id":"https:\/\/triciclo.eco.br\/en\/#website","url":"https:\/\/triciclo.eco.br\/en\/","name":"Ambipar Triciclo","alternateName":"Triciclo","description":"Solu\u00e7\u00f5es Sustent\u00e1veis","inLanguage":"en-US","publisher":{"@id":"https:\/\/triciclo.eco.br\/en\/#organization"}}]},"og:locale":"en_US","og:site_name":"Ambipar Triciclo - Solu\u00e7\u00f5es Sustent\u00e1veis","og:type":"article","og:title":"FADA Manaus entra para o quadro da Triciclo de institui\u00e7\u00f5es filantr\u00f3picas para doa\u00e7\u00f5es - Ambipar Triciclo","og:description":"FADA MANAUS ENTRA PARA O QUADRO DA TRICICLO DE INSTITUI\u00c7\u00d5ES FILANTR\u00d3PICAS PARA DOA\u00c7\u00d5ES Atualmente existem 6 institui\u00e7\u00f5es filantr\u00f3picas no quadro de doa\u00e7\u00f5es da Triciclo e agora, uma nova institui\u00e7\u00e3o foi inclu\u00edda em resultado \u00e0 parceria com a Prefeitura de Manaus. A FADA, Funda\u00e7\u00e3o de apoio \u00e0 pessoas com defici\u00eancia, oferece servi\u00e7os gratuitos de sa\u00fade e","og:url":"https:\/\/triciclo.eco.br\/en\/project\/fada-manaus-entra-para-o-quadro-da-triciclo-de-instituicoes-filantropicas-para-doacoes\/","og:image":"https:\/\/triciclo.eco.br\/wp-content\/uploads\/2023\/08\/triciclo-logo-1.png","og:image:secure_url":"https:\/\/triciclo.eco.br\/wp-content\/uploads\/2023\/08\/triciclo-logo-1.png","og:image:width":200,"og:image:height":200,"article:published_time":"2021-11-30T20:00:30+00:00","article:modified_time":"2021-11-30T17:07:23+00:00","article:publisher":"https:\/\/www.facebook.com\/ambipar.triciclo","twitter:card":"summary_large_image","twitter:site":"@AmbiparTriciclo","twitter:title":"FADA Manaus entra para o quadro da Triciclo de institui\u00e7\u00f5es filantr\u00f3picas para doa\u00e7\u00f5es - Ambipar Triciclo","twitter:description":"FADA MANAUS ENTRA PARA O QUADRO DA TRICICLO DE INSTITUI\u00c7\u00d5ES FILANTR\u00d3PICAS PARA DOA\u00c7\u00d5ES Atualmente existem 6 institui\u00e7\u00f5es filantr\u00f3picas no quadro de doa\u00e7\u00f5es da Triciclo e agora, uma nova institui\u00e7\u00e3o foi inclu\u00edda em resultado \u00e0 parceria com a Prefeitura de Manaus. A FADA, Funda\u00e7\u00e3o de apoio \u00e0 pessoas com defici\u00eancia, oferece servi\u00e7os gratuitos de sa\u00fade e","twitter:creator":"@AmbiparTriciclo","twitter:image":"https:\/\/triciclo.eco.br\/wp-content\/uploads\/2023\/08\/Triciclo.jpg"},"aioseo_meta_data":{"post_id":"228208","title":null,"description":null,"keywords":null,"keyphrases":null,"primary_term":null,"canonical_url":null,"og_title":null,"og_description":null,"og_object_type":"default","og_image_type":"default","og_image_url":null,"og_image_width":null,"og_image_height":null,"og_image_custom_url":null,"og_image_custom_fields":null,"og_video":null,"og_custom_url":null,"og_article_section":null,"og_article_tags":null,"twitter_use_og":false,"twitter_card":"default","twitter_image_type":"default","twitter_image_url":null,"twitter_image_custom_url":null,"twitter_image_custom_fields":null,"twitter_title":null,"twitter_description":null,"schema":{"blockGraphs":[],"customGraphs":[],"default":{"data":{"Article":[],"Course":[],"Dataset":[],"FAQPage":[],"Movie":[],"Person":[],"Product":[],"ProductReview":[],"Car":[],"Recipe":[],"Service":[],"SoftwareApplication":[],"WebPage":[]},"graphName":"","isEnabled":true},"graphs":[]},"schema_type":"default","schema_type_options":null,"pillar_content":false,"robots_default":true,"robots_noindex":false,"robots_noarchive":false,"robots_nosnippet":false,"robots_nofollow":false,"robots_noimageindex":false,"robots_noodp":false,"robots_notranslate":false,"robots_max_snippet":null,"robots_max_videopreview":null,"robots_max_imagepreview":"large","priority":null,"frequency":null,"local_seo":null,"breadcrumb_settings":null,"limit_modified_date":false,"ai":null,"created":"2023-08-29 19:00:25","updated":"2025-08-01 16:44:06","focus_keyword":null,"additional_keywords":null,"truseo_locale":null,"seo_analyzer_scan_date":null},"aioseo_breadcrumb":"<div class=\"aioseo-breadcrumbs\"><span class=\"aioseo-breadcrumb\">\n\t\t\t<a href=\"https:\/\/triciclo.eco.br\/en\" title=\"In\u00edcio\">In\u00edcio<\/a>\n\t\t<\/span><span class=\"aioseo-breadcrumb-separator\">&raquo;<\/span><span class=\"aioseo-breadcrumb\">\n\t\t\t<a href=\"https:\/\/triciclo.eco.br\/en\/project\/\" title=\"Projects\">Projects<\/a>\n\t\t<\/span><span class=\"aioseo-breadcrumb-separator\">&raquo;<\/span><span class=\"aioseo-breadcrumb\">\n\t\t\t<a href=\"https:\/\/triciclo.eco.br\/en\/project_category\/doacao\/\" title=\"Doa\u00e7\u00e3o\">Doa\u00e7\u00e3o<\/a>\n\t\t<\/span><span class=\"aioseo-breadcrumb-separator\">&raquo;<\/span><span class=\"aioseo-breadcrumb\">\n\t\t\tFADA Manaus entra para o quadro da Triciclo de institui\u00e7\u00f5es filantr\u00f3picas para doa\u00e7\u00f5es\n\t\t<\/span><\/div>","aioseo_breadcrumb_json":[{"label":"In\u00edcio","link":"https:\/\/triciclo.eco.br\/en"},{"label":"Projects","link":"https:\/\/triciclo.eco.br\/en\/project\/"},{"label":"Doa\u00e7\u00e3o","link":"https:\/\/triciclo.eco.br\/en\/project_category\/doacao\/"},{"label":"FADA Manaus entra para o quadro da Triciclo de institui\u00e7\u00f5es filantr\u00f3picas para doa\u00e7\u00f5es","link":"https:\/\/triciclo.eco.br\/en\/project\/fada-manaus-entra-para-o-quadro-da-triciclo-de-instituicoes-filantropicas-para-doacoes\/"}],"jetpack_sharing_enabled":true,"_links":{"self":[{"href":"https:\/\/triciclo.eco.br\/en\/wp-json\/wp\/v2\/project\/228208","targetHints":{"allow":["GET"]}}],"collection":[{"href":"https:\/\/triciclo.eco.br\/en\/wp-json\/wp\/v2\/project"}],"about":[{"href":"https:\/\/triciclo.eco.br\/en\/wp-json\/wp\/v2\/types\/project"}],"author":[{"embeddable":true,"href":"https:\/\/triciclo.eco.br\/en\/wp-json\/wp\/v2\/users\/2"}],"replies":[{"embeddable":true,"href":"https:\/\/triciclo.eco.br\/en\/wp-json\/wp\/v2\/comments?post=228208"}],"version-history":[{"count":6,"href":"https:\/\/triciclo.eco.br\/en\/wp-json\/wp\/v2\/project\/228208\/revisions"}],"predecessor-version":[{"id":228217,"href":"https:\/\/triciclo.eco.br\/en\/wp-json\/wp\/v2\/project\/228208\/revisions\/228217"}],"wp:featuredmedia":[{"embeddable":true,"href":"https:\/\/triciclo.eco.br\/en\/wp-json\/wp\/v2\/media\/228215"}],"wp:attachment":[{"href":"https:\/\/triciclo.eco.br\/en\/wp-json\/wp\/v2\/media?parent=228208"}],"wp:term":[{"taxonomy":"project_category","embeddable":true,"href":"https:\/\/triciclo.eco.br\/en\/wp-json\/wp\/v2\/project_category?post=228208"},{"taxonomy":"project_tag","embeddable":true,"href":"https:\/\/triciclo.eco.br\/en\/wp-json\/wp\/v2\/project_tag?post=228208"}],"curies":[{"name":"wp","href":"https:\/\/api.w.org\/{rel}","templated":true}]}}