{"id":231753,"date":"2024-05-31T10:12:35","date_gmt":"2024-05-31T13:12:35","guid":{"rendered":"https:\/\/triciclo.eco.br\/?page_id=231753"},"modified":"2024-06-14T19:02:39","modified_gmt":"2024-06-14T22:02:39","slug":"semana-do-meio-ambiente-2024","status":"publish","type":"page","link":"https:\/\/triciclo.eco.br\/es\/semana-do-meio-ambiente-2024\/","title":{"rendered":"Semana do Meio Ambiente 2024"},"content":{"rendered":"<p>[et_pb_section fb_built=&#8221;1&#8243; _builder_version=&#8221;4.20.2&#8243; _module_preset=&#8221;default&#8221; background_image=&#8221;https:\/\/triciclo.eco.br\/wp-content\/uploads\/2024\/05\/BG-Semana-do-Meio-Ambiente-1-scaled.jpg&#8221; global_colors_info=&#8221;{}&#8221;][et_pb_row _builder_version=&#8221;4.20.2&#8243; _module_preset=&#8221;default&#8221;][et_pb_column _builder_version=&#8221;4.20.2&#8243; _module_preset=&#8221;default&#8221; type=&#8221;4_4&#8243;][et_pb_image src=&#8221;https:\/\/triciclo.eco.br\/wp-content\/uploads\/2024\/05\/Mundo.png&#8221; alt=&#8221;Mundo &#8211; Semana do Meio Ambiente 2024&#8243; title_text=&#8221;Mundo&#8221; _builder_version=&#8221;4.20.2&#8243; _module_preset=&#8221;default&#8221; width=&#8221;45%&#8221; module_alignment=&#8221;center&#8221; global_colors_info=&#8221;{}&#8221;][\/et_pb_image][\/et_pb_column][\/et_pb_row][et_pb_row _builder_version=&#8221;4.20.2&#8243; _module_preset=&#8221;default&#8221; background_color=&#8221;#ffffff&#8221; custom_margin=&#8221;21px||||false|false&#8221; border_radii=&#8221;on|15px|15px|15px|15px&#8221; global_colors_info=&#8221;{}&#8221; hover_enabled=&#8221;0&#8243; sticky_enabled=&#8221;0&#8243;][et_pb_column type=&#8221;4_4&#8243; _builder_version=&#8221;4.20.2&#8243; _module_preset=&#8221;default&#8221; global_colors_info=&#8221;{}&#8221;][et_pb_text _builder_version=&#8221;4.20.2&#8243; _module_preset=&#8221;default&#8221; text_font=&#8221;Poppins|800|||||||&#8221; text_text_color=&#8221;#FFFFFF&#8221; text_font_size=&#8221;40px&#8221; background_color=&#8221;#005b00&#8243; text_orientation=&#8221;center&#8221; module_alignment=&#8221;center&#8221; custom_margin=&#8221;-32px||||false|false&#8221; custom_padding=&#8221;40px||50px||false|false&#8221; hover_enabled=&#8221;0&#8243; text_font_size_tablet=&#8221;40px&#8221; text_font_size_phone=&#8221;26px&#8221; text_font_size_last_edited=&#8221;on|phone&#8221; border_radii=&#8221;off|16px|16px||&#8221; global_colors_info=&#8221;{}&#8221; sticky_enabled=&#8221;0&#8243; admin_label=&#8221;#vencedores&#8221;]<\/p>\n<p>VENCEDORES<\/p>\n<p>[\/et_pb_text][et_pb_text _builder_version=&#8221;4.20.2&#8243; _module_preset=&#8221;default&#8221; text_font=&#8221;Poppins|500|||||||&#8221; text_text_color=&#8221;#1f5c00&#8243; text_font_size=&#8221;17px&#8221; background_color=&#8221;#ffffff&#8221; text_orientation=&#8221;center&#8221; custom_margin=&#8221;||||false|false&#8221; custom_padding=&#8221;7px|20px|35px|20px|false|false&#8221; text_font_size_tablet=&#8221;19px&#8221; text_font_size_phone=&#8221;14px&#8221; text_font_size_last_edited=&#8221;on|phone&#8221; border_radii=&#8221;on|6px|6px|6px|6px&#8221; global_colors_info=&#8221;{}&#8221; admin_label=&#8221;#vencedores&#8221; hover_enabled=&#8221;0&#8243; sticky_enabled=&#8221;0&#8243;]<\/p>\n<p style=\"text-align: center;\"><strong>ISA CTEEP<\/strong><br \/>MarianaM V Araujo<br \/>AlexSandro de Melo<br \/>GeovanaGomes<br \/>LeandroToshio Kitazono<br \/>Jussara Oda<br \/>MilenaAlmeida Marques de Carvalho<br \/>Sharon Evelyce Lima Juriaans<\/p>\n<p><strong>SuperBH<\/strong><br \/>Jos\u00e9 LanaLana<br \/>CarinePires<br \/>AdeniMaia<\/p>\n<p><strong>Prefeitura de Itu<\/strong><br \/>ValterCorrea Leme<br \/>Ana Paula Couto dos Santos<br \/>WilberBueno<\/p>\n<p><strong>Colgate<\/strong><br \/>Pedro HenriqueGon\u00e7alves<br \/>Sidnei Viana deOliveira<br \/>RamonaRamos Gon\u00e7alves Laiola<\/p>\n<p><strong>Hospital S\u00edrio Liban\u00eas<\/strong><br \/>MarianeBarbosa<br \/>lucineaNascimento<\/p>\n<p><strong>Hospital Real Portugu\u00eas<\/strong><br \/>VitoriaMarinho<br \/>Milene Ferreira da Silva<br \/>Marconi Gon\u00e7alves<\/p>\n<p><strong>Amazon 360<\/strong><br \/>Ant\u00f4nioLuis Alves Gomes<br \/>RaurildesMarques Brandao<br \/>LeomarCosta<\/p>\n<p><strong>Neoenergia Elektro<\/strong><br \/>Laura MariaWolff<br \/>Nilza Terezinha Augusto Sentinella<br \/>AdrianaClaudia Viola<\/p>\n<p><strong>Neoenergia Bras\u00edlia<\/strong><br \/>MILAYNECARVALHO<br \/>juliomarquez<br \/>nataliaovchinnikova<\/p>\n<p><strong>Neoenergia Coelba<\/strong><br \/>Edna De Araujo Brito<br \/>fernandaalmeida<br \/>jamiledias<\/p>\n<p><strong>Neoenergia Pernambuco<\/strong><br \/>rinaldoxavier<br \/>anabiatrizbiatriz<br \/>talyasouza<\/p>\n<p><strong>Neoenergia Cosern<\/strong><br \/>Romulode Almeida Sartoretto<br \/>Francisco de AssisP V de Arruda<br \/>J\u00e9ssica LouiseRocha Cavalcante<\/p>\n<p><strong>SENAC<\/strong><br \/>paulasoares<br \/>WalterRibeiro de Vasconcelos<br \/>EduardoLoureiro Pereira<\/p>\n<p><strong>SESC<\/strong><br \/>Vit\u00f3riaVerediano<br \/>Marcus Roberto Mendon\u00e7a<br \/>Ana CarolinaMonteiro<\/p>\n<p><strong>Metr\u00f4<\/strong><br \/>Leonardo Lopes da Costa<br \/>V\u00edvian Cabral<br \/>LeandroToshio Kitazono<\/p>\n<p><strong>ASSERJ<\/strong><br \/>Phelippe Jos\u00e9 Salles Gianfaldoni<br \/>Diego Sousa<br \/>FlavioEduardo<\/p>\n<p><strong>IFeS<\/strong><br \/>Julia Huber<br \/>MadalenaAzevedo<br \/>AndreGennari<\/p>\n<p><strong>GPA<\/strong><br \/>MarcioDi<br \/>Alexandre de Freitas Aveiro<br \/>BeatrizGokita<\/p>\n<p><strong>ABEA\u00c7O<\/strong><br \/>Fabio FossaFossa<br \/>EduardoGonzaga<br \/>Jose ManoelDe Freitas<\/p>\n<p>[\/et_pb_text][\/et_pb_column][\/et_pb_row][et_pb_row _builder_version=&#8221;4.20.2&#8243; _module_preset=&#8221;default&#8221; custom_padding=&#8221;||0px|||&#8221; global_colors_info=&#8221;{}&#8221;][et_pb_column type=&#8221;4_4&#8243; _builder_version=&#8221;4.20.2&#8243; _module_preset=&#8221;default&#8221; global_colors_info=&#8221;{}&#8221;][et_pb_text _builder_version=&#8221;4.20.2&#8243; _module_preset=&#8221;default&#8221; text_font=&#8221;Poppins|800|||||||&#8221; text_text_color=&#8221;#FFFFFF&#8221; text_font_size=&#8221;40px&#8221; background_color=&#8221;#005b00&#8243; text_orientation=&#8221;center&#8221; module_alignment=&#8221;center&#8221; custom_margin=&#8221;58px||-22px||false|false&#8221; custom_padding=&#8221;40px||38px||false|false&#8221; text_font_size_tablet=&#8221;40px&#8221; text_font_size_phone=&#8221;26px&#8221; text_font_size_last_edited=&#8221;on|phone&#8221; border_radii=&#8221;off|16px|16px||&#8221; global_colors_info=&#8221;{}&#8221;]<\/p>\n<p>01 A 07 DE JUNHO<\/p>\n<p>[\/et_pb_text][\/et_pb_column][\/et_pb_row][et_pb_row column_structure=&#8221;1_2,1_2&#8243; _builder_version=&#8221;4.20.2&#8243; _module_preset=&#8221;default&#8221; background_color=&#8221;#ffffff&#8221; border_radii=&#8221;on|16px|16px|16px|16px&#8221; global_colors_info=&#8221;{}&#8221;][et_pb_column type=&#8221;1_2&#8243; _builder_version=&#8221;4.20.2&#8243; _module_preset=&#8221;default&#8221; global_colors_info=&#8221;{}&#8221;][et_pb_image src=&#8221;https:\/\/triciclo.eco.br\/wp-content\/uploads\/2024\/05\/ifooCard.png&#8221; alt=&#8221;IfoodCard&#8221; title_text=&#8221;ifooCard&#8221; align=&#8221;right&#8221; align_tablet=&#8221;right&#8221; align_phone=&#8221;center&#8221; align_last_edited=&#8221;on|phone&#8221; _builder_version=&#8221;4.20.2&#8243; _module_preset=&#8221;default&#8221; width=&#8221;49%&#8221; width_tablet=&#8221;49%&#8221; width_phone=&#8221;58%&#8221; width_last_edited=&#8221;on|phone&#8221; custom_margin=&#8221;|||161px||&#8221; custom_margin_tablet=&#8221;|||161px||&#8221; custom_margin_phone=&#8221;|||0px|false|false&#8221; custom_margin_last_edited=&#8221;on|phone&#8221; module_alignment_tablet=&#8221;&#8221; module_alignment_phone=&#8221;center&#8221; module_alignment_last_edited=&#8221;on|phone&#8221; global_colors_info=&#8221;{}&#8221;][\/et_pb_image][\/et_pb_column][et_pb_column type=&#8221;1_2&#8243; _builder_version=&#8221;4.20.2&#8243; _module_preset=&#8221;default&#8221; global_colors_info=&#8221;{}&#8221;][et_pb_text _builder_version=&#8221;4.20.2&#8243; _module_preset=&#8221;default&#8221; text_font=&#8221;Poppins|800|||||||&#8221; text_text_color=&#8221;#1f5c00&#8243; text_font_size=&#8221;32px&#8221; text_line_height=&#8221;1.2em&#8221; background_enable_color=&#8221;off&#8221; width=&#8221;100%&#8221; custom_margin=&#8221;|||-90px||&#8221; custom_margin_tablet=&#8221;|||-90px||&#8221; custom_margin_phone=&#8221;|||0px|false|false&#8221; custom_margin_last_edited=&#8221;on|phone&#8221; custom_padding=&#8221;58px|0px|35px|20px|false|false&#8221; custom_padding_tablet=&#8221;58px|0px|35px|20px|false|false&#8221; custom_padding_phone=&#8221;16px|5px|35px|5px|false|false&#8221; custom_padding_last_edited=&#8221;on|phone&#8221; text_font_size_tablet=&#8221;32px&#8221; text_font_size_phone=&#8221;20px&#8221; text_font_size_last_edited=&#8221;on|phone&#8221; text_orientation_tablet=&#8221;&#8221; text_orientation_phone=&#8221;center&#8221; text_orientation_last_edited=&#8221;on|phone&#8221; border_radii=&#8221;on|6px|6px|6px|6px&#8221; global_colors_info=&#8221;{}&#8221;]<\/p>\n<p>Os <span style=\"text-decoration: underline;\">3 usu\u00e1rios de cada parceiro<\/span> que mais reciclarem nas Retorna Machines* ser\u00e3o premiados com 4 vouchers de IfoodCard!<\/p>\n<p>[\/et_pb_text][\/et_pb_column][\/et_pb_row][et_pb_row _builder_version=&#8221;4.20.2&#8243; _module_preset=&#8221;default&#8221; background_color=&#8221;#ffffff&#8221; custom_margin=&#8221;15px||||false|false&#8221; custom_padding=&#8221;||||false|false&#8221; border_radii=&#8221;on|20px|20px|20px|20px&#8221; global_colors_info=&#8221;{}&#8221;][et_pb_column type=&#8221;4_4&#8243; _builder_version=&#8221;4.20.2&#8243; _module_preset=&#8221;default&#8221; global_colors_info=&#8221;{}&#8221;][et_pb_text _builder_version=&#8221;4.20.2&#8243; _module_preset=&#8221;default&#8221; text_font=&#8221;Poppins|800|||||||&#8221; text_text_color=&#8221;#FFFFFF&#8221; text_font_size=&#8221;40px&#8221; background_color=&#8221;#005b00&#8243; text_orientation=&#8221;center&#8221; module_alignment=&#8221;center&#8221; custom_margin=&#8221;-32px||||false|false&#8221; custom_padding=&#8221;40px||50px||false|false&#8221; text_font_size_tablet=&#8221;40px&#8221; text_font_size_phone=&#8221;26px&#8221; text_font_size_last_edited=&#8221;on|phone&#8221; border_radii=&#8221;off|16px|16px||&#8221; global_colors_info=&#8221;{}&#8221;]<\/p>\n<p>PARCEIROS<\/p>\n<p>[\/et_pb_text][difl_justifiedgallery gallery=&#8221;231768,231776,231778,231774,231769,231780,231773,231772,231771,231770,231779,231797,231798,231799,231800&#8243; image_size=&#8221;original&#8221; rowheight=&#8221;52&#8243; space_between=&#8221;51&#8243; _builder_version=&#8221;4.20.2&#8243; _module_preset=&#8221;default&#8221; global_colors_info=&#8221;{}&#8221;][\/difl_justifiedgallery][\/et_pb_column][\/et_pb_row][et_pb_row _builder_version=&#8221;4.20.2&#8243; _module_preset=&#8221;default&#8221; background_color=&#8221;#ffffff&#8221; custom_margin=&#8221;21px||||false|false&#8221; border_radii=&#8221;on|15px|15px|15px|15px&#8221; global_colors_info=&#8221;{}&#8221;][et_pb_column type=&#8221;4_4&#8243; _builder_version=&#8221;4.20.2&#8243; _module_preset=&#8221;default&#8221; global_colors_info=&#8221;{}&#8221;][et_pb_text _builder_version=&#8221;4.20.2&#8243; _module_preset=&#8221;default&#8221; text_font=&#8221;Poppins|800|||||||&#8221; text_text_color=&#8221;#FFFFFF&#8221; text_font_size=&#8221;40px&#8221; background_color=&#8221;#005b00&#8243; text_orientation=&#8221;center&#8221; module_alignment=&#8221;center&#8221; custom_margin=&#8221;-32px||||false|false&#8221; custom_padding=&#8221;40px||50px||false|false&#8221; text_font_size_tablet=&#8221;40px&#8221; text_font_size_phone=&#8221;26px&#8221; text_font_size_last_edited=&#8221;on|phone&#8221; border_radii=&#8221;off|16px|16px||&#8221; global_colors_info=&#8221;{}&#8221;]<\/p>\n<p>REGULAMENTO<\/p>\n<p>[\/et_pb_text][et_pb_text _builder_version=&#8221;4.20.2&#8243; _module_preset=&#8221;default&#8221; text_font=&#8221;Poppins|500|||||||&#8221; text_text_color=&#8221;#1f5c00&#8243; text_font_size=&#8221;17px&#8221; background_color=&#8221;#ffffff&#8221; text_orientation=&#8221;center&#8221; custom_margin=&#8221;||||false|false&#8221; custom_padding=&#8221;7px|20px|35px|20px|false|false&#8221; text_font_size_tablet=&#8221;19px&#8221; text_font_size_phone=&#8221;14px&#8221; text_font_size_last_edited=&#8221;on|phone&#8221; border_radii=&#8221;on|6px|6px|6px|6px&#8221; global_colors_info=&#8221;{}&#8221;]<\/p>\n<p style=\"text-align: left;\">O Concurso \u201c<strong>Recicla que retorna<\/strong>\u201d, desenvolvido pela Ambipar Triciclo tem como objetivo incentivar o retorno adequado das embalagens p\u00f3s consumo, durante a semana do Meio ambiente 2024, bem como engajar o consumidor final as atitudes mais sustent\u00e1veis.<\/p>\n<p style=\"text-align: left;\">O Concurso pretende mobilizar a popula\u00e7\u00e3o em geral, para o descarte adequado das embalagens p\u00f3s consumo nos pontos da Retorna Machine.<\/p>\n<p style=\"text-align: left;\">A campanha s\u00f3 ser\u00e1 v\u00e1lida para as m\u00e1quinas nos parceiros participantes localizadas abaixo:<\/p>\n<p style=\"text-align: left;\"><strong>ISA CTEEP:<\/strong><br \/>Sede ISA CTEEP<\/p>\n<p style=\"text-align: left;\"><strong>S\u00edrio Liban\u00eas:<\/strong><br \/>Hospital S\u00edrio Liban\u00eas<\/p>\n<p style=\"text-align: left;\"><strong>SuperBH:<\/strong><br \/>Supermercado BH &#8211; Bairro Cabral &#8211; Loja 169<br \/>Supermercado BH &#8211; Buritis &#8211; Loja 163<br \/>Supermercado BH &#8211; Cai\u00e7ara &#8211; Loja 89<br \/>Supermercado BH &#8211; Caieiras &#8211; Loja 125<br \/>Supermercado BH &#8211; Eldorado &#8211; Loja 164<br \/>Supermercado BH &#8211; Itatiaia &#8211; Loja 168<br \/>Supermercado BH &#8211; Jardim Ros\u00e1rio &#8211; Loja 105<br \/>Supermercado BH &#8211; Palmares &#8211; Loja 242<br \/>Supermercado BH &#8211; Parque Riachuelo &#8211; Loja 81<br \/>Supermercado BH Dom Joaquim &#8211; Loja 156<\/p>\n<p style=\"text-align: left;\"><strong>P\u00e3o de a\u00e7\u00facar:<\/strong><br \/>P\u00e3o de A\u00e7\u00facar \u2013 Unidade Vila Romana<br \/>P\u00e3o de A\u00e7\u00facar \u2013 Unidade Mandaqui<br \/>Sede GPA<br \/>P\u00e3o de A\u00e7\u00facar (S\u00e3o Gerardo) &#8211; Fortaleza<br \/>P\u00e3o de A\u00e7\u00facar \u2013 Unidade Morumbi Marginal<br \/>P\u00e3o de A\u00e7\u00facar \u2013 Unidade Brigadeiro<br \/>P\u00e3o de A\u00e7\u00facar \u2013 Unidade Augusto Tolle<\/p>\n<p style=\"text-align: left;\"><strong>Retorna Machines em Itu:<\/strong><br \/>Garagem Prefeitura<br \/>Parque do Varvito<br \/>Rodoviaria ITU<br \/>Rede Saber IV &#8211; Pirapitingui<br \/>Cidade da Crian\u00e7a<br \/>Mercado Municipal ITU<br \/>Gin\u00e1sio Municipal Novelli Junior<br \/>Grupo Da Melhor Idade De Itu<br \/>Subprefeitura do Pirapitingui<br \/>Fundo Social de Solidariedade<\/p>\n<p style=\"text-align: left;\"><strong>Neoenergia &#8211; DF<\/strong><br \/>Carrefour Bairro Asa Norte II<br \/>Carrefour Bairro Asa Sul I<br \/>Carrefour Bairro Bom Motivo<br \/>Carrefour Guara<br \/>Carrefour Hipermercado &#8211; \u00c1guas Claras<br \/>Carrefour Hipermercado Asa Norte &#8211; Boulevard Shopping Bras\u00edlia<br \/>Metr\u00f4 &#8211; Esta\u00e7\u00e3o \u00c1guas Claras<br \/>Sesi Lab<br \/>Shopping Conjunto Nacional<br \/>Ven\u00e2ncio Shopping<\/p>\n<p style=\"text-align: left;\"><strong>Neoenergia &#8211; SP<\/strong><br \/>Big Bom Supermercados<br \/>Buriti Shopping Mogi Gua\u00e7u<br \/>Carrefour Hipermercado &#8211; Guaruj\u00e1<br \/>Covabra Supermercados &#8211; Loja 04<br \/>Covabra Supermercados &#8211; Loja 07<br \/>Covabra Supermercados &#8211; Loja 11<br \/>Covabra Supermercados &#8211; Loja 12<br \/>Covabra Supermercados &#8211; Loja 16<br \/>Covabra Supermercados &#8211; Loja 23<br \/>Covabra Supermercados &#8211; Loja 28<br \/>Fonseca Supermercado &#8211; Loja 05<br \/>Ja\u00fa Serve Supermercados &#8211; Loja 35<br \/>Loja Americanas<br \/>Mercad\u00e3o Atacadista &#8211; Loja 03<br \/>Mercad\u00e3o Atacadista &#8211; Perequ\u00ea<br \/>Nagumo Supermercados &#8211; Loja 32<br \/>Nagumo Supermercados &#8211; Loja 33<br \/>Sede Neoenergia Campinas<br \/>Supermercado Examine &#8211; Loja 02<br \/>Supermercado Examine &#8211; Loja\u202f 03<\/p>\n<p style=\"text-align: left;\"><strong>Neoenergia &#8211; BA<\/strong><br \/>Esta\u00e7\u00e3o BRT Hiper &#8211; Salvador<br \/>Ferreira Costa &#8211; Salvador<br \/>Neoenergia Coelba &#8211; Salvador<br \/>Parque Shopping Bahia &#8211; Lauro de Freitas<br \/>Shopping Barra &#8211; Salvador<\/p>\n<p style=\"text-align: left;\"><strong>Neoenergia &#8211; RN<\/strong><br \/>Carrefour &#8211; Natal<br \/>Favorito &#8211; Natal<br \/>Natal Shopping &#8211; Natal<br \/>NEOENERGIA COSERN &#8211; Natal<br \/>Partage Norte Shopping &#8211; Natal<\/p>\n<p style=\"text-align: left;\"><strong>Neoenergia &#8211; PE<\/strong><br \/>Ferreira Costa Tamarineira &#8211; Recife<br \/>Casa Zero &#8211; Recife<br \/>Shopping Boa Vista &#8211; Recife<br \/>Patteo Olinda Shopping &#8211; Recife<br \/>Shopping Camar\u00e1 &#8211; Recife<br \/>Shopping RioMar &#8211; Recife<br \/>NEOENERGIA PERNAMBUCO SEDE &#8211; Recife<br \/>Shopping Recife &#8211; Recife<br \/>Reserva do Paiva &#8211; Recife<\/p>\n<p style=\"text-align: left;\"><strong>Hospital Portugu\u00eas<\/strong><br \/>Real Hospital Portugu\u00eas I \u2013 Recife<br \/>Real Hospital Portugu\u00eas II &#8211; Recife<\/p>\n<p style=\"text-align: left;\"><strong>DOS PARTICIPANTES<\/strong><\/p>\n<p style=\"text-align: left;\">Artigo 1\u00ba: Poder\u00e3o participar do concurso usu\u00e1rios inscritos no Sistema Triciclo de Fidelidade e Recompensa (\u201cSistema Triciclo\u201d), com p\u00fablico pelo site eletr\u00f4nico https:\/\/triciclo.eco.br\/regulamento\/.<\/p>\n<p style=\"text-align: left;\">Artigo 2\u00ba: Os usu\u00e1rios dever\u00e3o ser residentes e domiciliados de Brasil e regi\u00e3o.<\/p>\n<p style=\"text-align: left;\"><strong>DAS INSCRI\u00c7\u00d5ES<\/strong><\/p>\n<p style=\"text-align: left;\">Artigo 3\u00ba: As inscri\u00e7\u00f5es neste Concurso Cultural ser\u00e3o gratuitas e autom\u00e1ticas para os usu\u00e1rios do sistema residentes e domiciliados de Brasil<\/p>\n<p style=\"text-align: left;\">Artigo 4\u00ba: Para participa\u00e7\u00e3o do interessado no Sistema Triciclo, necess\u00e1rio que o interessado realize seu cadastro, juntamente com o \u201cde acordo\u201d aos termos do Regulamento Triciclo, atrav\u00e9s (i) do site www.triciclo.eco.br, (ii) do aplicativo para smartphone \u201cTriciclo\u201d, (iii) nas Retorna Machine e Recicla Pharma e (iv) em qualquer outro canal dispon\u00edvel, que tenha sido informado pela Triciclo.<\/p>\n<p style=\"text-align: left;\"><strong>DO CONCURSO<\/strong><\/p>\n<p style=\"text-align: left;\">Artigo 5\u00ba: Cada participante poder\u00e1 participar levando as embalagens para os nossos equipamentos Retorna Machine participantes, informados no in\u00edcio desse regulamento. M\u00e1quinas n\u00e3o listadas n\u00e3o ser\u00e3o consideradas.<\/p>\n<p style=\"text-align: left;\">Artigo 6\u00ba: O n\u00famero ilimitado de embalagens ser\u00e1 contabilizado de acordo com a capacidade de cada equipamento Retorna Machine.<\/p>\n<p style=\"text-align: left;\">Artigo 7\u00ba: Cada embalagem equivaler\u00e1 as suas pontua\u00e7\u00f5es definidas.<\/p>\n<p style=\"text-align: left;\">Artigo 8\u00ba: Os equipamentos Retorna Machine est\u00e3o aptos ao recebimento de embalagens p\u00f3s consumo tipo lata de a\u00e7o, lata de alum\u00ednio, garrafas PET, embalagens de vidro, caixas ass\u00e9pticas, de acordo com informa\u00e7\u00f5es de acesso p\u00fablico pelo site eletr\u00f4nico https:\/\/retornamachine.eco.br\/.<\/p>\n<p style=\"text-align: left;\">Artigo 9\u00ba: Para contabiliza\u00e7\u00e3o dos pontos nos equipamentos Retorna Machine, as embalagens depositadas nos equipamentos devem ter o c\u00f3digo de barras leg\u00edvel.<\/p>\n<p style=\"text-align: left;\">Artigo 10\u00ba: N\u00e3o ser\u00e3o aceitas embalagens de outros materiais n\u00e3o relacionados ao artigo 8\u00ba.<\/p>\n<p style=\"text-align: left;\"><strong>DA PREMIA\u00c7\u00c3O<\/strong><\/p>\n<p style=\"text-align: left;\">Artigo 11\u00ba: O pr\u00eamio \u00e9 pessoal e intrasfer\u00edvel. O mesmo n\u00e3o poder\u00e1 ser convertido em dinheiro.<\/p>\n<p style=\"text-align: left;\">Artigo 12\u00ba: O pr\u00eamio ter\u00e1 validade de at\u00e9 7 (Sete) dias ap\u00f3s a divulga\u00e7\u00e3o do vencedor.<\/p>\n<p style=\"text-align: left;\">Artigo 13\u00ba: O pr\u00eamio ser\u00e1 destinado (i) aos 3 usu\u00e1rios, de cada parceiro participante, que mais reciclarem durante o per\u00edodo de 01\/06\/2024 a 07\/06\/2024 nos equipamentos Retorna Machine, e (ii) aos 3 usu\u00e1rios que mais reciclarem embalagens de a\u00e7o durante os dias que durarem a campanha nos equipamentos Retorna Machine.<\/p>\n<p style=\"text-align: left;\">Artigo 14\u00ba: O pr\u00eamio ser\u00e1 disponibilizado pela Triciclo ap\u00f3s o per\u00edodo de apura\u00e7\u00e3o.<\/p>\n<p style=\"text-align: left;\">Artigo 15\u00ba: Os usu\u00e1rios vencedores receber\u00e3o como premia\u00e7\u00e3o quatro vouchers do IFood, no valor de R$5,00 cada.<\/p>\n<p style=\"text-align: left;\">Artigo 16\u00ba: O pr\u00eamio ser\u00e1 disponibilizado Ambipar Triciclo e ser\u00e1 liberado diretamente pelo app na \u00e1rea vouchers e por e-mail.<\/p>\n<p style=\"text-align: left;\"><strong>DO RESULTADO E DA PREMIA\u00c7\u00c3O<\/strong><\/p>\n<p style=\"text-align: left;\">Artigo 17\u00ba: O resultado final deste concurso cultural ser\u00e1 divulgado at\u00e9 14 de junho de 2024 nas redes sociais da Triciclo, pelo aplicativo e por e-mail.<\/p>\n<p style=\"text-align: left;\">Artigo 18\u00ba: Ser\u00e3o v\u00e1lidas e contabilizadas as embalagens depositadas nos equipamentos participantes de 01 de junho de 2024 at\u00e9 07 de junho de 2024.<\/p>\n<p style=\"text-align: left;\"><strong>DISPOSI\u00c7\u00d5ES FINAIS<\/strong><\/p>\n<p style=\"text-align: left;\">Artigo 19\u00ba: N\u00e3o poder\u00e3o concorrer ao pr\u00eamio funcion\u00e1rios Triciclo.<\/p>\n<p style=\"text-align: left;\">Artigo 20\u00ba: A premia\u00e7\u00e3o atribu\u00edda n\u00e3o ser\u00e1 suscet\u00edvel a recursos ou impugna\u00e7\u00f5es.<\/p>\n<p style=\"text-align: left;\">Artigo 21\u00ba: A participa\u00e7\u00e3o no concurso implica no conhecimento e na aceita\u00e7\u00e3o, pelo candidato, de todas as disposi\u00e7\u00f5es deste regulamento.<\/p>\n<p style=\"text-align: left;\">Artigo 22\u00ba: Ser\u00e3o desclassificados os usu\u00e1rios que n\u00e3o atendem as regras deste Regulamento.<\/p>\n<p style=\"text-align: left;\">Artigo 23\u00ba: Os casos omissos ser\u00e3o resolvidos pela Comiss\u00e3o Organizadora composta pela Triciclo Solu\u00e7\u00f5es Sustent\u00e1veis.<\/p>\n<p style=\"text-align: left;\"><strong>DIREITO DE USO DE IMAGEM E DIVULGA\u00c7\u00c3O DE CONTATO<\/strong><\/p>\n<p style=\"text-align: left;\">Artigo 24\u00ba: Ao participar do Concurso &#8220;Recicla que retorna&#8221;, os ganhadores concordam em ceder o direito de uso de sua imagem, caso sejam colaboradores dos parceiros, para fins de divulga\u00e7\u00e3o da campanha, podendo a Ambipar Triciclo solicitar uma foto utilizando o equipamento Retorna Machine para posterior divulga\u00e7\u00e3o nas redes sociais e materiais promocionais.<\/p>\n<p style=\"text-align: left;\">Artigo 25\u00ba: Os ganhadores concordam em permitir que seus contatos sejam divulgados \u00e0 Ambipar Triciclo, a fim de facilitar a entrega dos pr\u00eamios e poss\u00edveis comunica\u00e7\u00f5es relacionadas \u00e0 campanha.<\/p>\n<p style=\"text-align: left;\"><strong>OUTRAS DISPOSI\u00c7\u00d5ES<\/strong><\/p>\n<p style=\"text-align: left;\">Artigo 26\u00ba: Durante o per\u00edodo da campanha, o limite para acumula\u00e7\u00e3o de Tricoins permanecer\u00e1 inalterado, conforme estabelecido no regulamento original do Sistema Triciclo de Fidelidade e Recompensa.<\/p>\n<p style=\"text-align: left;\">Artigo 27\u00ba: Esta promo\u00e7\u00e3o n\u00e3o \u00e9 acumulativa. Os participantes podem reciclar quantas embalagens desejarem para competir no ranking, por\u00e9m, para o registro das Tricoins na conta do usu\u00e1rio, aplicam-se as regras estabelecidas no regulamento original do Sistema Triciclo de Fidelidade e Recompensa.<\/p>\n<p>[\/et_pb_text][\/et_pb_column][\/et_pb_row][\/et_pb_section]<\/p>\n","protected":false},"excerpt":{"rendered":"<p>VENCEDORESISA CTEEPMarianaM V AraujoAlexSandro de MeloGeovanaGomesLeandroToshio KitazonoJussara OdaMilenaAlmeida Marques de CarvalhoSharon Evelyce Lima Juriaans SuperBHJos\u00e9 LanaLanaCarinePiresAdeniMaia Prefeitura de ItuValterCorrea LemeAna Paula Couto dos SantosWilberBueno ColgatePedro HenriqueGon\u00e7alvesSidnei Viana deOliveiraRamonaRamos Gon\u00e7alves Laiola Hospital S\u00edrio Liban\u00easMarianeBarbosalucineaNascimento Hospital Real Portugu\u00easVitoriaMarinhoMilene Ferreira da SilvaMarconi Gon\u00e7alves Amazon 360Ant\u00f4nioLuis Alves GomesRaurildesMarques BrandaoLeomarCosta Neoenergia ElektroLaura MariaWolffNilza Terezinha Augusto SentinellaAdrianaClaudia Viola Neoenergia Bras\u00edliaMILAYNECARVALHOjuliomarqueznataliaovchinnikova Neoenergia [&hellip;]<\/p>\n","protected":false},"author":2,"featured_media":0,"parent":0,"menu_order":0,"comment_status":"closed","ping_status":"closed","template":"","meta":{"_et_pb_use_builder":"on","_et_pb_old_content":"","_et_gb_content_width":"","footnotes":""},"class_list":["post-231753","page","type-page","status-publish","hentry"],"aioseo_notices":[],"jetpack_sharing_enabled":true,"_links":{"self":[{"href":"https:\/\/triciclo.eco.br\/es\/wp-json\/wp\/v2\/pages\/231753","targetHints":{"allow":["GET"]}}],"collection":[{"href":"https:\/\/triciclo.eco.br\/es\/wp-json\/wp\/v2\/pages"}],"about":[{"href":"https:\/\/triciclo.eco.br\/es\/wp-json\/wp\/v2\/types\/page"}],"author":[{"embeddable":true,"href":"https:\/\/triciclo.eco.br\/es\/wp-json\/wp\/v2\/users\/2"}],"replies":[{"embeddable":true,"href":"https:\/\/triciclo.eco.br\/es\/wp-json\/wp\/v2\/comments?post=231753"}],"version-history":[{"count":31,"href":"https:\/\/triciclo.eco.br\/es\/wp-json\/wp\/v2\/pages\/231753\/revisions"}],"predecessor-version":[{"id":231824,"href":"https:\/\/triciclo.eco.br\/es\/wp-json\/wp\/v2\/pages\/231753\/revisions\/231824"}],"wp:attachment":[{"href":"https:\/\/triciclo.eco.br\/es\/wp-json\/wp\/v2\/media?parent=231753"}],"curies":[{"name":"wp","href":"https:\/\/api.w.org\/{rel}","templated":true}]}}