{"id":232856,"date":"2026-03-12T15:42:14","date_gmt":"2026-03-12T18:42:14","guid":{"rendered":"https:\/\/triciclo.eco.br\/?page_id=232856"},"modified":"2026-03-13T00:10:38","modified_gmt":"2026-03-13T03:10:38","slug":"top-reciclador-aco","status":"publish","type":"page","link":"https:\/\/triciclo.eco.br\/es\/top-reciclador-aco\/","title":{"rendered":"Top Recicladores de A\u00e7o"},"content":{"rendered":"<p>[et_pb_section fb_built=&#8221;1&#8243; admin_label=&#8221;section&#8221; _builder_version=&#8221;4.20.2&#8243; background_color=&#8221;#cdff00&#8243; custom_padding=&#8221;41px||3px|||&#8221; global_colors_info=&#8221;{}&#8221;][et_pb_row column_structure=&#8221;1_2,1_2&#8243; admin_label=&#8221;row&#8221; _builder_version=&#8221;4.20.2&#8243; background_size=&#8221;initial&#8221; background_position=&#8221;top_left&#8221; background_repeat=&#8221;repeat&#8221; module_alignment=&#8221;center&#8221; custom_margin=&#8221;|auto||1024px||&#8221; custom_padding=&#8221;0px|||0px||&#8221; global_colors_info=&#8221;{}&#8221;][et_pb_column type=&#8221;1_2&#8243; admin_label=&#8221;Trof\u00e9u A\u00e7o&#8221; _builder_version=&#8221;4.20.2&#8243; custom_padding=&#8221;|||&#8221; global_colors_info=&#8221;{}&#8221; custom_padding__hover=&#8221;|||&#8221;][et_pb_text _builder_version=&#8221;4.20.2&#8243; _module_preset=&#8221;default&#8221; text_font=&#8221;Neo Sans Pro||||||||&#8221; text_text_color=&#8221;#101d21&#8243; text_font_size=&#8221;100px&#8221; text_orientation=&#8221;right&#8221; custom_padding=&#8221;116px|||||&#8221; text_orientation_tablet=&#8221;right&#8221; text_orientation_phone=&#8221;center&#8221; text_orientation_last_edited=&#8221;on|phone&#8221; global_colors_info=&#8221;{}&#8221;]<\/p>\n<p style=\"line-height: 0.5em;\"><strong>TOP<\/strong><\/p>\n<p>[\/et_pb_text][et_pb_text _builder_version=&#8221;4.20.2&#8243; _module_preset=&#8221;default&#8221; text_font=&#8221;Neo Sans Pro Regular||||||||&#8221; text_text_color=&#8221;#101d21&#8243; text_font_size=&#8221;44px&#8221; text_orientation=&#8221;right&#8221; text_orientation_tablet=&#8221;right&#8221; text_orientation_phone=&#8221;center&#8221; text_orientation_last_edited=&#8221;on|phone&#8221; global_colors_info=&#8221;{}&#8221;]<\/p>\n<p style=\"line-height: 0.5em;\">recicladores de<\/p>\n<p>[\/et_pb_text][et_pb_text _builder_version=&#8221;4.20.2&#8243; _module_preset=&#8221;default&#8221; text_font=&#8221;Neo Sans Pro||||||||&#8221; text_text_color=&#8221;#101d21&#8243; text_font_size=&#8221;100px&#8221; text_orientation=&#8221;right&#8221; text_orientation_tablet=&#8221;right&#8221; text_orientation_phone=&#8221;center&#8221; text_orientation_last_edited=&#8221;on|phone&#8221; global_colors_info=&#8221;{}&#8221;]<\/p>\n<p style=\"line-height: 0.5em;\"><strong>A\u00c7O<\/strong><\/p>\n<p>[\/et_pb_text][\/et_pb_column][et_pb_column type=&#8221;1_2&#8243; admin_label=&#8221;Trof\u00e9u A\u00e7o&#8221; _builder_version=&#8221;4.20.2&#8243; custom_padding=&#8221;|||&#8221; global_colors_info=&#8221;{}&#8221; custom_padding__hover=&#8221;|||&#8221;][et_pb_image src=&#8221;https:\/\/triciclo.eco.br\/wp-content\/uploads\/2026\/03\/Trofeu-de-Aco.png&#8221; title_text=&#8221;Trof\u00e9u de A\u00e7o&#8221; align_tablet=&#8221;&#8221; align_phone=&#8221;center&#8221; align_last_edited=&#8221;on|phone&#8221; _builder_version=&#8221;4.20.2&#8243; _module_preset=&#8221;default&#8221; width=&#8221;54%&#8221; width_tablet=&#8221;54%&#8221; width_phone=&#8221;100%&#8221; width_last_edited=&#8221;on|phone&#8221; custom_margin=&#8221;-42px|||3px|false|false&#8221; custom_margin_tablet=&#8221;-42px|||3px|false|false&#8221; custom_margin_phone=&#8221;30px|-37px||3px|false|false&#8221; custom_margin_last_edited=&#8221;on|phone&#8221; custom_padding=&#8221;|||0px||&#8221; global_colors_info=&#8221;{}&#8221;][\/et_pb_image][\/et_pb_column][\/et_pb_row][et_pb_row _builder_version=&#8221;4.20.2&#8243; _module_preset=&#8221;default&#8221; custom_margin=&#8221;50px|auto||auto||&#8221; custom_padding=&#8221;||65px|||&#8221; global_colors_info=&#8221;{}&#8221;][et_pb_column type=&#8221;4_4&#8243; _builder_version=&#8221;4.20.2&#8243; _module_preset=&#8221;default&#8221; global_colors_info=&#8221;{}&#8221;][et_pb_image src=&#8221;https:\/\/triciclo.eco.br\/wp-content\/uploads\/2026\/03\/LOGOS-CAMPANHA.png&#8221; title_text=&#8221;LOGOS CAMPANHA&#8221; align=&#8221;center&#8221; _builder_version=&#8221;4.20.2&#8243; _module_preset=&#8221;default&#8221; global_colors_info=&#8221;{}&#8221;][\/et_pb_image][\/et_pb_column][\/et_pb_row][\/et_pb_section][et_pb_section fb_built=&#8221;1&#8243; _builder_version=&#8221;4.20.2&#8243; _module_preset=&#8221;default&#8221; background_color=&#8221;#101d21&#8243; global_colors_info=&#8221;{}&#8221;][et_pb_row _builder_version=&#8221;4.20.2&#8243; _module_preset=&#8221;default&#8221; global_colors_info=&#8221;{}&#8221;][et_pb_column type=&#8221;4_4&#8243; _builder_version=&#8221;4.20.2&#8243; _module_preset=&#8221;default&#8221; global_colors_info=&#8221;{}&#8221;][et_pb_text _builder_version=&#8221;4.20.2&#8243; _module_preset=&#8221;default&#8221; text_font=&#8221;Neo Sans Pro Regular||||||||&#8221; text_text_color=&#8221;#FFFFFF&#8221; text_font_size=&#8221;19px&#8221; text_orientation=&#8221;center&#8221; global_colors_info=&#8221;{}&#8221;]<\/p>\n<p>DURANTE\u00a0 O PER\u00cdODO<\/p>\n<p>[\/et_pb_text][\/et_pb_column][\/et_pb_row][et_pb_row _builder_version=&#8221;4.20.2&#8243; _module_preset=&#8221;default&#8221; global_colors_info=&#8221;{}&#8221;][et_pb_column type=&#8221;4_4&#8243; _builder_version=&#8221;4.20.2&#8243; _module_preset=&#8221;default&#8221; global_colors_info=&#8221;{}&#8221;][et_pb_text _builder_version=&#8221;4.20.2&#8243; _module_preset=&#8221;default&#8221; text_font=&#8221;Neo Sans Pro Regular||||||||&#8221; text_text_color=&#8221;#cdff00&#8243; text_font_size=&#8221;46px&#8221; text_orientation=&#8221;center&#8221; global_colors_info=&#8221;{}&#8221;]<\/p>\n<p>13\/03 a 13\/04<\/p>\n<p>[\/et_pb_text][\/et_pb_column][\/et_pb_row][et_pb_row _builder_version=&#8221;4.20.2&#8243; _module_preset=&#8221;default&#8221; custom_margin=&#8221;|auto|-30px|auto||&#8221; global_colors_info=&#8221;{}&#8221;][et_pb_column type=&#8221;4_4&#8243; _builder_version=&#8221;4.20.2&#8243; _module_preset=&#8221;default&#8221; global_colors_info=&#8221;{}&#8221;][et_pb_text _builder_version=&#8221;4.20.2&#8243; _module_preset=&#8221;default&#8221; text_font=&#8221;Neo Sans Pro Regular||||||||&#8221; text_text_color=&#8221;#FFFFFF&#8221; text_font_size=&#8221;46px&#8221; text_orientation=&#8221;center&#8221; custom_margin=&#8221;||-43px|||&#8221; custom_padding=&#8221;||0px|||&#8221; global_colors_info=&#8221;{}&#8221;]<\/p>\n<p><span style=\"color: #cdff00;\">30 pessoas<\/span> de todo o Brasil que mais reciclarem <span style=\"color: #cdff00;\">embalagens de a\u00e7o*<\/span> nas Retorna Machines, ganhar\u00e3o um <span style=\"color: #cdff00;\">super pr\u00eamio de p\u00e1scoa!<\/span><\/p>\n<p>&nbsp;<\/p>\n<p>[\/et_pb_text][\/et_pb_column][\/et_pb_row][et_pb_row _builder_version=&#8221;4.20.2&#8243; _module_preset=&#8221;default&#8221; global_colors_info=&#8221;{}&#8221;][et_pb_column type=&#8221;4_4&#8243; _builder_version=&#8221;4.20.2&#8243; _module_preset=&#8221;default&#8221; global_colors_info=&#8221;{}&#8221;][et_pb_text _builder_version=&#8221;4.20.2&#8243; _module_preset=&#8221;default&#8221; text_font=&#8221;Neo Sans Std Light Italic|300|on||||||&#8221; text_text_color=&#8221;#FFFFFF&#8221; text_font_size=&#8221;19px&#8221; text_orientation=&#8221;center&#8221; global_colors_info=&#8221;{}&#8221;]<\/p>\n<p>*Para participar, devem ser depositadas, no m\u00ednimo, 40 embalagens de a\u00e7o.<\/p>\n<p>[\/et_pb_text][\/et_pb_column][\/et_pb_row][et_pb_row _builder_version=&#8221;4.20.2&#8243; _module_preset=&#8221;default&#8221; global_colors_info=&#8221;{}&#8221;][et_pb_column type=&#8221;4_4&#8243; _builder_version=&#8221;4.20.2&#8243; _module_preset=&#8221;default&#8221; global_colors_info=&#8221;{}&#8221;][et_pb_image src=&#8221;https:\/\/triciclo.eco.br\/wp-content\/uploads\/2026\/03\/Lata-de-Pascoa_LP.png&#8221; title_text=&#8221;Lata de P\u00e1scoa_LP&#8221; align=&#8221;center&#8221; _builder_version=&#8221;4.20.2&#8243; _module_preset=&#8221;default&#8221; width=&#8221;51%&#8221; width_tablet=&#8221;51%&#8221; width_phone=&#8221;100%&#8221; width_last_edited=&#8221;on|phone&#8221; custom_padding=&#8221;|||74px||&#8221; custom_padding_tablet=&#8221;|||74px||&#8221; custom_padding_phone=&#8221;|||1px|false|false&#8221; custom_padding_last_edited=&#8221;on|phone&#8221; global_colors_info=&#8221;{}&#8221;][\/et_pb_image][\/et_pb_column][\/et_pb_row][et_pb_row _builder_version=&#8221;4.20.2&#8243; _module_preset=&#8221;default&#8221; global_colors_info=&#8221;{}&#8221;][et_pb_column type=&#8221;4_4&#8243; _builder_version=&#8221;4.20.2&#8243; _module_preset=&#8221;default&#8221; global_colors_info=&#8221;{}&#8221;][et_pb_text _builder_version=&#8221;4.20.2&#8243; _module_preset=&#8221;default&#8221; text_font=&#8221;Neo Sans Std Light Italic|300|on||||||&#8221; text_text_color=&#8221;#FFFFFF&#8221; text_font_size=&#8221;17px&#8221; text_orientation=&#8221;center&#8221; global_colors_info=&#8221;{}&#8221;]<\/p>\n<p>*Imagem meramente ilustrativa.<\/p>\n<p>[\/et_pb_text][\/et_pb_column][\/et_pb_row][\/et_pb_section][et_pb_section fb_built=&#8221;1&#8243; _builder_version=&#8221;4.20.2&#8243; _module_preset=&#8221;default&#8221; background_color=&#8221;#cdff00&#8243; global_colors_info=&#8221;{}&#8221;][et_pb_row _builder_version=&#8221;4.20.2&#8243; _module_preset=&#8221;default&#8221; global_colors_info=&#8221;{}&#8221;][et_pb_column type=&#8221;4_4&#8243; _builder_version=&#8221;4.20.2&#8243; _module_preset=&#8221;default&#8221; global_colors_info=&#8221;{}&#8221;][et_pb_text _builder_version=&#8221;4.20.2&#8243; _module_preset=&#8221;default&#8221; text_font=&#8221;Neo Sans Pro Regular||||||||&#8221; text_text_color=&#8221;#101d21&#8243; text_font_size=&#8221;23px&#8221; text_orientation=&#8221;center&#8221; global_colors_info=&#8221;{}&#8221;]<\/p>\n<p>LEIA O REGULAMENTO<\/p>\n<p>[\/et_pb_text][\/et_pb_column][\/et_pb_row][et_pb_row _builder_version=&#8221;4.20.2&#8243; _module_preset=&#8221;default&#8221; global_colors_info=&#8221;{}&#8221;][et_pb_column type=&#8221;4_4&#8243; _builder_version=&#8221;4.20.2&#8243; _module_preset=&#8221;default&#8221; global_colors_info=&#8221;{}&#8221;][et_pb_text _builder_version=&#8221;4.20.2&#8243; _module_preset=&#8221;default&#8221; text_font=&#8221;Neo Sans Pro Regular||||||||&#8221; text_text_color=&#8221;#101d21&#8243; text_line_height=&#8221;1.3em&#8221; custom_padding=&#8221;|28px||||&#8221; global_colors_info=&#8221;{}&#8221;]<\/p>\n<p><strong><span>REGULAMENTO<\/span><\/strong><\/p>\n<p><strong><span>CAMPANHA \u201cTOP RECICLADOR DE A\u00c7O\u201d<\/span><\/strong><\/p>\n<p><span>A campanha <strong>\u201cTOP Reciclador de A\u00e7o\u201d<\/strong>, realizada no per\u00edodo de <strong>13 de mar\u00e7o de 2026 a 13 de abril de 2026<\/strong>, desenvolvida pela Prolata Reciclagem em parceria com a Ambipar Triciclo, tem como objetivo incentivar o retorno adequado das embalagens p\u00f3s consumo por meio das <strong>Retorna Machines<\/strong>, especialmente as <strong>latas de a\u00e7o<\/strong>, al\u00e9m de engajar os consumidores em <strong>h\u00e1bitos mais sustent\u00e1veis e respons\u00e1veis com o meio ambiente<\/strong>.<\/span><\/p>\n<p><span>\u00a0<\/span><\/p>\n<p><strong><span>1 \u2013 ABRANG\u00caNCIA DA CAMPANHA<\/span><\/strong><\/p>\n<p><span>1.1. A campanha \u00e9 v\u00e1lida <strong>em todo o territ\u00f3rio nacional<\/strong>, em locais onde existam Retorna Machines eleg\u00edveis vinculados ao Sistema Triciclo de Fidelidade e Recompensas.<\/span><\/p>\n<p><span>1.2. A participa\u00e7\u00e3o nesta campanha implica na <strong>aceita\u00e7\u00e3o total e irrestrita de todos os termos e condi\u00e7\u00f5es deste regulamento<\/strong>.<\/span><\/p>\n<p><span>\u00a0<\/span><\/p>\n<p><strong><span>2 \u2013 DOS PARTICIPANTES<\/span><\/strong><\/p>\n<p><span>2.1. Poder\u00e3o participar da campanha pessoas f\u00edsicas, maiores de 18 anos, que possuam <strong>CPF v\u00e1lido e cadastro ativo no Sistema Triciclo de Fidelidade e Recompensas<\/strong>.<\/span><\/p>\n<p><span>2.2. A participa\u00e7\u00e3o \u00e9 <strong>limitada a 1 (um) CPF por participante<\/strong>.<\/span><\/p>\n<p><span>2.3. Para participar, o usu\u00e1rio dever\u00e1 estar devidamente cadastrado:<\/span><\/p>\n<ul>\n<li><span>no site oficial da Ambipar Triciclo; ou<\/span><\/li>\n<li><span>no aplicativo \u00a0 Ambipar Triciclo;<\/span><\/li>\n<\/ul>\n<p><span>2.4. O participante dever\u00e1 aceitar os termos de uso e a pol\u00edtica de privacidade do Sistema Triciclo.<\/span><\/p>\n<p><span>\u00a0<\/span><\/p>\n<p><strong><span>3 \u2013 MEC\u00c2NICA DA CAMPANHA<\/span><\/strong><\/p>\n<p><span>3.1. Para participar da campanha, o usu\u00e1rio dever\u00e1 realizar o <strong>descarte de embalagens de a\u00e7o nas Retorna Machines.<\/strong><\/span><\/p>\n<p><span>3.2. Para que a participa\u00e7\u00e3o seja considerada v\u00e1lida, o participante dever\u00e1 realizar o descarte m\u00ednimo de: <strong>40 (quarenta) embalagens de a\u00e7o durante o per\u00edodo da campanha.<\/strong><\/span><\/p>\n<p><span>3.3. Ser\u00e3o consideradas para efeito de pontua\u00e7\u00e3o <strong>apenas embalagens de a\u00e7o corretamente descartadas e registradas no sistema<\/strong>.<\/span><\/p>\n<p><span>\u00a0<\/span><\/p>\n<p><strong><span>4 \u2013 PREMIA\u00c7\u00c3O<\/span><\/strong><\/p>\n<p><span>4.1. Ao final da campanha, ser\u00e3o premiados os <strong>30 (trinta) usu\u00e1rios com maior volume de reciclagem de embalagens de a\u00e7o<\/strong>, devidamente registradas no Sistema Triciclo durante o per\u00edodo da campanha.<\/span><\/p>\n<p><span>4.2. A divulga\u00e7\u00e3o dos vencedores ser\u00e1 realizada por meio dos <strong>canais oficiais da Prolata Reciclagem e da Ambipar Triciclo<\/strong>, bem como por contato direto com os participantes contemplados.<\/span><\/p>\n<p><span>4.3. Os participantes vencedores ser\u00e3o comunicados por meio do <strong>e-mail cadastrado no Sistema Triciclo<\/strong>, informando que foram classificados entre os <strong>TOP Recicladores de A\u00e7o<\/strong>, bem como com as orienta\u00e7\u00f5es para recebimento do pr\u00eamio.<\/span><\/p>\n<p><span>4.4. A forma de entrega da premia\u00e7\u00e3o ocorrer\u00e1 conforme a localidade do participante vencedor:<\/span><\/p>\n<p><strong style=\"font-size: 14px;\">a) Ganhadores residentes na Cidade de S\u00e3o Paulo:<\/strong><\/p>\n<p><span>Ser\u00e3o convidados a comparecer ao escrit\u00f3rio da Ambipar, em data previamente informada, para a <strong>retirada do pr\u00eamio e registro da entrega junto ao time da Prolata<\/strong><\/span><\/p>\n<p><strong style=\"font-size: 14px;\">b) Ganhadores residentes fora do Estado de S\u00e3o Paulo:<\/strong><\/p>\n<p><span>Receber\u00e3o um <strong>voucher ou cart\u00e3o-presente<\/strong>, disponibilizado pelo time da Prolata Reciclagem, que poder\u00e1 ser utilizado para troca em lojas da marca correspondente ao pr\u00eamio.<\/span><\/p>\n<p><span>4.5. Os participantes contemplados dever\u00e3o seguir as orienta\u00e7\u00f5es enviadas por e-mail para valida\u00e7\u00e3o e recebimento da premia\u00e7\u00e3o dentro do prazo estabelecido pela organiza\u00e7\u00e3o da campanha.<\/span><\/p>\n<p><span>4.6. O participante contemplado dever\u00e1 responder ao contato realizado pela Ambipar Triciclo e Prolata, no prazo m\u00e1ximo de <strong>24 (vinte e quatro) horas<\/strong> ap\u00f3s o envio da comunica\u00e7\u00e3o oficial.<br \/>Caso n\u00e3o haja retorno dentro do prazo estabelecido, o participante poder\u00e1 ser desclassificado, sendo convocado o pr\u00f3ximo participante eleg\u00edvel conforme ranking da campanha.<\/span><\/p>\n<p><span>4.7. A realiza\u00e7\u00e3o da premia\u00e7\u00e3o est\u00e1 condicionada ao atingimento do volume m\u00ednimo de participa\u00e7\u00e3o estabelecido pela organiza\u00e7\u00e3o da campanha. Caso o volume m\u00ednimo n\u00e3o seja atingido, as empresas promotoras poder\u00e3o revisar a quantidade de participantes contemplados ou cancelar a premia\u00e7\u00e3o.<\/span><\/p>\n<p><span>\u00a0<\/span><\/p>\n<p><strong><span>5 \u2013 UTILIZA\u00c7\u00c3O E DISPONIBILIZA\u00c7\u00c3O DE INFORMA\u00c7\u00d5ES A PARCEIROS<\/span><\/strong><\/p>\n<p><span>5.1 \u2013 Utiliza\u00e7\u00e3o de Informa\u00e7\u00f5es: Al\u00e9m dos m\u00e9todos informados em sua Pol\u00edtica de Privacidade, a Ambipar Triciclo poder\u00e1 utilizar as informa\u00e7\u00f5es fornecidas quando do cadastro do Participante, ou aquelas obtidas a partir de pesquisas realizadas pela Triciclo junto aos Participantes, e coletadas em raz\u00e3o da utiliza\u00e7\u00e3o do Sistema Triciclo de Fidelidade e Recompensas, de acordo com as seguintes regras, e em conson\u00e2ncia com a <strong>Lei n\u00ba 13.709\/18 (\u201cLei Geral de Prote\u00e7\u00e3o de Dados Pessoais \u2013 LGPD\u201d)<\/strong>:<\/span><\/p>\n<p><span>a) As informa\u00e7\u00f5es de contato fornecidas pelo Participante poder\u00e3o ser utilizadas para a divulga\u00e7\u00e3o de op\u00e7\u00f5es de resgate e utiliza\u00e7\u00e3o dos Pontos Triciclos acumulados, bem como para o envio de publicidade sobre os servi\u00e7os da Triciclo, seus parceiros e anunciantes, <strong>desde que com pr\u00e9via anu\u00eancia do participante<\/strong>.<\/span><\/p>\n<p><span>b) Poder\u00e3o ser compartilhadas as informa\u00e7\u00f5es coletadas pela Triciclo com seus parceiros, para fins de <strong>identifica\u00e7\u00e3o de respons\u00e1veis pela acumula\u00e7\u00e3o ou utiliza\u00e7\u00e3o indevida dos Pontos Triciclo<\/strong>, em caso de suspeita de fraude ou do cometimento de il\u00edcitos.<\/span><\/p>\n<p><span>c) As informa\u00e7\u00f5es tamb\u00e9m poder\u00e3o ser utilizadas para <strong>regular a disponibiliza\u00e7\u00e3o de op\u00e7\u00f5es de resgate e ac\u00famulo de Pontos Triciclo<\/strong>, bem como para a <strong>personaliza\u00e7\u00e3o do atendimento ao participante<\/strong>.<\/span><\/p>\n<p><span>5.2 Ao participar da campanha, o participante autoriza expressamente a Ambipar Triciclo e a Prolata Reciclagem a divulgar seu nome, cidade e informa\u00e7\u00f5es relacionadas \u00e0 sua participa\u00e7\u00e3o, caso seja contemplado, para fins de divulga\u00e7\u00e3o dos resultados da campanha em canais institucionais, redes sociais, sites, relat\u00f3rios ou outros meios de comunica\u00e7\u00e3o.<\/span><\/p>\n<p><span>\u00a0<\/span><\/p>\n<p><strong><span>6 \u2013 DISPOSI\u00c7\u00d5ES GERAIS<\/span><\/strong><\/p>\n<p><span>6.1. Ser\u00e3o desconsiderados descartes que n\u00e3o atendam aos crit\u00e9rios de valida\u00e7\u00e3o do sistema ou que apresentem ind\u00edcios de fraude. Incluindo, mas n\u00e3o se limitando a manipula\u00e7\u00e3o de equipamentos, inser\u00e7\u00f5es indevidas ou utiliza\u00e7\u00e3o de meios artificiais para gera\u00e7\u00e3o de registros.<\/span><\/p>\n<p><span>\u00a0<\/span><\/p>\n<p><span>6.2. As empresas poder\u00e3o, a qualquer momento, <strong>verificar a autenticidade das participa\u00e7\u00f5es<\/strong> e desclassificar participantes que descumprirem as regras deste regulamento.<\/span><\/p>\n<p><span>6.3. As empresas promotoras reservam-se o direito de <strong>alterar, suspender ou cancelar a campanha<\/strong>, mediante comunica\u00e7\u00e3o pr\u00e9via em seus canais oficiais, caso ocorram situa\u00e7\u00f5es que comprometam sua realiza\u00e7\u00e3o.<\/span><\/p>\n<p><span>6.4. Eventuais d\u00favidas ou situa\u00e7\u00f5es n\u00e3o previstas neste regulamento ser\u00e3o avaliadas e decididas pelas empresas promotoras.<\/span><\/p>\n<p><span>6.5. \u00c9 de responsabilidade do participante manter seus dados cadastrais atualizados no Sistema Triciclo de Fidelidade e Recompensas, especialmente e-mail e telefone para contato, utilizados para comunica\u00e7\u00e3o oficial da campanha e eventual confirma\u00e7\u00e3o de premia\u00e7\u00e3o.<\/span><\/p>\n<p><span>\u00a0<\/span><\/p>\n<p><strong><span>7 \u2013 AUTORIZA\u00c7\u00c3O DE USO DE IMAGEM E VOZ<\/span><\/strong><\/p>\n<p><span>7.1. Os participantes contemplados na campanha <strong>\u201cTOP Reciclador de A\u00e7o\u201d<\/strong> autorizam, de forma gratuita, a utiliza\u00e7\u00e3o de sua imagem, voz e nome pelas empresas organizadoras da campanha, a Prolata Reciclagem e Ambipar Triciclo.<\/span><\/p>\n<p><span>7.2. A autoriza\u00e7\u00e3o prevista neste regulamento poder\u00e1 ser utilizada para fins de <strong>divulga\u00e7\u00e3o institucional, promocional e publicit\u00e1ria da campanha<\/strong>, incluindo, mas n\u00e3o se limitando a:<\/span><\/p>\n<ul>\n<li><span>redes sociais<\/span><\/li>\n<li><span>sites institucionais<\/span><\/li>\n<li><span>materiais publicit\u00e1rios<\/span><\/li>\n<li><span>relat\u00f3rios e apresenta\u00e7\u00f5es institucionais<\/span><\/li>\n<\/ul>\n<p><span>7.3. A utiliza\u00e7\u00e3o da imagem poder\u00e1 ocorrer por meio de <strong>fotografias, v\u00eddeos ou outros registros realizados durante a entrega dos pr\u00eamios ou a\u00e7\u00f5es relacionadas \u00e0 campanha<\/strong>.<\/span><\/p>\n<p><span>7.4. A autoriza\u00e7\u00e3o \u00e9 concedida <strong>sem qualquer \u00f4nus ou pagamento adicional<\/strong>, pelo per\u00edodo necess\u00e1rio para divulga\u00e7\u00e3o da campanha e de seus resultados.<\/span><\/p>\n<p><span>7.5. Caso o participante n\u00e3o concorde com a utiliza\u00e7\u00e3o de sua imagem, dever\u00e1 manifestar formalmente sua decis\u00e3o \u00e0s empresas organizadoras, ficando ciente de que poder\u00e1 haver <strong>restri\u00e7\u00f5es quanto \u00e0 participa\u00e7\u00e3o em registros p\u00fablicos da campanha<\/strong>.<\/span><\/p>\n<p>[\/et_pb_text][\/et_pb_column][\/et_pb_row][\/et_pb_section]<\/p>\n","protected":false},"excerpt":{"rendered":"<p>TOPrecicladores deA\u00c7ODURANTE\u00a0 O PER\u00cdODO13\/03 a 13\/0430 pessoas de todo o Brasil que mais reciclarem embalagens de a\u00e7o* nas Retorna Machines, ganhar\u00e3o um super pr\u00eamio de p\u00e1scoa! &nbsp;*Para participar, devem ser depositadas, no m\u00ednimo, 40 embalagens de a\u00e7o.*Imagem meramente ilustrativa.LEIA O REGULAMENTOREGULAMENTO CAMPANHA \u201cTOP RECICLADOR DE A\u00c7O\u201d A campanha \u201cTOP Reciclador de A\u00e7o\u201d, realizada no per\u00edodo [&hellip;]<\/p>\n","protected":false},"author":2,"featured_media":0,"parent":0,"menu_order":0,"comment_status":"closed","ping_status":"closed","template":"","meta":{"_et_pb_use_builder":"on","_et_pb_old_content":"","_et_gb_content_width":"","footnotes":""},"class_list":["post-232856","page","type-page","status-publish","hentry"],"aioseo_notices":[],"jetpack_sharing_enabled":true,"_links":{"self":[{"href":"https:\/\/triciclo.eco.br\/es\/wp-json\/wp\/v2\/pages\/232856","targetHints":{"allow":["GET"]}}],"collection":[{"href":"https:\/\/triciclo.eco.br\/es\/wp-json\/wp\/v2\/pages"}],"about":[{"href":"https:\/\/triciclo.eco.br\/es\/wp-json\/wp\/v2\/types\/page"}],"author":[{"embeddable":true,"href":"https:\/\/triciclo.eco.br\/es\/wp-json\/wp\/v2\/users\/2"}],"replies":[{"embeddable":true,"href":"https:\/\/triciclo.eco.br\/es\/wp-json\/wp\/v2\/comments?post=232856"}],"version-history":[{"count":41,"href":"https:\/\/triciclo.eco.br\/es\/wp-json\/wp\/v2\/pages\/232856\/revisions"}],"predecessor-version":[{"id":232918,"href":"https:\/\/triciclo.eco.br\/es\/wp-json\/wp\/v2\/pages\/232856\/revisions\/232918"}],"wp:attachment":[{"href":"https:\/\/triciclo.eco.br\/es\/wp-json\/wp\/v2\/media?parent=232856"}],"curies":[{"name":"wp","href":"https:\/\/api.w.org\/{rel}","templated":true}]}}